{"id":279896,"date":"2014-04-11T09:44:10","date_gmt":"2014-04-11T07:44:10","guid":{"rendered":"https:\/\/www.eunews.it\/home\/"},"modified":"2025-05-05T10:39:18","modified_gmt":"2025-05-05T08:39:18","slug":"home","status":"publish","type":"page","link":"https:\/\/www.eunews.it\/en\/home\/","title":{"rendered":"Home"},"content":{"rendered":"<div class=\"wpb-content-wrapper\"><p>[vc_row][vc_column width=&#8221;2\/3&#8243;]<div  class=\"jeg_postblock_16 jeg_postblock jeg_module_hook jeg_pagination_disable jeg_col_3o3 jnews_module__0_69ef94535733f   \" data-unique=\"jnews_module__0_69ef94535733f\">\n\t\t\t\t\t\n\t\t\t\t\t<div class=\"jeg_block_container\">\n                    \n                    <div class=\"jeg_posts_wrap\">\n                    <div class=\"jeg_postbig\">\n                        <article class=\"jeg_post jeg_pl_lg_5 format-standard\">\n                            <div class=\"jeg_thumb\">\n                    \n                    <a href=\"https:\/\/www.eunews.it\/en\/2024\/12\/17\/eu-in-the-world-leaders-summit-seeks-europes-place-on-the-international-chessboard\/\" aria-label=\"Read article: &#8216;EU in the world,&#8217; leaders&#8217; summit seeks Europe&#8217;s place on the international chessboard\"><div class=\"thumbnail-container  size-500 \"><img decoding=\"async\" width=\"800\" height=\"568\" src=\"https:\/\/www.eunews.it\/wp-content\/uploads\/2014\/02\/agenda.jpg\" class=\"attachment-jnews-1140x570 size-jnews-1140x570 wp-post-image\" alt=\"\" srcset=\"https:\/\/www.eunews.it\/wp-content\/uploads\/2014\/02\/agenda.jpg 800w, https:\/\/www.eunews.it\/wp-content\/uploads\/2014\/02\/agenda-300x213.jpg 300w\" sizes=\"(max-width: 800px) 100vw, 800px\" \/><\/div><\/a>\n                    <div class=\"jeg_post_category\">\n                        <span><a href=\"https:\/\/www.eunews.it\/en\/world-politics\/\" class=\"category-world-politics\">World politics<\/a><\/span>\n                    <\/div>\n                <\/div>\n                <div class=\"jeg_postblock_content\">\n                    <h3 class=\"jeg_post_title\">\n                        <a href=\"https:\/\/www.eunews.it\/en\/2024\/12\/17\/eu-in-the-world-leaders-summit-seeks-europes-place-on-the-international-chessboard\/\">&#8216;EU in the world,&#8217; leaders&#8217; summit seeks Europe&#8217;s place on the international chessboard<\/a>\n                    <\/h3>\n                    <div class=\"jeg_post_meta\"><div class=\"jeg_meta_author\"><span class=\"by\">by<\/span> <a href=\"https:\/\/www.eunews.it\/en\/author\/emanuele-bonini\/\">Emanuele Bonini<\/a> <a class=\"social twitter\" href=\"https:\/\/twitter.com\/emanuelebonini\" target=\"_blank\" rel=\"noopener\">emanuelebonini<\/a><\/a><\/div><div class=\"jeg_meta_date\"><a href=\"https:\/\/www.eunews.it\/en\/2024\/12\/17\/eu-in-the-world-leaders-summit-seeks-europes-place-on-the-international-chessboard\/\"><i class=\"fa fa-clock-o\"><\/i> 17 December 2024<\/a><\/div><\/div>\n                    <div class=\"jeg_post_excerpt\">\n                        <p>The heads of state and government, engaged in a summit focused only on foreign policy, begin reasoning on repositioning within a changed global context, aiming to govern it and take a leading role<\/p>\n                        <a href=\"https:\/\/www.eunews.it\/en\/2024\/12\/17\/eu-in-the-world-leaders-summit-seeks-europes-place-on-the-international-chessboard\/\" class=\"jeg_readmore\">Read more<span class=\"screen-reader-text\">Details<\/span><\/a>\n                    <\/div>\n                <\/div>\n                        <\/article>\n                    <\/div>\n                    <div class=\"jeg_posts jeg_load_more_flag\">\n                        \n                    <\/div>\n                <\/div>\n                    <div class='module-overlay'>\n\t\t\t\t    <div class='preloader_type preloader_dot'>\n\t\t\t\t        <div class=\"module-preloader jeg_preloader dot\">\n\t\t\t\t            <span><\/span><span><\/span><span><\/span>\n\t\t\t\t        <\/div>\n\t\t\t\t        <div class=\"module-preloader jeg_preloader circle\">\n\t\t\t\t            <div class=\"jnews_preloader_circle_outer\">\n\t\t\t\t                <div class=\"jnews_preloader_circle_inner\"><\/div>\n\t\t\t\t            <\/div>\n\t\t\t\t        <\/div>\n\t\t\t\t        <div class=\"module-preloader jeg_preloader square\">\n\t\t\t\t            <div class=\"jeg_square\">\n\t\t\t\t                <div class=\"jeg_square_inner\"><\/div>\n\t\t\t\t            <\/div>\n\t\t\t\t        <\/div>\n\t\t\t\t    <\/div>\n\t\t\t\t<\/div>\n                <\/div>\n                <div class=\"jeg_block_navigation\">\n                    <div class='navigation_overlay'><div class='module-preloader jeg_preloader'><span><\/span><span><\/span><span><\/span><\/div><\/div>\n                    \n                    \n                <\/div>\n\t\t\t\t\t\n\t\t\t\t\t<script>var jnews_module__0_69ef94535733f = {\"header_icon\":\"\",\"first_title\":\"\",\"second_title\":\"\",\"url\":\"\",\"header_type\":\"heading_5\",\"header_background\":\"\",\"header_secondary_background\":\"\",\"header_text_color\":\"\",\"header_line_color\":\"\",\"header_accent_color\":\"\",\"header_filter_category\":\"\",\"header_filter_author\":\"\",\"header_filter_tag\":\"\",\"header_filter_cpt_categorie_true\":\"\",\"header_filter_cpt_categorie_eventi\":\"\",\"header_filter_cpt_post_tag\":\"\",\"header_filter_cpt_series\":\"\",\"header_filter_text\":\"All\",\"sticky_post\":false,\"sticky_post_filter\":false,\"post_type\":\"post\",\"content_type\":\"all\",\"sponsor\":\"\",\"number_post\":\"1\",\"post_offset\":\"0\",\"unique_content\":\"unique1\",\"include_post\":\"\",\"included_only\":\"\",\"exclude_post\":\"\",\"include_category\":\"25726\",\"exclude_category\":\"\",\"include_author\":\"\",\"include_tag\":\"\",\"exclude_tag\":\"\",\"exclude_visited_post\":false,\"categorie_true\":\"\",\"categorie_eventi\":\"\",\"post_tag\":\"\",\"series\":\"\",\"sort_by\":\"most_comment\",\"date_format\":\"default\",\"date_format_custom\":\"Y\\\/m\\\/d\",\"excerpt_length\":\"46\",\"excerpt_ellipsis\":\"...\",\"force_normal_image_load\":\"\",\"main_custom_image_size\":\"default\",\"pagination_mode\":\"disable\",\"pagination_nextprev_showtext\":\"\",\"pagination_number_post\":4,\"pagination_scroll_limit\":0,\"boxed\":\"\",\"boxed_shadow\":\"\",\"el_id\":\"\",\"el_class\":\"\",\"scheme\":\"\",\"column_width\":\"auto\",\"title_color\":\"\",\"accent_color\":\"\",\"alt_color\":\"\",\"excerpt_color\":\"\",\"css\":\"\",\"compatible_column_notice\":\"\",\"paged\":1,\"column_class\":\"jeg_col_3o3\",\"class\":\"jnews_block_16\"};<\/script>\n\t\t\t\t<\/div><div  class=\"jeg_postblock_27 jeg_postblock_blog_2 jeg_postblock jeg_module_hook jeg_pagination_disable jeg_col_3o3 jnews_module__1_69ef945360b36   \" data-unique=\"jnews_module__1_69ef945360b36\">\n                    \n                    <div class=\"jeg_block_container\">\n                    \n                    <div class=\"jeg_posts jeg_load_more_flag\"><article class=\"jeg_post jeg_pl_md_4 format-standard\">\n                    <div class=\"jeg_thumb\">\n                        \n                        <a href=\"https:\/\/www.eunews.it\/en\/2024\/12\/18\/eu-wants-western-balkans-aligned-on-returns-and-immigration-pact\/\" aria-label=\"Read article: EU wants Western Balkans aligned on returns and immigration pact\"><div class=\"thumbnail-container  size-715 \"><img decoding=\"async\" width=\"350\" height=\"250\" src=\"https:\/\/www.eunews.it\/wp-content\/uploads\/2024\/12\/Imagoeconomica_2229564-350x250.jpg\" class=\"attachment-jnews-350x250 size-jnews-350x250 wp-post-image\" alt=\"PORTO ATTRACCATA LA NAVE SOS HUMANITY 1  CON CIRCA 290 MIGRANTI SOCCORSI NEL MAR MEDITERRANEO CENTRALE IN TRE OPERAZIONI DI SALVATAGGIO MIGRANTE   MIGRANTI\" srcset=\"https:\/\/www.eunews.it\/wp-content\/uploads\/2024\/12\/Imagoeconomica_2229564-350x250.jpg 350w, https:\/\/www.eunews.it\/wp-content\/uploads\/2024\/12\/Imagoeconomica_2229564-120x86.jpg 120w, https:\/\/www.eunews.it\/wp-content\/uploads\/2024\/12\/Imagoeconomica_2229564-750x536.jpg 750w, https:\/\/www.eunews.it\/wp-content\/uploads\/2024\/12\/Imagoeconomica_2229564-1140x815.jpg 1140w\" sizes=\"(max-width: 350px) 100vw, 350px\" \/><\/div><\/a>\n                    <\/div>\n                    <div class=\"jeg_postblock_content\">\n                        <div class=\"jeg_post_category\">\n                            <span><a href=\"https:\/\/www.eunews.it\/en\/world-politics\/\">World politics<\/a><\/span>\n                        <\/div>\n                        <h3 class=\"jeg_post_title\"><a href=\"https:\/\/www.eunews.it\/en\/2024\/12\/18\/eu-wants-western-balkans-aligned-on-returns-and-immigration-pact\/\">EU wants Western Balkans aligned on returns and immigration pact<\/a><\/h3>\n                        <div class=\"jeg_post_meta\">\n                            \n                            <div class=\"jeg_meta_date\"><i class=\"fa fa-clock-o\"><\/i> 18 December 2024<\/div>\n                        <\/div>\n                        <div class=\"jeg_post_excerpt\">\n                            <p>The request made at the summit with leaders of countries in the region, who make commitment. Reiterates pledge of gradual...<\/p>\n                        <\/div>\n                    <\/div>\n                <\/article><article class=\"jeg_post jeg_pl_md_4 format-standard\">\n                    <div class=\"jeg_thumb\">\n                        \n                        <a href=\"https:\/\/www.eunews.it\/en\/2024\/12\/19\/climate-and-military-aggression-leaders-want-an-eu-ready-to-manage-crises\/\" aria-label=\"Read article: Climate and military aggression: leaders want an EU ready to manage crises\"><div class=\"thumbnail-container  size-715 \"><img decoding=\"async\" width=\"350\" height=\"250\" src=\"https:\/\/www.eunews.it\/wp-content\/uploads\/2024\/12\/Imagoeconomica_2128322-350x250.jpg\" class=\"attachment-jnews-350x250 size-jnews-350x250 wp-post-image\" alt=\"RISCALDAMENTO GLOBALE CAMBIAMENTO CLIMATICO GLOBAL WARMING SICCITA&#039; GENERATE AI IA\" srcset=\"https:\/\/www.eunews.it\/wp-content\/uploads\/2024\/12\/Imagoeconomica_2128322-350x250.jpg 350w, https:\/\/www.eunews.it\/wp-content\/uploads\/2024\/12\/Imagoeconomica_2128322-120x86.jpg 120w, https:\/\/www.eunews.it\/wp-content\/uploads\/2024\/12\/Imagoeconomica_2128322-750x536.jpg 750w, https:\/\/www.eunews.it\/wp-content\/uploads\/2024\/12\/Imagoeconomica_2128322-1140x815.jpg 1140w\" sizes=\"(max-width: 350px) 100vw, 350px\" \/><\/div><\/a>\n                    <\/div>\n                    <div class=\"jeg_postblock_content\">\n                        <div class=\"jeg_post_category\">\n                            <span><a href=\"https:\/\/www.eunews.it\/en\/politics\/\">Politics<\/a><\/span>\n                        <\/div>\n                        <h3 class=\"jeg_post_title\"><a href=\"https:\/\/www.eunews.it\/en\/2024\/12\/19\/climate-and-military-aggression-leaders-want-an-eu-ready-to-manage-crises\/\">Climate and military aggression: leaders want an EU ready to manage crises<\/a><\/h3>\n                        <div class=\"jeg_post_meta\">\n                            \n                            <div class=\"jeg_meta_date\"><i class=\"fa fa-clock-o\"><\/i> 19 December 2024<\/div>\n                        <\/div>\n                        <div class=\"jeg_post_excerpt\">\n                            <p>Policy guidance for ministers and EU institutions is to strategically manage new threats in an uncertain and unstable world. Civil-military...<\/p>\n                        <\/div>\n                    <\/div>\n                <\/article><article class=\"jeg_post jeg_pl_md_4 format-standard\">\n                    <div class=\"jeg_thumb\">\n                        \n                        <a href=\"https:\/\/www.eunews.it\/en\/2024\/12\/20\/social-leasing-eu-ready-to-fund-pilot-projects-for-low-income-households\/\" aria-label=\"Read article: Social leasing: EU ready to fund pilot projects for low-income households\"><div class=\"thumbnail-container  size-715 \"><img decoding=\"async\" width=\"350\" height=\"197\" src=\"https:\/\/www.eunews.it\/wp-content\/uploads\/2021\/02\/banche-prestiti.jpeg\" class=\"attachment-jnews-350x250 size-jnews-350x250 wp-post-image\" alt=\"\" srcset=\"https:\/\/www.eunews.it\/wp-content\/uploads\/2021\/02\/banche-prestiti.jpeg 1280w, https:\/\/www.eunews.it\/wp-content\/uploads\/2021\/02\/banche-prestiti-300x169.jpeg 300w, https:\/\/www.eunews.it\/wp-content\/uploads\/2021\/02\/banche-prestiti-1024x576.jpeg 1024w, https:\/\/www.eunews.it\/wp-content\/uploads\/2021\/02\/banche-prestiti-768x432.jpeg 768w\" sizes=\"(max-width: 350px) 100vw, 350px\" \/><\/div><\/a>\n                    <\/div>\n                    <div class=\"jeg_postblock_content\">\n                        <div class=\"jeg_post_category\">\n                            <span><a href=\"https:\/\/www.eunews.it\/en\/business\/\">Business<\/a><\/span>\n                        <\/div>\n                        <h3 class=\"jeg_post_title\"><a href=\"https:\/\/www.eunews.it\/en\/2024\/12\/20\/social-leasing-eu-ready-to-fund-pilot-projects-for-low-income-households\/\">Social leasing: EU ready to fund pilot projects for low-income households<\/a><\/h3>\n                        <div class=\"jeg_post_meta\">\n                            \n                            <div class=\"jeg_meta_date\"><i class=\"fa fa-clock-o\"><\/i> 20 December 2024<\/div>\n                        <\/div>\n                        <div class=\"jeg_post_excerpt\">\n                            <p>Minzatu: \"The tool can become innovative, but the model is relatively new and we are not thinking about guidelines for...<\/p>\n                        <\/div>\n                    <\/div>\n                <\/article><article class=\"jeg_post jeg_pl_md_4 format-standard\">\n                    <div class=\"jeg_thumb\">\n                        \n                        <a href=\"https:\/\/www.eunews.it\/en\/2024\/12\/27\/eu-commission-stays-the-course-review-of-the-rules-on-conventional-engines-in-2026\/\" aria-label=\"Read article: EU Commission stays the course: &#8220;Review of the rules on conventional engines in 2026&#8221;\"><div class=\"thumbnail-container  size-715 \"><img decoding=\"async\" width=\"350\" height=\"221\" src=\"https:\/\/www.eunews.it\/wp-content\/uploads\/2021\/06\/vdl-auto.jpg\" class=\"attachment-jnews-350x250 size-jnews-350x250 wp-post-image\" alt=\"La presidente della Commissione europea, Ursula von der Leyen\" srcset=\"https:\/\/www.eunews.it\/wp-content\/uploads\/2021\/06\/vdl-auto.jpg 640w, https:\/\/www.eunews.it\/wp-content\/uploads\/2021\/06\/vdl-auto-300x190.jpg 300w\" sizes=\"(max-width: 350px) 100vw, 350px\" \/><\/div><\/a>\n                    <\/div>\n                    <div class=\"jeg_postblock_content\">\n                        <div class=\"jeg_post_category\">\n                            <span><a href=\"https:\/\/www.eunews.it\/en\/politics\/\">Politics<\/a><\/span>\n                        <\/div>\n                        <h3 class=\"jeg_post_title\"><a href=\"https:\/\/www.eunews.it\/en\/2024\/12\/27\/eu-commission-stays-the-course-review-of-the-rules-on-conventional-engines-in-2026\/\">EU Commission stays the course: &#8220;Review of the rules on conventional engines in 2026&#8221;<\/a><\/h3>\n                        <div class=\"jeg_post_meta\">\n                            \n                            <div class=\"jeg_meta_date\"><i class=\"fa fa-clock-o\"><\/i> 27 December 2024<\/div>\n                        <\/div>\n                        <div class=\"jeg_post_excerpt\">\n                            <p>Executive Vice President Minzatu: \"Regulation provides certainty for the sector. Progress report in 2025.\"<\/p>\n                        <\/div>\n                    <\/div>\n                <\/article><article class=\"jeg_post jeg_pl_md_4 format-standard\">\n                    <div class=\"jeg_thumb\">\n                        \n                        <a href=\"https:\/\/www.eunews.it\/en\/2024\/12\/27\/journalist-cecilia-sala-in-detention-in-iran-the-foreign-ministry-we-are-working-on-it\/\" aria-label=\"Read article: Journalist Cecilia Sala in detention in Iran. The Foreign Ministry: &#8220;We are working on it&#8221;\"><div class=\"thumbnail-container  size-715 \"><img decoding=\"async\" width=\"350\" height=\"250\" src=\"https:\/\/www.eunews.it\/wp-content\/uploads\/2024\/12\/cecilia-sala-350x250.jpg\" class=\"attachment-jnews-350x250 size-jnews-350x250 wp-post-image\" alt=\"Cecilia Sala\" srcset=\"https:\/\/www.eunews.it\/wp-content\/uploads\/2024\/12\/cecilia-sala-350x250.jpg 350w, https:\/\/www.eunews.it\/wp-content\/uploads\/2024\/12\/cecilia-sala-120x86.jpg 120w, https:\/\/www.eunews.it\/wp-content\/uploads\/2024\/12\/cecilia-sala-750x536.jpg 750w, https:\/\/www.eunews.it\/wp-content\/uploads\/2024\/12\/cecilia-sala-1140x815.jpg 1140w\" sizes=\"(max-width: 350px) 100vw, 350px\" \/><\/div><\/a>\n                    <\/div>\n                    <div class=\"jeg_postblock_content\">\n                        <div class=\"jeg_post_category\">\n                            <span><a href=\"https:\/\/www.eunews.it\/en\/general-news\/\">General News<\/a><\/span>\n                        <\/div>\n                        <h3 class=\"jeg_post_title\"><a href=\"https:\/\/www.eunews.it\/en\/2024\/12\/27\/journalist-cecilia-sala-in-detention-in-iran-the-foreign-ministry-we-are-working-on-it\/\">Journalist Cecilia Sala in detention in Iran. The Foreign Ministry: &#8220;We are working on it&#8221;<\/a><\/h3>\n                        <div class=\"jeg_post_meta\">\n                            \n                            <div class=\"jeg_meta_date\"><i class=\"fa fa-clock-o\"><\/i> 27 December 2024<\/div>\n                        <\/div>\n                        <div class=\"jeg_post_excerpt\">\n                            <p>Foreign Ministry in constant contact with authorities in Tehran. The reporter was in the Islamic Republic for work on a...<\/p>\n                        <\/div>\n                    <\/div>\n                <\/article><article class=\"jeg_post jeg_pl_md_4 format-standard\">\n                    <div class=\"jeg_thumb\">\n                        \n                        <a href=\"https:\/\/www.eunews.it\/en\/2024\/12\/30\/georgia-kavelashvili-takes-office-as-president-zourabichvili-leaves-but-labels-him-illegitimate\/\" aria-label=\"Read article: Georgia: Kavelashvili takes office as president, Zourabichvili leaves but labels him illegitimate\"><div class=\"thumbnail-container  size-715 \"><img decoding=\"async\" width=\"350\" height=\"250\" src=\"https:\/\/www.eunews.it\/wp-content\/uploads\/2024\/12\/000_36RP63Z-350x250.jpg\" class=\"attachment-jnews-350x250 size-jnews-350x250 wp-post-image\" alt=\"Mikheil Kavelashvili\" srcset=\"https:\/\/www.eunews.it\/wp-content\/uploads\/2024\/12\/000_36RP63Z-350x250.jpg 350w, https:\/\/www.eunews.it\/wp-content\/uploads\/2024\/12\/000_36RP63Z-120x86.jpg 120w, https:\/\/www.eunews.it\/wp-content\/uploads\/2024\/12\/000_36RP63Z-750x536.jpg 750w, https:\/\/www.eunews.it\/wp-content\/uploads\/2024\/12\/000_36RP63Z-1140x815.jpg 1140w\" sizes=\"(max-width: 350px) 100vw, 350px\" \/><\/div><\/a>\n                    <\/div>\n                    <div class=\"jeg_postblock_content\">\n                        <div class=\"jeg_post_category\">\n                            <span><a href=\"https:\/\/www.eunews.it\/en\/world-politics\/\">World politics<\/a><\/span>\n                        <\/div>\n                        <h3 class=\"jeg_post_title\"><a href=\"https:\/\/www.eunews.it\/en\/2024\/12\/30\/georgia-kavelashvili-takes-office-as-president-zourabichvili-leaves-but-labels-him-illegitimate\/\">Georgia: Kavelashvili takes office as president, Zourabichvili leaves but labels him illegitimate<\/a><\/h3>\n                        <div class=\"jeg_post_meta\">\n                            \n                            <div class=\"jeg_meta_date\"><i class=\"fa fa-clock-o\"><\/i> 30 December 2024<\/div>\n                        <\/div>\n                        <div class=\"jeg_post_excerpt\">\n                            <p>On Sunday, December 29, the term of President Salom\u00e9 Zourabichvili, head of state since 2018, officially ended, and her successor,...<\/p>\n                        <\/div>\n                    <\/div>\n                <\/article><\/div>\n                    <div class='module-overlay'>\n\t\t\t\t    <div class='preloader_type preloader_dot'>\n\t\t\t\t        <div class=\"module-preloader jeg_preloader dot\">\n\t\t\t\t            <span><\/span><span><\/span><span><\/span>\n\t\t\t\t        <\/div>\n\t\t\t\t        <div class=\"module-preloader jeg_preloader circle\">\n\t\t\t\t            <div class=\"jnews_preloader_circle_outer\">\n\t\t\t\t                <div class=\"jnews_preloader_circle_inner\"><\/div>\n\t\t\t\t            <\/div>\n\t\t\t\t        <\/div>\n\t\t\t\t        <div class=\"module-preloader jeg_preloader square\">\n\t\t\t\t            <div class=\"jeg_square\">\n\t\t\t\t                <div class=\"jeg_square_inner\"><\/div>\n\t\t\t\t            <\/div>\n\t\t\t\t        <\/div>\n\t\t\t\t    <\/div>\n\t\t\t\t<\/div>\n                <\/div>\n                <div class=\"jeg_block_navigation\">\n                    <div class='navigation_overlay'><div class='module-preloader jeg_preloader'><span><\/span><span><\/span><span><\/span><\/div><\/div>\n                    \n                    \n                <\/div>\n                    \n                    <script>var jnews_module__1_69ef945360b36 = {\"header_icon\":\"\",\"first_title\":\"\",\"second_title\":\"\",\"url\":\"\",\"header_type\":\"heading_6\",\"header_background\":\"\",\"header_secondary_background\":\"\",\"header_text_color\":\"\",\"header_line_color\":\"\",\"header_accent_color\":\"\",\"header_filter_category\":\"\",\"header_filter_author\":\"\",\"header_filter_tag\":\"\",\"header_filter_cpt_categorie_true\":\"\",\"header_filter_cpt_categorie_eventi\":\"\",\"header_filter_cpt_post_tag\":\"\",\"header_filter_cpt_series\":\"\",\"header_filter_text\":\"All\",\"sticky_post\":false,\"sticky_post_filter\":false,\"post_type\":\"post\",\"content_type\":\"all\",\"sponsor\":\"\",\"number_post\":\"6\",\"post_offset\":\"0\",\"unique_content\":\"unique1\",\"include_post\":\"\",\"included_only\":\"\",\"exclude_post\":\"414792\",\"include_category\":\"25726\",\"exclude_category\":\"\",\"include_author\":\"\",\"include_tag\":\"\",\"exclude_tag\":\"\",\"exclude_visited_post\":false,\"categorie_true\":\"\",\"categorie_eventi\":\"\",\"post_tag\":\"\",\"series\":\"\",\"sort_by\":\"most_comment\",\"date_format\":\"default\",\"date_format_custom\":\"Y\\\/m\\\/d\",\"excerpt_length\":\"20\",\"excerpt_ellipsis\":\"...\",\"force_normal_image_load\":\"\",\"main_custom_image_size\":\"default\",\"pagination_mode\":\"disable\",\"pagination_nextprev_showtext\":\"\",\"pagination_number_post\":6,\"pagination_scroll_limit\":0,\"boxed\":\"\",\"boxed_shadow\":\"\",\"el_id\":\"\",\"el_class\":\"\",\"scheme\":\"\",\"column_width\":\"auto\",\"title_color\":\"\",\"accent_color\":\"\",\"alt_color\":\"\",\"excerpt_color\":\"\",\"css\":\"\",\"compatible_column_notice\":\"\",\"paged\":1,\"column_class\":\"jeg_col_3o3\",\"class\":\"jnews_block_27\"};<\/script>\n                <\/div>[vc_separator color=&#8221;custom&#8221; accent_color=&#8221;#eeeeee&#8221;]<div  class=\"jeg_postblock_16 jeg_postblock jeg_module_hook jeg_pagination_disable jeg_col_3o3 jnews_module__2_69ef945369c20   \" data-unique=\"jnews_module__2_69ef945369c20\">\n\t\t\t\t\t\n\t\t\t\t\t<div class=\"jeg_block_container\">\n                    \n                    <div class=\"jeg_posts_wrap\">\n                    <div class=\"jeg_postbig\">\n                        <article class=\"jeg_post jeg_pl_lg_5 format-standard\">\n                            <div class=\"jeg_thumb\">\n                    \n                    <a href=\"https:\/\/www.eunews.it\/en\/2024\/12\/30\/musk-us-interference-in-the-eu-and-the-limits-of-a-struggling-europe\/\" aria-label=\"Read article: Musk: US interference in the EU and the limits of a struggling Europe\"><div class=\"thumbnail-container  size-500 \"><img decoding=\"async\" width=\"544\" height=\"390\" src=\"https:\/\/www.eunews.it\/wp-content\/uploads\/2024\/12\/musk-ue.png\" class=\"attachment-jnews-1140x570 size-jnews-1140x570 wp-post-image\" alt=\"Deepfake\" srcset=\"https:\/\/www.eunews.it\/wp-content\/uploads\/2024\/12\/musk-ue.png 544w, https:\/\/www.eunews.it\/wp-content\/uploads\/2024\/12\/musk-ue-300x215.png 300w, https:\/\/www.eunews.it\/wp-content\/uploads\/2024\/12\/musk-ue-120x86.png 120w, https:\/\/www.eunews.it\/wp-content\/uploads\/2024\/12\/musk-ue-350x250.png 350w\" sizes=\"(max-width: 544px) 100vw, 544px\" \/><\/div><\/a>\n                    <div class=\"jeg_post_category\">\n                        <span><a href=\"https:\/\/www.eunews.it\/en\/opinions\/\" class=\"category-opinions\">Opinions<\/a><\/span>\n                    <\/div>\n                <\/div>\n                <div class=\"jeg_postblock_content\">\n                    <h3 class=\"jeg_post_title\">\n                        <a href=\"https:\/\/www.eunews.it\/en\/2024\/12\/30\/musk-us-interference-in-the-eu-and-the-limits-of-a-struggling-europe\/\">Musk: US interference in the EU and the limits of a struggling Europe<\/a>\n                    <\/h3>\n                    <div class=\"jeg_post_meta\"><div class=\"jeg_meta_author\"><span class=\"by\">by<\/span> <a href=\"https:\/\/www.eunews.it\/en\/author\/emanuele-bonini\/\">Emanuele Bonini<\/a> <a class=\"social twitter\" href=\"https:\/\/twitter.com\/emanuelebonini\" target=\"_blank\" rel=\"noopener\">emanuelebonini<\/a><\/a><\/div><div class=\"jeg_meta_date\"><a href=\"https:\/\/www.eunews.it\/en\/2024\/12\/30\/musk-us-interference-in-the-eu-and-the-limits-of-a-struggling-europe\/\"><i class=\"fa fa-clock-o\"><\/i> 30 December 2024<\/a><\/div><\/div>\n                    <div class=\"jeg_post_excerpt\">\n                        <p>The incoming head of US government spending cuts forcefully enters German affairs and tells voters how to vote. Silence from a Europe that is otherwise ready to block Russian interference<\/p>\n                        <a href=\"https:\/\/www.eunews.it\/en\/2024\/12\/30\/musk-us-interference-in-the-eu-and-the-limits-of-a-struggling-europe\/\" class=\"jeg_readmore\">Read more<span class=\"screen-reader-text\">Details<\/span><\/a>\n                    <\/div>\n                <\/div>\n                        <\/article>\n                    <\/div>\n                    <div class=\"jeg_posts jeg_load_more_flag\">\n                        \n                    <\/div>\n                <\/div>\n                    <div class='module-overlay'>\n\t\t\t\t    <div class='preloader_type preloader_dot'>\n\t\t\t\t        <div class=\"module-preloader jeg_preloader dot\">\n\t\t\t\t            <span><\/span><span><\/span><span><\/span>\n\t\t\t\t        <\/div>\n\t\t\t\t        <div class=\"module-preloader jeg_preloader circle\">\n\t\t\t\t            <div class=\"jnews_preloader_circle_outer\">\n\t\t\t\t                <div class=\"jnews_preloader_circle_inner\"><\/div>\n\t\t\t\t            <\/div>\n\t\t\t\t        <\/div>\n\t\t\t\t        <div class=\"module-preloader jeg_preloader square\">\n\t\t\t\t            <div class=\"jeg_square\">\n\t\t\t\t                <div class=\"jeg_square_inner\"><\/div>\n\t\t\t\t            <\/div>\n\t\t\t\t        <\/div>\n\t\t\t\t    <\/div>\n\t\t\t\t<\/div>\n                <\/div>\n                <div class=\"jeg_block_navigation\">\n                    <div class='navigation_overlay'><div class='module-preloader jeg_preloader'><span><\/span><span><\/span><span><\/span><\/div><\/div>\n                    \n                    \n                <\/div>\n\t\t\t\t\t\n\t\t\t\t\t<script>var jnews_module__2_69ef945369c20 = {\"header_icon\":\"\",\"first_title\":\"\",\"second_title\":\"\",\"url\":\"\",\"header_type\":\"heading_5\",\"header_background\":\"\",\"header_secondary_background\":\"\",\"header_text_color\":\"\",\"header_line_color\":\"\",\"header_accent_color\":\"\",\"header_filter_category\":\"\",\"header_filter_author\":\"\",\"header_filter_tag\":\"\",\"header_filter_cpt_categorie_true\":\"\",\"header_filter_cpt_categorie_eventi\":\"\",\"header_filter_cpt_post_tag\":\"\",\"header_filter_cpt_series\":\"\",\"header_filter_text\":\"All\",\"sticky_post\":false,\"sticky_post_filter\":false,\"post_type\":\"post\",\"content_type\":\"all\",\"sponsor\":\"\",\"number_post\":\"1\",\"post_offset\":\"0\",\"unique_content\":\"unique1\",\"include_post\":\"\",\"included_only\":\"\",\"exclude_post\":\"414792,415017,415144,415163,415328,415369,415387\",\"include_category\":\"25726\",\"exclude_category\":\"\",\"include_author\":\"\",\"include_tag\":\"\",\"exclude_tag\":\"\",\"exclude_visited_post\":false,\"categorie_true\":\"\",\"categorie_eventi\":\"\",\"post_tag\":\"\",\"series\":\"\",\"sort_by\":\"most_comment\",\"date_format\":\"default\",\"date_format_custom\":\"Y\\\/m\\\/d\",\"excerpt_length\":\"46\",\"excerpt_ellipsis\":\"...\",\"force_normal_image_load\":\"\",\"main_custom_image_size\":\"default\",\"pagination_mode\":\"disable\",\"pagination_nextprev_showtext\":\"\",\"pagination_number_post\":4,\"pagination_scroll_limit\":0,\"boxed\":\"\",\"boxed_shadow\":\"\",\"el_id\":\"\",\"el_class\":\"\",\"scheme\":\"\",\"column_width\":\"auto\",\"title_color\":\"\",\"accent_color\":\"\",\"alt_color\":\"\",\"excerpt_color\":\"\",\"css\":\"\",\"compatible_column_notice\":\"\",\"paged\":1,\"column_class\":\"jeg_col_3o3\",\"class\":\"jnews_block_16\"};<\/script>\n\t\t\t\t<\/div>[vc_separator color=&#8221;custom&#8221; css=&#8221;.vc_custom_1497953286225{margin-top: -10px !important;}&#8221; accent_color=&#8221;#eeeeee&#8221;]<div  class=\"jeg_postblock_22 jeg_postblock jeg_module_hook jeg_pagination_disable jeg_col_3o3 jnews_module__3_69ef94536c753   \" data-unique=\"jnews_module__3_69ef94536c753\">\n\t\t\t\t\t\n\t\t\t\t\t<div class=\"jeg_block_container\">\n                    \n                    <div class=\"jeg_posts_wrap\">\n                    <div class=\"jeg_posts jeg_load_more_flag\"> \n                        <article class=\"jeg_post jeg_pl_md_5 format-standard\">\n                    <div class=\"jeg_thumb\">\n                        \n                        <a href=\"https:\/\/www.eunews.it\/en\/2024\/12\/30\/prosecco-leads-eu-sparkling-wines-in-2023\/\" aria-label=\"Read article: Italy&#8217;s Prosecco leads EU sparkling wines in 2023\"><div class=\"thumbnail-container  size-715 \"><img decoding=\"async\" width=\"350\" height=\"250\" src=\"https:\/\/www.eunews.it\/wp-content\/uploads\/2024\/12\/Prosecco-350x250.jpg\" class=\"attachment-jnews-350x250 size-jnews-350x250 wp-post-image\" alt=\"[foto: Jeff Kubina\/Wikimedia Commons]\" srcset=\"https:\/\/www.eunews.it\/wp-content\/uploads\/2024\/12\/Prosecco-350x250.jpg 350w, https:\/\/www.eunews.it\/wp-content\/uploads\/2024\/12\/Prosecco-120x86.jpg 120w\" sizes=\"(max-width: 350px) 100vw, 350px\" \/><\/div><\/a>\n                        <div class=\"jeg_post_category\">\n                            <span><a href=\"https:\/\/www.eunews.it\/en\/general-news\/\" class=\"category-general-news\">General News<\/a><\/span>\n                        <\/div>\n                    <\/div>\n                    <div class=\"jeg_postblock_content\">\n                        <h3 class=\"jeg_post_title\">\n                            <a href=\"https:\/\/www.eunews.it\/en\/2024\/12\/30\/prosecco-leads-eu-sparkling-wines-in-2023\/\">Italy&#8217;s Prosecco leads EU sparkling wines in 2023<\/a>\n                        <\/h3>\n                        <div class=\"jeg_post_meta\"><div class=\"jeg_meta_date\"><a href=\"https:\/\/www.eunews.it\/en\/2024\/12\/30\/prosecco-leads-eu-sparkling-wines-in-2023\/\"><i class=\"fa fa-clock-o\"><\/i> 30 December 2024<\/a><\/div><\/div>\n                    <\/div>\n                <\/article><article class=\"jeg_post jeg_pl_md_5 format-standard\">\n                    <div class=\"jeg_thumb\">\n                        \n                        <a href=\"https:\/\/www.eunews.it\/en\/2024\/12\/30\/tusk-and-orban-the-true-european-leaders-as-the-east-advances\/\" aria-label=\"Read article: Tusk and Orban the true EU leaders: the Eastern Europe marches on\"><div class=\"thumbnail-container  size-715 \"><img decoding=\"async\" width=\"350\" height=\"250\" src=\"https:\/\/www.eunews.it\/wp-content\/uploads\/2024\/12\/tusk-orban-350x250.png\" class=\"attachment-jnews-350x250 size-jnews-350x250 wp-post-image\" alt=\"Il primo ministro polacco, Donald Tusk (sinistra) e il primo ministro ungherese, Viktor Orban\" srcset=\"https:\/\/www.eunews.it\/wp-content\/uploads\/2024\/12\/tusk-orban-350x250.png 350w, https:\/\/www.eunews.it\/wp-content\/uploads\/2024\/12\/tusk-orban-120x86.png 120w\" sizes=\"(max-width: 350px) 100vw, 350px\" \/><\/div><\/a>\n                        <div class=\"jeg_post_category\">\n                            <span><a href=\"https:\/\/www.eunews.it\/en\/politics\/\" class=\"category-politics\">Politics<\/a><\/span>\n                        <\/div>\n                    <\/div>\n                    <div class=\"jeg_postblock_content\">\n                        <h3 class=\"jeg_post_title\">\n                            <a href=\"https:\/\/www.eunews.it\/en\/2024\/12\/30\/tusk-and-orban-the-true-european-leaders-as-the-east-advances\/\">Tusk and Orban the true EU leaders: the Eastern Europe marches on<\/a>\n                        <\/h3>\n                        <div class=\"jeg_post_meta\"><div class=\"jeg_meta_date\"><a href=\"https:\/\/www.eunews.it\/en\/2024\/12\/30\/tusk-and-orban-the-true-european-leaders-as-the-east-advances\/\"><i class=\"fa fa-clock-o\"><\/i> 30 December 2024<\/a><\/div><\/div>\n                    <\/div>\n                <\/article><article class=\"jeg_post jeg_pl_md_5 format-standard\">\n                    <div class=\"jeg_thumb\">\n                        \n                        <a href=\"https:\/\/www.eunews.it\/en\/2025\/01\/02\/inflation-target-at-2-percent-and-stable-2025-the-pivotal-year-for-the-ecb\/\" aria-label=\"Read article: Inflation target at 2 percent, and stable: 2025 the pivotal year for the ECB\"><div class=\"thumbnail-container  size-715 \"><img decoding=\"async\" width=\"350\" height=\"202\" src=\"https:\/\/www.eunews.it\/wp-content\/uploads\/2021\/07\/inflazione2107.png\" class=\"attachment-jnews-350x250 size-jnews-350x250 wp-post-image\" alt=\"inflazione\" srcset=\"https:\/\/www.eunews.it\/wp-content\/uploads\/2021\/07\/inflazione2107.png 766w, https:\/\/www.eunews.it\/wp-content\/uploads\/2021\/07\/inflazione2107-300x173.png 300w\" sizes=\"(max-width: 350px) 100vw, 350px\" \/><\/div><\/a>\n                        <div class=\"jeg_post_category\">\n                            <span><a href=\"https:\/\/www.eunews.it\/en\/business\/\" class=\"category-business\">Business<\/a><\/span>\n                        <\/div>\n                    <\/div>\n                    <div class=\"jeg_postblock_content\">\n                        <h3 class=\"jeg_post_title\">\n                            <a href=\"https:\/\/www.eunews.it\/en\/2025\/01\/02\/inflation-target-at-2-percent-and-stable-2025-the-pivotal-year-for-the-ecb\/\">Inflation target at 2 percent, and stable: 2025 the pivotal year for the ECB<\/a>\n                        <\/h3>\n                        <div class=\"jeg_post_meta\"><div class=\"jeg_meta_date\"><a href=\"https:\/\/www.eunews.it\/en\/2025\/01\/02\/inflation-target-at-2-percent-and-stable-2025-the-pivotal-year-for-the-ecb\/\"><i class=\"fa fa-clock-o\"><\/i> 2 January 2025<\/a><\/div><\/div>\n                    <\/div>\n                <\/article><article class=\"jeg_post jeg_pl_md_5 format-standard\">\n                    <div class=\"jeg_thumb\">\n                        \n                        <a href=\"https:\/\/www.eunews.it\/en\/2025\/01\/02\/nrrp-italy-already-received-over-121-bln-by-2025-the-government-is-already-targeting-another-18-3-bln\/\" aria-label=\"Read article: NRRP: Italy already received over 121 bln. By 2025, the government is already targeting another 18.3 bln\"><div class=\"thumbnail-container  size-715 \"><img decoding=\"async\" width=\"350\" height=\"250\" src=\"https:\/\/www.eunews.it\/wp-content\/uploads\/2025\/01\/pnrr_30dic-350x250.jpg\" class=\"attachment-jnews-350x250 size-jnews-350x250 wp-post-image\" alt=\"La presidente del Consiglio, Giorgia Meloni [foto: palazzo Chigi\/presidenza del Consiglio dei ministri]\" srcset=\"https:\/\/www.eunews.it\/wp-content\/uploads\/2025\/01\/pnrr_30dic-350x250.jpg 350w, https:\/\/www.eunews.it\/wp-content\/uploads\/2025\/01\/pnrr_30dic-120x86.jpg 120w\" sizes=\"(max-width: 350px) 100vw, 350px\" \/><\/div><\/a>\n                        <div class=\"jeg_post_category\">\n                            <span><a href=\"https:\/\/www.eunews.it\/en\/politics\/\" class=\"category-politics\">Politics<\/a><\/span>\n                        <\/div>\n                    <\/div>\n                    <div class=\"jeg_postblock_content\">\n                        <h3 class=\"jeg_post_title\">\n                            <a href=\"https:\/\/www.eunews.it\/en\/2025\/01\/02\/nrrp-italy-already-received-over-121-bln-by-2025-the-government-is-already-targeting-another-18-3-bln\/\">NRRP: Italy already received over 121 bln. By 2025, the government is already targeting another 18.3 bln<\/a>\n                        <\/h3>\n                        <div class=\"jeg_post_meta\"><div class=\"jeg_meta_date\"><a href=\"https:\/\/www.eunews.it\/en\/2025\/01\/02\/nrrp-italy-already-received-over-121-bln-by-2025-the-government-is-already-targeting-another-18-3-bln\/\"><i class=\"fa fa-clock-o\"><\/i> 2 January 2025<\/a><\/div><\/div>\n                    <\/div>\n                <\/article><article class=\"jeg_post jeg_pl_md_5 format-standard\">\n                    <div class=\"jeg_thumb\">\n                        \n                        <a href=\"https:\/\/www.eunews.it\/en\/2025\/01\/03\/severe-pneumonia-von-der-leyen-cancels-commitments-for-two-weeks\/\" aria-label=\"Read article: Severe pneumonia, von der Leyen cancels commitments for two weeks\"><div class=\"thumbnail-container  size-715 \"><img decoding=\"async\" width=\"350\" height=\"250\" src=\"https:\/\/www.eunews.it\/wp-content\/uploads\/2025\/01\/Tusk_von_der_Leyen_2023-350x250.jpg\" class=\"attachment-jnews-350x250 size-jnews-350x250 wp-post-image\" alt=\"Donald Tusk, Ursula von der Leyen\" srcset=\"https:\/\/www.eunews.it\/wp-content\/uploads\/2025\/01\/Tusk_von_der_Leyen_2023-350x250.jpg 350w, https:\/\/www.eunews.it\/wp-content\/uploads\/2025\/01\/Tusk_von_der_Leyen_2023-120x86.jpg 120w\" sizes=\"(max-width: 350px) 100vw, 350px\" \/><\/div><\/a>\n                        <div class=\"jeg_post_category\">\n                            <span><a href=\"https:\/\/www.eunews.it\/en\/politics\/\" class=\"category-politics\">Politics<\/a><\/span>\n                        <\/div>\n                    <\/div>\n                    <div class=\"jeg_postblock_content\">\n                        <h3 class=\"jeg_post_title\">\n                            <a href=\"https:\/\/www.eunews.it\/en\/2025\/01\/03\/severe-pneumonia-von-der-leyen-cancels-commitments-for-two-weeks\/\">Severe pneumonia, von der Leyen cancels commitments for two weeks<\/a>\n                        <\/h3>\n                        <div class=\"jeg_post_meta\"><div class=\"jeg_meta_date\"><a href=\"https:\/\/www.eunews.it\/en\/2025\/01\/03\/severe-pneumonia-von-der-leyen-cancels-commitments-for-two-weeks\/\"><i class=\"fa fa-clock-o\"><\/i> 3 January 2025<\/a><\/div><\/div>\n                    <\/div>\n                <\/article><article class=\"jeg_post jeg_pl_md_5 format-standard\">\n                    <div class=\"jeg_thumb\">\n                        \n                        <a href=\"https:\/\/www.eunews.it\/en\/2025\/01\/03\/negotiations-to-give-austria-a-government-are-stalled\/\" aria-label=\"Read article: Negotiations to give Austria a government are stalled\"><div class=\"thumbnail-container  size-715 \"><img decoding=\"async\" width=\"350\" height=\"250\" src=\"https:\/\/www.eunews.it\/wp-content\/uploads\/2025\/01\/000_36RY8H8-350x250.jpg\" class=\"attachment-jnews-350x250 size-jnews-350x250 wp-post-image\" alt=\"Beate Meinl-Reisinger, leader of Austria&#039;s NEOS party, addresses a press conference on January 3, 2025 in Vienna, Austria, to comment on failed coalition talks. Austria&#039;s three-way coalition talks to form a new government failed, with the head of the liberal party announcing its withdrawal from the negotiations. The far-right Freedom Party (FPOe) topped September 29, 2024 national polls for the first time ever, winning 28.8 percent of the vote, ahead of the ruling conservative People&#039;s Party (OeVP) with 26.3 percent. But the FPOe has been unable to find partners to form a national government. (Photo by MAX SLOVENCIK \/ APA \/ AFP) \/ Austria OUT\" srcset=\"https:\/\/www.eunews.it\/wp-content\/uploads\/2025\/01\/000_36RY8H8-350x250.jpg 350w, https:\/\/www.eunews.it\/wp-content\/uploads\/2025\/01\/000_36RY8H8-120x86.jpg 120w, https:\/\/www.eunews.it\/wp-content\/uploads\/2025\/01\/000_36RY8H8-750x536.jpg 750w, https:\/\/www.eunews.it\/wp-content\/uploads\/2025\/01\/000_36RY8H8-1140x815.jpg 1140w\" sizes=\"(max-width: 350px) 100vw, 350px\" \/><\/div><\/a>\n                        <div class=\"jeg_post_category\">\n                            <span><a href=\"https:\/\/www.eunews.it\/en\/politics\/\" class=\"category-politics\">Politics<\/a><\/span>\n                        <\/div>\n                    <\/div>\n                    <div class=\"jeg_postblock_content\">\n                        <h3 class=\"jeg_post_title\">\n                            <a href=\"https:\/\/www.eunews.it\/en\/2025\/01\/03\/negotiations-to-give-austria-a-government-are-stalled\/\">Negotiations to give Austria a government are stalled<\/a>\n                        <\/h3>\n                        <div class=\"jeg_post_meta\"><div class=\"jeg_meta_date\"><a href=\"https:\/\/www.eunews.it\/en\/2025\/01\/03\/negotiations-to-give-austria-a-government-are-stalled\/\"><i class=\"fa fa-clock-o\"><\/i> 3 January 2025<\/a><\/div><\/div>\n                    <\/div>\n                <\/article><article class=\"jeg_post jeg_pl_md_5 format-standard\">\n                    <div class=\"jeg_thumb\">\n                        \n                        <a href=\"https:\/\/www.eunews.it\/en\/2025\/01\/08\/conference-on-the-future-of-europe-eu-court-condemns-commission-for-privacy-violations\/\" aria-label=\"Read article: Conference on the Future of Europe: EU court condemns Commission for privacy violations\"><div class=\"thumbnail-container  size-715 \"><img decoding=\"async\" width=\"350\" height=\"238\" src=\"https:\/\/www.eunews.it\/wp-content\/uploads\/2022\/02\/Schermata-2022-02-13-alle-13.32.27.png\" class=\"attachment-jnews-350x250 size-jnews-350x250 wp-post-image\" alt=\"Quarto panel della Conferenza sul futuro dell&#039;Europa si riunisce a Maastricht (11-13 febbraio)\" srcset=\"https:\/\/www.eunews.it\/wp-content\/uploads\/2022\/02\/Schermata-2022-02-13-alle-13.32.27.png 672w, https:\/\/www.eunews.it\/wp-content\/uploads\/2022\/02\/Schermata-2022-02-13-alle-13.32.27-300x204.png 300w\" sizes=\"(max-width: 350px) 100vw, 350px\" \/><\/div><\/a>\n                        <div class=\"jeg_post_category\">\n                            <span><a href=\"https:\/\/www.eunews.it\/en\/general-news\/\" class=\"category-general-news\">General News<\/a><\/span>\n                        <\/div>\n                    <\/div>\n                    <div class=\"jeg_postblock_content\">\n                        <h3 class=\"jeg_post_title\">\n                            <a href=\"https:\/\/www.eunews.it\/en\/2025\/01\/08\/conference-on-the-future-of-europe-eu-court-condemns-commission-for-privacy-violations\/\">Conference on the Future of Europe: EU court condemns Commission for privacy violations<\/a>\n                        <\/h3>\n                        <div class=\"jeg_post_meta\"><div class=\"jeg_meta_date\"><a href=\"https:\/\/www.eunews.it\/en\/2025\/01\/08\/conference-on-the-future-of-europe-eu-court-condemns-commission-for-privacy-violations\/\"><i class=\"fa fa-clock-o\"><\/i> 8 January 2025<\/a><\/div><\/div>\n                    <\/div>\n                <\/article><article class=\"jeg_post jeg_pl_md_5 format-standard\">\n                    <div class=\"jeg_thumb\">\n                        \n                        <a href=\"https:\/\/www.eunews.it\/en\/2025\/01\/10\/post-pandemic-eurobonds-rising-interest-rates-makes-repayment-much-more-expensive-for-the-eu\/\" aria-label=\"Read article: Post-pandemic Eurobonds: Rising interest rates makes repayment (much) more expensive for the EU\"><div class=\"thumbnail-container  size-715 \"><img decoding=\"async\" width=\"350\" height=\"250\" src=\"https:\/\/www.eunews.it\/wp-content\/uploads\/2025\/01\/Imagoeconomica_2323137-350x250.jpg\" class=\"attachment-jnews-350x250 size-jnews-350x250 wp-post-image\" alt=\"EUROBOND EURO BOND IPOTECA TITOLI DI STATO INVESTIMENTI RISPARMI GENERATE AI IA\" srcset=\"https:\/\/www.eunews.it\/wp-content\/uploads\/2025\/01\/Imagoeconomica_2323137-350x250.jpg 350w, https:\/\/www.eunews.it\/wp-content\/uploads\/2025\/01\/Imagoeconomica_2323137-120x86.jpg 120w, https:\/\/www.eunews.it\/wp-content\/uploads\/2025\/01\/Imagoeconomica_2323137-750x536.jpg 750w, https:\/\/www.eunews.it\/wp-content\/uploads\/2025\/01\/Imagoeconomica_2323137-1140x815.jpg 1140w\" sizes=\"(max-width: 350px) 100vw, 350px\" \/><\/div><\/a>\n                        <div class=\"jeg_post_category\">\n                            <span><a href=\"https:\/\/www.eunews.it\/en\/business\/\" class=\"category-business\">Business<\/a><\/span>\n                        <\/div>\n                    <\/div>\n                    <div class=\"jeg_postblock_content\">\n                        <h3 class=\"jeg_post_title\">\n                            <a href=\"https:\/\/www.eunews.it\/en\/2025\/01\/10\/post-pandemic-eurobonds-rising-interest-rates-makes-repayment-much-more-expensive-for-the-eu\/\">Post-pandemic Eurobonds: Rising interest rates makes repayment (much) more expensive for the EU<\/a>\n                        <\/h3>\n                        <div class=\"jeg_post_meta\"><div class=\"jeg_meta_date\"><a href=\"https:\/\/www.eunews.it\/en\/2025\/01\/10\/post-pandemic-eurobonds-rising-interest-rates-makes-repayment-much-more-expensive-for-the-eu\/\"><i class=\"fa fa-clock-o\"><\/i> 10 January 2025<\/a><\/div><\/div>\n                    <\/div>\n                <\/article><article class=\"jeg_post jeg_pl_md_5 format-standard\">\n                    <div class=\"jeg_thumb\">\n                        \n                        <a href=\"https:\/\/www.eunews.it\/en\/2025\/01\/13\/kubilius-we-are-not-working-on-setting-up-a-european-army\/\" aria-label=\"Read article: Kubilius: &#8220;We are not working on setting up a European army.&#8221;\"><div class=\"thumbnail-container custom-size size-715 \"><img decoding=\"async\" width=\"720\" height=\"540\" src=\"https:\/\/www.eunews.it\/wp-content\/uploads\/2015\/11\/esercito-europeo.jpg\" class=\"attachment-full size-full wp-post-image\" alt=\"\" srcset=\"https:\/\/www.eunews.it\/wp-content\/uploads\/2015\/11\/esercito-europeo.jpg 720w, https:\/\/www.eunews.it\/wp-content\/uploads\/2015\/11\/esercito-europeo-300x225.jpg 300w, https:\/\/www.eunews.it\/wp-content\/uploads\/2015\/11\/esercito-europeo-200x150.jpg 200w, https:\/\/www.eunews.it\/wp-content\/uploads\/2015\/11\/esercito-europeo-435x326.jpg 435w, https:\/\/www.eunews.it\/wp-content\/uploads\/2015\/11\/esercito-europeo-280x210.jpg 280w, https:\/\/www.eunews.it\/wp-content\/uploads\/2015\/11\/esercito-europeo-560x420.jpg 560w, https:\/\/www.eunews.it\/wp-content\/uploads\/2015\/11\/esercito-europeo-624x468.jpg 624w\" sizes=\"(max-width: 720px) 100vw, 720px\" \/><\/div><\/a>\n                        <div class=\"jeg_post_category\">\n                            <span><a href=\"https:\/\/www.eunews.it\/en\/politics\/\" class=\"category-politics\">Politics<\/a><\/span>\n                        <\/div>\n                    <\/div>\n                    <div class=\"jeg_postblock_content\">\n                        <h3 class=\"jeg_post_title\">\n                            <a href=\"https:\/\/www.eunews.it\/en\/2025\/01\/13\/kubilius-we-are-not-working-on-setting-up-a-european-army\/\">Kubilius: &#8220;We are not working on setting up a European army.&#8221;<\/a>\n                        <\/h3>\n                        <div class=\"jeg_post_meta\"><div class=\"jeg_meta_date\"><a href=\"https:\/\/www.eunews.it\/en\/2025\/01\/13\/kubilius-we-are-not-working-on-setting-up-a-european-army\/\"><i class=\"fa fa-clock-o\"><\/i> 13 January 2025<\/a><\/div><\/div>\n                    <\/div>\n                <\/article>\n                    <\/div>\n                <\/div>\n                    <div class='module-overlay'>\n\t\t\t\t    <div class='preloader_type preloader_dot'>\n\t\t\t\t        <div class=\"module-preloader jeg_preloader dot\">\n\t\t\t\t            <span><\/span><span><\/span><span><\/span>\n\t\t\t\t        <\/div>\n\t\t\t\t        <div class=\"module-preloader jeg_preloader circle\">\n\t\t\t\t            <div class=\"jnews_preloader_circle_outer\">\n\t\t\t\t                <div class=\"jnews_preloader_circle_inner\"><\/div>\n\t\t\t\t            <\/div>\n\t\t\t\t        <\/div>\n\t\t\t\t        <div class=\"module-preloader jeg_preloader square\">\n\t\t\t\t            <div class=\"jeg_square\">\n\t\t\t\t                <div class=\"jeg_square_inner\"><\/div>\n\t\t\t\t            <\/div>\n\t\t\t\t        <\/div>\n\t\t\t\t    <\/div>\n\t\t\t\t<\/div>\n                <\/div>\n                <div class=\"jeg_block_navigation\">\n                    <div class='navigation_overlay'><div class='module-preloader jeg_preloader'><span><\/span><span><\/span><span><\/span><\/div><\/div>\n                    \n                    \n                <\/div>\n\t\t\t\t\t\n\t\t\t\t\t<script>var jnews_module__3_69ef94536c753 = {\"header_icon\":\"\",\"first_title\":\"\",\"second_title\":\"\",\"url\":\"\",\"header_type\":\"heading_6\",\"header_background\":\"\",\"header_secondary_background\":\"\",\"header_text_color\":\"\",\"header_line_color\":\"\",\"header_accent_color\":\"\",\"header_filter_category\":\"\",\"header_filter_author\":\"\",\"header_filter_tag\":\"\",\"header_filter_cpt_categorie_true\":\"\",\"header_filter_cpt_categorie_eventi\":\"\",\"header_filter_cpt_post_tag\":\"\",\"header_filter_cpt_series\":\"\",\"header_filter_text\":\"All\",\"sticky_post\":false,\"sticky_post_filter\":false,\"post_type\":\"post\",\"content_type\":\"all\",\"sponsor\":\"\",\"number_post\":\"9\",\"post_offset\":\"0\",\"unique_content\":\"unique1\",\"include_post\":\"\",\"included_only\":\"\",\"exclude_post\":\"414792,415017,415144,415163,415328,415369,415387,415393\",\"include_category\":\"25726\",\"exclude_category\":\"\",\"include_author\":\"\",\"include_tag\":\"\",\"exclude_tag\":\"\",\"exclude_visited_post\":false,\"categorie_true\":\"\",\"categorie_eventi\":\"\",\"post_tag\":\"\",\"series\":\"\",\"sort_by\":\"most_comment\",\"date_format\":\"default\",\"date_format_custom\":\"Y\\\/m\\\/d\",\"force_normal_image_load\":\"\",\"main_custom_image_size\":\"default\",\"pagination_mode\":\"disable\",\"pagination_nextprev_showtext\":\"\",\"pagination_number_post\":3,\"pagination_scroll_limit\":0,\"boxed\":\"\",\"boxed_shadow\":\"\",\"el_id\":\"\",\"el_class\":\"\",\"scheme\":\"\",\"column_width\":\"auto\",\"title_color\":\"\",\"accent_color\":\"\",\"alt_color\":\"\",\"excerpt_color\":\"\",\"css\":\"\",\"compatible_column_notice\":\"\",\"paged\":1,\"column_class\":\"jeg_col_3o3\",\"class\":\"jnews_block_22\"};<\/script>\n\t\t\t\t<\/div>[vc_empty_space height=&#8221;15px&#8221;][\/vc_column][vc_column width=&#8221;1\/3&#8243; sticky_sidebar=&#8221;yes&#8221; set_as_sidebar=&#8221;yes&#8221;][vc_single_image image=&#8221;395069&#8243; img_size=&#8221;full&#8221; alignment=&#8221;center&#8221; onclick=&#8221;custom_link&#8221; css_animation=&#8221;fadeIn&#8221; css=&#8221;&#8221; link=&#8221;https:\/\/www.eunews.it\/en\/cairo-sustainable-energy-week-en\/&#8221;][vc_single_image image=&#8221;287154&#8243; img_size=&#8221;full&#8221; alignment=&#8221;center&#8221; onclick=&#8221;custom_link&#8221; img_link_target=&#8221;_blank&#8221; link=&#8221;https:\/\/geagency.it\/&#8221;][vc_row_inner css=&#8221;.vc_custom_1701179844754{margin-right: 0px !important;margin-left: 0px !important;background-color: #efefef !important;}&#8221;][vc_column_inner el_class=&#8221;home-timeline&#8221; offset=&#8221;vc_hidden-lg vc_hidden-md vc_hidden-sm vc_hidden-xs&#8221;][vc_custom_heading text=&#8221;AGENDA OF THE EUROPEAN INSTITUTIONS&#8221; font_container=&#8221;tag:h2|text_align:left|color:%23000000&#8243; google_fonts=&#8221;font_family:Montserrat%3Aregular%2C700|font_style:700%20bold%20regular%3A700%3Anormal&#8221; el_class=&#8221;header-timeline&#8221;][\/vc_column_inner][\/vc_row_inner][vc_empty_space][vc_raw_html css=&#8221;&#8221;]JTNDaWZyYW1lJTIwc3JjJTNEJTI3aHR0cHMlM0ElMkYlMkZmbG8udXJpLnNoJTJGdmlzdWFsaXNhdGlvbiUyRjE5MjYxNzY0JTJGZW1iZWQlMjclMjB0aXRsZSUzRCUyN0ludGVyYWN0aXZlJTIwb3IlMjB2aXN1YWwlMjBjb250ZW50JTI3JTIwY2xhc3MlM0QlMjdmbG91cmlzaC1lbWJlZC1pZnJhbWUlMjclMjBmcmFtZWJvcmRlciUzRCUyNzAlMjclMjBzY3JvbGxpbmclM0QlMjdubyUyNyUyMHN0eWxlJTNEJTI3d2lkdGglM0ExMDAlMjUlM0JoZWlnaHQlM0E0MDBweCUzQiUyNyUyMHNhbmRib3glM0QlMjdhbGxvdy1zYW1lLW9yaWdpbiUyMGFsbG93LWZvcm1zJTIwYWxsb3ctc2NyaXB0cyUyMGFsbG93LWRvd25sb2FkcyUyMGFsbG93LXBvcHVwcyUyMGFsbG93LXBvcHVwcy10by1lc2NhcGUtc2FuZGJveCUyMGFsbG93LXRvcC1uYXZpZ2F0aW9uLWJ5LXVzZXItYWN0aXZhdGlvbiUyNyUzRSUzQyUyRmlmcmFtZSUzRSUzQ2RpdiUyMHN0eWxlJTNEJTI3d2lkdGglM0ExMDAlMjUlMjElM0JtYXJnaW4tdG9wJTNBNHB4JTIxaW1wb3J0YW50JTNCdGV4dC1hbGlnbiUzQXJpZ2h0JTIxaW1wb3J0YW50JTNCJTI3JTNFJTNDYSUyMGNsYXNzJTNEJTI3ZmxvdXJpc2gtY3JlZGl0JTI3JTIwaHJlZiUzRCUyN2h0dHBzJTNBJTJGJTJGcHVibGljLmZsb3VyaXNoLnN0dWRpbyUyRnZpc3VhbGlzYXRpb24lMkYxOTI2MTc2NCUyRiUzRnV0bV9zb3VyY2UlM0RlbWJlZCUyNnV0bV9jYW1wYWlnbiUzRHZpc3VhbGlzYXRpb24lMkYxOTI2MTc2NCUyNyUyMHRhcmdldCUzRCUyN190b3AlMjclMjBzdHlsZSUzRCUyN3RleHQtZGVjb3JhdGlvbiUzQW5vbmUlMjFpbXBvcnRhbnQlMjclM0UlM0NpbWclMjBhbHQlM0QlMjdNYWRlJTIwd2l0aCUyMEZsb3VyaXNoJTI3JTIwc3JjJTNEJTI3aHR0cHMlM0ElMkYlMkZwdWJsaWMuZmxvdXJpc2guc3R1ZGlvJTJGcmVzb3VyY2VzJTJGbWFkZV93aXRoX2Zsb3VyaXNoLnN2ZyUyNyUyMHN0eWxlJTNEJTI3d2lkdGglM0ExMDVweCUyMWltcG9ydGFudCUzQmhlaWdodCUzQTE2cHglMjFpbXBvcnRhbnQlM0Jib3JkZXIlM0Fub25lJTIxaW1wb3J0YW50JTNCbWFyZ2luJTNBMCUyMWltcG9ydGFudCUzQiUyNyUzRSUyMCUzQyUyRmElM0UlM0MlMkZkaXYlM0U=[\/vc_raw_html][\/vc_column][\/vc_row][vc_row][vc_column]<div  class=\"jeg_block_heading jeg_block_heading_6 jeg_alignleft jnews_module__4_69ef9453768b0   \">\n                <h3 class=\"jeg_block_title\"><span>Fast news<\/span><\/h3>\n                \n            <\/div><div  class=\"jeg_postblock_carousel jeg_postblock_carousel_3 jeg_postblock jeg_col_12 jnews_module__5_69ef945376b1f shownav  vc_custom_1715152996525 \">\n                    <div class=\"jeg_carousel_post\" data-nav='true' data-autoplay='true' data-delay='3500' data-items='3' data-margin='20' data-lazyload=''>\n                        <div class=\"jeg_post_wrapper\">\n\t\t\t\t<article class=\"jeg_post format-standard\">\n                    \n                    <div class=\"jeg_thumb\">                        \n                        <a href=\"https:\/\/www.eunews.it\/en\/2026\/04\/27\/iran-metsola-we-call-for-the-immediate-release-of-mohammadi-and-sotoudeh\/\" aria-label=\"Read article: Iran, Metsola: &#8220;We call for the immediate release of Mohammadi and Sotoudeh&#8221;\"><div class=\"thumbnail-container  size-1000 \"><img decoding=\"async\" width=\"75\" height=\"75\" src=\"https:\/\/www.eunews.it\/wp-content\/uploads\/2026\/04\/IPA_Agency_IPA42142173-75x75.jpg\" class=\"attachment-jnews-75x75 size-jnews-75x75 wp-post-image\" alt=\"Oslo, premio Nobel per la pace all&#039;attivista Narges Mohammadi, imprigionata in Iran per aver condotto una campagna per i diritti delle donne e la democrazia. Ritirano il premio i figli.\" srcset=\"https:\/\/www.eunews.it\/wp-content\/uploads\/2026\/04\/IPA_Agency_IPA42142173-75x75.jpg 75w, https:\/\/www.eunews.it\/wp-content\/uploads\/2026\/04\/IPA_Agency_IPA42142173-150x150.jpg 150w, https:\/\/www.eunews.it\/wp-content\/uploads\/2026\/04\/IPA_Agency_IPA42142173-350x350.jpg 350w\" sizes=\"(max-width: 75px) 100vw, 75px\" \/><\/div><\/a>\n                    <\/div>\n                    <div class=\"overlay_content\">\n                        <div class=\"jeg_postblock_content\">\n                            <h3 class=\"jeg_post_title\"><a href=\"https:\/\/www.eunews.it\/en\/2026\/04\/27\/iran-metsola-we-call-for-the-immediate-release-of-mohammadi-and-sotoudeh\/\">Iran, Metsola: &#8220;We call for the immediate release of Mohammadi and Sotoudeh&#8221;<\/a><\/h3>\n                            <div class=\"jeg_post_meta\"><div class=\"jeg_meta_date\"><a href=\"https:\/\/www.eunews.it\/en\/2026\/04\/27\/iran-metsola-we-call-for-the-immediate-release-of-mohammadi-and-sotoudeh\/\"><i class=\"fa fa-clock-o\"><\/i> 27 April 2026<\/a><\/div><\/div>\n                        <\/div>\n                    <\/div>\n\t\t\t\t<\/article>\n\t\t\t\t<\/div><div class=\"jeg_post_wrapper\">\n\t\t\t\t<article class=\"jeg_post format-standard\">\n                    \n                    <div class=\"jeg_thumb\">                        \n                        <a href=\"https:\/\/www.eunews.it\/en\/2026\/04\/27\/suicide-on-the-tracks-delays-the-eu-officials-train-to-strasbourg-by-two-hours\/\" aria-label=\"Read article: Suicide on the tracks delays the EU officials\u2019 train to Strasbourg by two hours\"><div class=\"thumbnail-container  size-1000 \"><img decoding=\"async\" width=\"75\" height=\"75\" src=\"https:\/\/www.eunews.it\/wp-content\/uploads\/2026\/04\/SNCF-75x75.jpg\" class=\"attachment-jnews-75x75 size-jnews-75x75 wp-post-image\" alt=\"RIPRESA DEL COLLEGAMENTO FERROVIARIO  DEL TRENO MILANO PARIGI DI SNCF ALTA VELOCITA&#039; ITALIA FRANCIA MILANO TORINO LIONE PARIGI TGV INOUI STAZIONE BINARI PASSEGGERI PARTENZA PARTENZE\" srcset=\"https:\/\/www.eunews.it\/wp-content\/uploads\/2026\/04\/SNCF-75x75.jpg 75w, https:\/\/www.eunews.it\/wp-content\/uploads\/2026\/04\/SNCF-150x150.jpg 150w, https:\/\/www.eunews.it\/wp-content\/uploads\/2026\/04\/SNCF-350x350.jpg 350w\" sizes=\"(max-width: 75px) 100vw, 75px\" \/><\/div><\/a>\n                    <\/div>\n                    <div class=\"overlay_content\">\n                        <div class=\"jeg_postblock_content\">\n                            <h3 class=\"jeg_post_title\"><a href=\"https:\/\/www.eunews.it\/en\/2026\/04\/27\/suicide-on-the-tracks-delays-the-eu-officials-train-to-strasbourg-by-two-hours\/\">Suicide on the tracks delays the EU officials\u2019 train to Strasbourg by two hours<\/a><\/h3>\n                            <div class=\"jeg_post_meta\"><div class=\"jeg_meta_date\"><a href=\"https:\/\/www.eunews.it\/en\/2026\/04\/27\/suicide-on-the-tracks-delays-the-eu-officials-train-to-strasbourg-by-two-hours\/\"><i class=\"fa fa-clock-o\"><\/i> 27 April 2026<\/a><\/div><\/div>\n                        <\/div>\n                    <\/div>\n\t\t\t\t<\/article>\n\t\t\t\t<\/div><div class=\"jeg_post_wrapper\">\n\t\t\t\t<article class=\"jeg_post format-standard\">\n                    \n                    <div class=\"jeg_thumb\">                        \n                        <a href=\"https:\/\/www.eunews.it\/en\/2026\/04\/23\/sales-of-e-books-and-audiobooks-are-on-the-rise-in-europe\/\" aria-label=\"Read article: Sales of e-books and audiobooks are on the rise in Europe\"><div class=\"thumbnail-container  size-1000 \"><img decoding=\"async\" width=\"75\" height=\"75\" src=\"https:\/\/www.eunews.it\/wp-content\/uploads\/2026\/04\/libri-75x75.jpg\" class=\"attachment-jnews-75x75 size-jnews-75x75 wp-post-image\" alt=\"Interni della biblioteca Braidense di Milano. Credits: Ermes Beltrami via Imagoeconomica\" srcset=\"https:\/\/www.eunews.it\/wp-content\/uploads\/2026\/04\/libri-75x75.jpg 75w, https:\/\/www.eunews.it\/wp-content\/uploads\/2026\/04\/libri-150x150.jpg 150w, https:\/\/www.eunews.it\/wp-content\/uploads\/2026\/04\/libri-350x350.jpg 350w\" sizes=\"(max-width: 75px) 100vw, 75px\" \/><\/div><\/a>\n                    <\/div>\n                    <div class=\"overlay_content\">\n                        <div class=\"jeg_postblock_content\">\n                            <h3 class=\"jeg_post_title\"><a href=\"https:\/\/www.eunews.it\/en\/2026\/04\/23\/sales-of-e-books-and-audiobooks-are-on-the-rise-in-europe\/\">Sales of e-books and audiobooks are on the rise in Europe<\/a><\/h3>\n                            <div class=\"jeg_post_meta\"><div class=\"jeg_meta_date\"><a href=\"https:\/\/www.eunews.it\/en\/2026\/04\/23\/sales-of-e-books-and-audiobooks-are-on-the-rise-in-europe\/\"><i class=\"fa fa-clock-o\"><\/i> 23 April 2026<\/a><\/div><\/div>\n                        <\/div>\n                    <\/div>\n\t\t\t\t<\/article>\n\t\t\t\t<\/div><div class=\"jeg_post_wrapper\">\n\t\t\t\t<article class=\"jeg_post format-standard\">\n                    \n                    <div class=\"jeg_thumb\">                        \n                        <a href=\"https:\/\/www.eunews.it\/en\/2026\/04\/23\/rome-and-brescia-are-among-the-cities-in-the-running-for-the-european-green-capital-award-2028\/\" aria-label=\"Read article: Rome and Brescia are among the cities in the running for the European Green Capital Award 2028\"><div class=\"thumbnail-container  size-1000 \"><img decoding=\"async\" width=\"75\" height=\"42\" src=\"https:\/\/www.eunews.it\/wp-content\/uploads\/2016\/05\/lubiana.jpg\" class=\"attachment-jnews-75x75 size-jnews-75x75 wp-post-image\" alt=\"Lubiana, Slovenia, vincitrice della scorsa edizione del concorso Capitale verde europea\" srcset=\"https:\/\/www.eunews.it\/wp-content\/uploads\/2016\/05\/lubiana.jpg 633w, https:\/\/www.eunews.it\/wp-content\/uploads\/2016\/05\/lubiana-300x168.jpg 300w, https:\/\/www.eunews.it\/wp-content\/uploads\/2016\/05\/lubiana-266x150.jpg 266w, https:\/\/www.eunews.it\/wp-content\/uploads\/2016\/05\/lubiana-435x244.jpg 435w, https:\/\/www.eunews.it\/wp-content\/uploads\/2016\/05\/lubiana-280x157.jpg 280w, https:\/\/www.eunews.it\/wp-content\/uploads\/2016\/05\/lubiana-560x314.jpg 560w, https:\/\/www.eunews.it\/wp-content\/uploads\/2016\/05\/lubiana-624x350.jpg 624w\" sizes=\"(max-width: 75px) 100vw, 75px\" \/><\/div><\/a>\n                    <\/div>\n                    <div class=\"overlay_content\">\n                        <div class=\"jeg_postblock_content\">\n                            <h3 class=\"jeg_post_title\"><a href=\"https:\/\/www.eunews.it\/en\/2026\/04\/23\/rome-and-brescia-are-among-the-cities-in-the-running-for-the-european-green-capital-award-2028\/\">Rome and Brescia are among the cities in the running for the European Green Capital Award 2028<\/a><\/h3>\n                            <div class=\"jeg_post_meta\"><div class=\"jeg_meta_date\"><a href=\"https:\/\/www.eunews.it\/en\/2026\/04\/23\/rome-and-brescia-are-among-the-cities-in-the-running-for-the-european-green-capital-award-2028\/\"><i class=\"fa fa-clock-o\"><\/i> 23 April 2026<\/a><\/div><\/div>\n                        <\/div>\n                    <\/div>\n\t\t\t\t<\/article>\n\t\t\t\t<\/div><div class=\"jeg_post_wrapper\">\n\t\t\t\t<article class=\"jeg_post format-standard\">\n                    \n                    <div class=\"jeg_thumb\">                        \n                        <a href=\"https:\/\/www.eunews.it\/en\/2026\/04\/22\/russia-at-the-venice-biennale-european-greens-criticise-meloni\/\" aria-label=\"Read article: Russia at the Venice Biennale: European Greens criticise Meloni\"><div class=\"thumbnail-container  size-1000 \"><img decoding=\"async\" width=\"75\" height=\"75\" src=\"https:\/\/www.eunews.it\/wp-content\/uploads\/2026\/04\/Giardini_2007-75x75.jpg\" class=\"attachment-jnews-75x75 size-jnews-75x75 wp-post-image\" alt=\"[foto: By AlMare - Own work, CC BY-SA 2.5, https:\/\/commons.wikimedia.org\/w\/index.php?curid=3103104]\" srcset=\"https:\/\/www.eunews.it\/wp-content\/uploads\/2026\/04\/Giardini_2007-75x75.jpg 75w, https:\/\/www.eunews.it\/wp-content\/uploads\/2026\/04\/Giardini_2007-150x150.jpg 150w, https:\/\/www.eunews.it\/wp-content\/uploads\/2026\/04\/Giardini_2007-350x350.jpg 350w\" sizes=\"(max-width: 75px) 100vw, 75px\" \/><\/div><\/a>\n                    <\/div>\n                    <div class=\"overlay_content\">\n                        <div class=\"jeg_postblock_content\">\n                            <h3 class=\"jeg_post_title\"><a href=\"https:\/\/www.eunews.it\/en\/2026\/04\/22\/russia-at-the-venice-biennale-european-greens-criticise-meloni\/\">Russia at the Venice Biennale: European Greens criticise Meloni<\/a><\/h3>\n                            <div class=\"jeg_post_meta\"><div class=\"jeg_meta_date\"><a href=\"https:\/\/www.eunews.it\/en\/2026\/04\/22\/russia-at-the-venice-biennale-european-greens-criticise-meloni\/\"><i class=\"fa fa-clock-o\"><\/i> 22 April 2026<\/a><\/div><\/div>\n                        <\/div>\n                    <\/div>\n\t\t\t\t<\/article>\n\t\t\t\t<\/div>\n                    <\/div>\n                <\/div>[\/vc_column][\/vc_row][vc_row full_width=&#8221;stretch_row&#8221; vc_row_background=&#8221;&#8221; css=&#8221;.vc_custom_1701102762277{background: #e62a44 url(https:\/\/eunews.withub.it\/wp-content\/uploads\/2023\/11\/en.svg?id=250415) !important;background-position: center !important;background-repeat: no-repeat !important;background-size: cover !important;}&#8221; el_class=&#8221;jeg_otb video-container&#8221;][vc_column offset=&#8221;vc_hidden-lg vc_hidden-md vc_hidden-sm vc_hidden-xs&#8221;][vc_empty_space][vc_column_text el_class=&#8221;inline-links&#8221;]<\/p>\n<p style=\"text-align: right;\"><a href=\"\/video\/\">All videos<\/a> | <a href=\"https:\/\/www.youtube.com\/user\/EuNewsit\" target=\"_blank\" rel=\"noopener\">YouTube channel<\/a><\/p>\n<p>[\/vc_column_text]<div  class=\"jeg_block_heading jeg_block_heading_6 jeg_alignleft jnews_module__6_69ef9453810d9  alt \">\n                <h3 class=\"jeg_block_title\"><a href='\/video\/'><span>Video<\/span><\/a><\/h3>\n                \n            <\/div><div  class=\"jeg_postblock_15 jeg_postblock jeg_module_hook jeg_pagination_disable jeg_col_3o3 jnews_module__7_69ef94538138f   no-category\" data-unique=\"jnews_module__7_69ef94538138f\">\n\t\t\t\t\t\n\t\t\t\t\t<div class=\"jeg_block_container\">\n                    \n                    <div class=\"jeg_posts_wrap\"><div class=\"jeg_posts jeg_load_more_flag\"><article class=\"jeg_post jeg_pl_md_box format-standard\">\n                    <div class=\"box_wrap\">\n                        <div class=\"jeg_thumb\">\n                            \n                            <a href=\"https:\/\/www.eunews.it\/en\/2025\/12\/05\/ice-listens-to-europe-natos-new-procurement-policy-and-procedures\/\" aria-label=\"Read article: ICE listens to Europe: &#8220;NATO&#8217;s new procurement policy and procedures&#8221;\"><div class=\"thumbnail-container  size-715 \"><img decoding=\"async\" width=\"350\" height=\"250\" src=\"https:\/\/www.eunews.it\/wp-content\/uploads\/2025\/12\/AFP__20230710__33NJ8HP__v1__HighRes__LatviaItalyPoliticsDiplomacy-350x250.jpg\" class=\"attachment-jnews-350x250 size-jnews-350x250 wp-post-image\" alt=\"Italian, EU, NATO and Latvian flags are lined up ahead of the mmeeting of the Italian and Latvian Prime Ministers in Riga on July 10, 2023. (Photo by Gints Ivuskans \/ AFP)\" srcset=\"https:\/\/www.eunews.it\/wp-content\/uploads\/2025\/12\/AFP__20230710__33NJ8HP__v1__HighRes__LatviaItalyPoliticsDiplomacy-350x250.jpg 350w, https:\/\/www.eunews.it\/wp-content\/uploads\/2025\/12\/AFP__20230710__33NJ8HP__v1__HighRes__LatviaItalyPoliticsDiplomacy-120x86.jpg 120w, https:\/\/www.eunews.it\/wp-content\/uploads\/2025\/12\/AFP__20230710__33NJ8HP__v1__HighRes__LatviaItalyPoliticsDiplomacy-750x536.jpg 750w, https:\/\/www.eunews.it\/wp-content\/uploads\/2025\/12\/AFP__20230710__33NJ8HP__v1__HighRes__LatviaItalyPoliticsDiplomacy-1140x815.jpg 1140w\" sizes=\"(max-width: 350px) 100vw, 350px\" \/><\/div><\/a>\n                            <div class=\"jeg_post_category\">\n                                <span><a href=\"https:\/\/www.eunews.it\/en\/defence-security\/\" class=\"category-defence-security\">Defence &amp; Security<\/a><\/span>\n                            <\/div>\n                        <\/div>\n                        <div class=\"jeg_postblock_content\">\n                            <h3 class=\"jeg_post_title\">\n                                <a href=\"https:\/\/www.eunews.it\/en\/2025\/12\/05\/ice-listens-to-europe-natos-new-procurement-policy-and-procedures\/\">ICE listens to Europe: &#8220;NATO&#8217;s new procurement policy and procedures&#8221;<\/a>\n                            <\/h3>\n                            <div class=\"jeg_post_meta\"><div class=\"jeg_meta_date\"><a href=\"https:\/\/www.eunews.it\/en\/2025\/12\/05\/ice-listens-to-europe-natos-new-procurement-policy-and-procedures\/\"><i class=\"fa fa-clock-o\"><\/i> 5 December 2025<\/a><\/div><\/div>\n                        <\/div>\n                    <\/div>\n                <\/article><article class=\"jeg_post jeg_pl_md_box format-video\">\n                    <div class=\"box_wrap\">\n                        <div class=\"jeg_thumb\">\n                            \n                            <a href=\"https:\/\/www.eunews.it\/en\/2024\/05\/09\/colosseum-castello-sforzesco-mole-antonelliana-all-monuments-illuminated-on-europe-day\/\" aria-label=\"Read article: Colosseum, Castello Sforzesco, Mole Antonelliana. All monuments illuminated on Europe Day\"><div class=\"thumbnail-container  size-715 \"><img decoding=\"async\" width=\"350\" height=\"250\" src=\"https:\/\/www.eunews.it\/wp-content\/uploads\/2024\/05\/1715238888813_20240509_EP-169424A_IT_33_DOWNLOAD_LARGE-350x250.jpeg\" class=\"attachment-jnews-350x250 size-jnews-350x250 wp-post-image\" alt=\"Colosseo Monumenti Ue Giornata dell&#039;Europa\" srcset=\"https:\/\/www.eunews.it\/wp-content\/uploads\/2024\/05\/1715238888813_20240509_EP-169424A_IT_33_DOWNLOAD_LARGE-350x250.jpeg 350w, https:\/\/www.eunews.it\/wp-content\/uploads\/2024\/05\/1715238888813_20240509_EP-169424A_IT_33_DOWNLOAD_LARGE-120x86.jpeg 120w, https:\/\/www.eunews.it\/wp-content\/uploads\/2024\/05\/1715238888813_20240509_EP-169424A_IT_33_DOWNLOAD_LARGE-750x536.jpeg 750w, https:\/\/www.eunews.it\/wp-content\/uploads\/2024\/05\/1715238888813_20240509_EP-169424A_IT_33_DOWNLOAD_LARGE-1140x815.jpeg 1140w\" sizes=\"(max-width: 350px) 100vw, 350px\" \/><\/div><\/a>\n                            <div class=\"jeg_post_category\">\n                                <span><a href=\"https:\/\/www.eunews.it\/en\/general-news\/\" class=\"category-general-news\">General News<\/a><\/span>\n                            <\/div>\n                        <\/div>\n                        <div class=\"jeg_postblock_content\">\n                            <h3 class=\"jeg_post_title\">\n                                <a href=\"https:\/\/www.eunews.it\/en\/2024\/05\/09\/colosseum-castello-sforzesco-mole-antonelliana-all-monuments-illuminated-on-europe-day\/\">Colosseum, Castello Sforzesco, Mole Antonelliana. All monuments illuminated on Europe Day<\/a>\n                            <\/h3>\n                            <div class=\"jeg_post_meta\"><div class=\"jeg_meta_date\"><a href=\"https:\/\/www.eunews.it\/en\/2024\/05\/09\/colosseum-castello-sforzesco-mole-antonelliana-all-monuments-illuminated-on-europe-day\/\"><i class=\"fa fa-clock-o\"><\/i> 9 May 2024<\/a><\/div><\/div>\n                        <\/div>\n                    <\/div>\n                <\/article><article class=\"jeg_post jeg_pl_md_box format-video\">\n                    <div class=\"box_wrap\">\n                        <div class=\"jeg_thumb\">\n                            \n                            <a href=\"https:\/\/www.eunews.it\/en\/2024\/04\/18\/procaccini-we-need-a-more-realistic-and-pragmatic-europe-draghi-premature-to-talk-about-it-but-better-suited-to-the-eu-council\/\" aria-label=\"Read article: Procaccini: &#8220;We need a more realistic and pragmatic Europe.&#8221; &#8220;Draghi? Premature to talk about it, but better suited to the EU Council&#8221;\"><div class=\"thumbnail-container  size-715 \"><img decoding=\"async\" width=\"350\" height=\"250\" src=\"https:\/\/www.eunews.it\/wp-content\/uploads\/2024\/04\/Procaccini-350x250.webp\" class=\"attachment-jnews-350x250 size-jnews-350x250 wp-post-image\" alt=\"\" srcset=\"https:\/\/www.eunews.it\/wp-content\/uploads\/2024\/04\/Procaccini-350x250.webp 350w, https:\/\/www.eunews.it\/wp-content\/uploads\/2024\/04\/Procaccini-120x86.webp 120w, https:\/\/www.eunews.it\/wp-content\/uploads\/2024\/04\/Procaccini-750x536.webp 750w, https:\/\/www.eunews.it\/wp-content\/uploads\/2024\/04\/Procaccini-1140x815.webp 1140w\" sizes=\"(max-width: 350px) 100vw, 350px\" \/><\/div><\/a>\n                            <div class=\"jeg_post_category\">\n                                <span><a href=\"https:\/\/www.eunews.it\/en\/politics\/\" class=\"category-politics\">Politics<\/a><\/span>\n                            <\/div>\n                        <\/div>\n                        <div class=\"jeg_postblock_content\">\n                            <h3 class=\"jeg_post_title\">\n                                <a href=\"https:\/\/www.eunews.it\/en\/2024\/04\/18\/procaccini-we-need-a-more-realistic-and-pragmatic-europe-draghi-premature-to-talk-about-it-but-better-suited-to-the-eu-council\/\">Procaccini: &#8220;We need a more realistic and pragmatic Europe.&#8221; &#8220;Draghi? Premature to talk about it, but better suited to the EU Council&#8221;<\/a>\n                            <\/h3>\n                            <div class=\"jeg_post_meta\"><div class=\"jeg_meta_date\"><a href=\"https:\/\/www.eunews.it\/en\/2024\/04\/18\/procaccini-we-need-a-more-realistic-and-pragmatic-europe-draghi-premature-to-talk-about-it-but-better-suited-to-the-eu-council\/\"><i class=\"fa fa-clock-o\"><\/i> 18 April 2024<\/a><\/div><\/div>\n                        <\/div>\n                    <\/div>\n                <\/article><\/div><\/div>\n                    <div class='module-overlay'>\n\t\t\t\t    <div class='preloader_type preloader_dot'>\n\t\t\t\t        <div class=\"module-preloader jeg_preloader dot\">\n\t\t\t\t            <span><\/span><span><\/span><span><\/span>\n\t\t\t\t        <\/div>\n\t\t\t\t        <div class=\"module-preloader jeg_preloader circle\">\n\t\t\t\t            <div class=\"jnews_preloader_circle_outer\">\n\t\t\t\t                <div class=\"jnews_preloader_circle_inner\"><\/div>\n\t\t\t\t            <\/div>\n\t\t\t\t        <\/div>\n\t\t\t\t        <div class=\"module-preloader jeg_preloader square\">\n\t\t\t\t            <div class=\"jeg_square\">\n\t\t\t\t                <div class=\"jeg_square_inner\"><\/div>\n\t\t\t\t            <\/div>\n\t\t\t\t        <\/div>\n\t\t\t\t    <\/div>\n\t\t\t\t<\/div>\n                <\/div>\n                <div class=\"jeg_block_navigation\">\n                    <div class='navigation_overlay'><div class='module-preloader jeg_preloader'><span><\/span><span><\/span><span><\/span><\/div><\/div>\n                    \n                    \n                <\/div>\n\t\t\t\t\t\n\t\t\t\t\t<script>var jnews_module__7_69ef94538138f = {\"header_icon\":\"\",\"first_title\":\"\",\"second_title\":\"\",\"url\":\"\",\"header_type\":\"heading_6\",\"header_background\":\"\",\"header_secondary_background\":\"\",\"header_text_color\":\"\",\"header_line_color\":\"\",\"header_accent_color\":\"\",\"header_filter_category\":\"\",\"header_filter_author\":\"\",\"header_filter_tag\":\"\",\"header_filter_cpt_categorie_true\":\"\",\"header_filter_cpt_categorie_eventi\":\"\",\"header_filter_cpt_post_tag\":\"\",\"header_filter_cpt_series\":\"\",\"header_filter_text\":\"All\",\"sticky_post\":false,\"sticky_post_filter\":false,\"post_type\":\"post\",\"content_type\":\"video\",\"sponsor\":\"\",\"number_post\":\"3\",\"post_offset\":\"0\",\"unique_content\":\"disable\",\"include_post\":\"\",\"included_only\":\"\",\"exclude_post\":\"\",\"include_category\":\"\",\"exclude_category\":\"\",\"include_author\":\"\",\"include_tag\":\"\",\"exclude_tag\":\"\",\"exclude_visited_post\":false,\"categorie_true\":\"\",\"categorie_eventi\":\"\",\"post_tag\":\"\",\"series\":\"\",\"sort_by\":\"latest\",\"date_format\":\"default\",\"date_format_custom\":\"Y\\\/m\\\/d\",\"force_normal_image_load\":\"\",\"main_custom_image_size\":\"default\",\"pagination_mode\":\"disable\",\"pagination_nextprev_showtext\":\"\",\"pagination_number_post\":4,\"pagination_scroll_limit\":0,\"el_id\":\"\",\"el_class\":\"no-category\",\"scheme\":\"\",\"column_width\":\"auto\",\"title_color\":\"\",\"accent_color\":\"\",\"alt_color\":\"\",\"excerpt_color\":\"\",\"css\":\"\",\"compatible_column_notice\":\"\",\"paged\":1,\"column_class\":\"jeg_col_3o3\",\"class\":\"jnews_block_15\"};<\/script>\n\t\t\t\t<\/div>[\/vc_column][\/vc_row][vc_row][vc_column][vc_empty_space height=&#8221;64px&#8221;][\/vc_column][\/vc_row][vc_row][vc_column width=&#8221;2\/3&#8243;]<div  class=\"jeg_postblock_14 jeg_postblock jeg_module_hook jeg_pagination_disable jeg_col_3o3 jnews_module__8_69ef945384144   editoriale robustelli\" data-unique=\"jnews_module__8_69ef945384144\">\n\t\t\t\t\t<div class=\"jeg_block_heading jeg_block_heading_8 jeg_subcat_right\">\n                     <h3 class=\"jeg_block_title\"><span>The Director\u2019s Point of View<\/span><\/h3>\n                     \n                 <\/div>\n\t\t\t\t\t<div class=\"jeg_block_container\">\n                    \n                    <div class=\"jeg_posts_wrap\">\n                    <div class=\"jeg_postbig\">\n                        <article class=\"jeg_post jeg_pl_lg_box format-standard\">\n                            <div class=\"box_wrap\">\n                                <div class=\"jeg_thumb\">\n                        \n                        <a href=\"https:\/\/www.eunews.it\/en\/2026\/04\/16\/disgust-proved-stronger-than-the-desire-for-democracy\/\" aria-label=\"Read article: Disgust proved stronger than the desire for democracy\"><div class=\"thumbnail-container  size-500 \"><img decoding=\"async\" width=\"1140\" height=\"570\" src=\"https:\/\/www.eunews.it\/wp-content\/uploads\/2026\/04\/Imagoeconomica_2691531-1140x570.jpg\" class=\"attachment-jnews-1140x570 size-jnews-1140x570 wp-post-image\" alt=\"VIKTOR ORBAN PRIMO MINISTRO UNGHERIA, JAMES DAVID JD VANCE VICEPRESIDENTE STATI UNITI\" srcset=\"https:\/\/www.eunews.it\/wp-content\/uploads\/2026\/04\/Imagoeconomica_2691531-1140x570.jpg 1140w, https:\/\/www.eunews.it\/wp-content\/uploads\/2026\/04\/Imagoeconomica_2691531-360x180.jpg 360w, https:\/\/www.eunews.it\/wp-content\/uploads\/2026\/04\/Imagoeconomica_2691531-750x375.jpg 750w\" sizes=\"(max-width: 1140px) 100vw, 1140px\" \/><\/div><\/a>\n                    <\/div>\n                    <div class=\"jeg_postblock_content\">\n                        <div class=\"jeg_post_category\">\n                            <span><a href=\"https:\/\/www.eunews.it\/en\/directors-point-of-view\/\" class=\"category-directors-point-of-view\">Director&#039;s Point of View<\/a><\/span>\n                        <\/div>\n                        <h3 class=\"jeg_post_title\">\n                            <a href=\"https:\/\/www.eunews.it\/en\/2026\/04\/16\/disgust-proved-stronger-than-the-desire-for-democracy\/\">Disgust proved stronger than the desire for democracy<\/a>\n                        <\/h3>\n                        <div class=\"jeg_post_meta\"><div class=\"jeg_meta_author\"><span class=\"by\">by<\/span> <a href=\"https:\/\/www.eunews.it\/en\/author\/lorenzorobustelli\/\">Lorenzo Robustelli<\/a> <a class=\"social twitter\" href=\"https:\/\/twitter.com\/@LRobustelli\" target=\"_blank\" rel=\"noopener\">@LRobustelli<\/a><\/a><\/div><div class=\"jeg_meta_date\"><a href=\"https:\/\/www.eunews.it\/en\/2026\/04\/16\/disgust-proved-stronger-than-the-desire-for-democracy\/\"><i class=\"fa fa-clock-o\"><\/i> 16 April 2026<\/a><\/div><\/div>\n                    <\/div>\n                            <\/div>\n                        <\/article>\n                    <\/div>\n                    <div class=\"jeg_posts jeg_load_more_flag\">\n                        \n                    <\/div>\n                <\/div>\n                    <div class='module-overlay'>\n\t\t\t\t    <div class='preloader_type preloader_dot'>\n\t\t\t\t        <div class=\"module-preloader jeg_preloader dot\">\n\t\t\t\t            <span><\/span><span><\/span><span><\/span>\n\t\t\t\t        <\/div>\n\t\t\t\t        <div class=\"module-preloader jeg_preloader circle\">\n\t\t\t\t            <div class=\"jnews_preloader_circle_outer\">\n\t\t\t\t                <div class=\"jnews_preloader_circle_inner\"><\/div>\n\t\t\t\t            <\/div>\n\t\t\t\t        <\/div>\n\t\t\t\t        <div class=\"module-preloader jeg_preloader square\">\n\t\t\t\t            <div class=\"jeg_square\">\n\t\t\t\t                <div class=\"jeg_square_inner\"><\/div>\n\t\t\t\t            <\/div>\n\t\t\t\t        <\/div>\n\t\t\t\t    <\/div>\n\t\t\t\t<\/div>\n                <\/div>\n                <div class=\"jeg_block_navigation\">\n                    <div class='navigation_overlay'><div class='module-preloader jeg_preloader'><span><\/span><span><\/span><span><\/span><\/div><\/div>\n                    \n                    \n                <\/div>\n\t\t\t\t\t\n\t\t\t\t\t<script>var jnews_module__8_69ef945384144 = {\"header_icon\":\"\",\"first_title\":\"The Director\\u2019s Point of View\",\"second_title\":\"\",\"url\":\"\",\"header_type\":\"heading_8\",\"header_background\":\"\",\"header_secondary_background\":\"\",\"header_text_color\":\"\",\"header_line_color\":\"\",\"header_accent_color\":\"\",\"header_filter_category\":\"\",\"header_filter_author\":\"\",\"header_filter_tag\":\"\",\"header_filter_cpt_categorie_true\":\"\",\"header_filter_cpt_categorie_eventi\":\"\",\"header_filter_cpt_post_tag\":\"\",\"header_filter_cpt_series\":\"\",\"header_filter_text\":\"All\",\"sticky_post\":false,\"sticky_post_filter\":false,\"post_type\":\"post\",\"content_type\":\"all\",\"sponsor\":\"\",\"number_post\":\"1\",\"post_offset\":\"0\",\"unique_content\":\"disable\",\"include_post\":\"\",\"included_only\":\"\",\"exclude_post\":\"\",\"include_category\":\"\",\"exclude_category\":\"\",\"include_author\":\"77\",\"include_tag\":\"\",\"exclude_tag\":\"\",\"exclude_visited_post\":false,\"categorie_true\":\"\",\"categorie_eventi\":\"\",\"post_tag\":\"\",\"series\":\"\",\"sort_by\":\"latest\",\"date_format\":\"default\",\"date_format_custom\":\"Y\\\/m\\\/d\",\"force_normal_image_load\":\"\",\"main_custom_image_size\":\"default\",\"second_custom_image_size\":\"default\",\"pagination_mode\":\"disable\",\"pagination_nextprev_showtext\":\"\",\"pagination_number_post\":4,\"pagination_scroll_limit\":0,\"boxed\":\"\",\"boxed_shadow\":\"\",\"el_id\":\"\",\"el_class\":\"editoriale robustelli\",\"scheme\":\"\",\"column_width\":\"auto\",\"title_color\":\"\",\"accent_color\":\"\",\"alt_color\":\"\",\"excerpt_color\":\"\",\"css\":\"\",\"compatible_column_notice\":\"\",\"paged\":1,\"column_class\":\"jeg_col_3o3\",\"class\":\"jnews_block_14\"};<\/script>\n\t\t\t\t<\/div>[vc_row_inner][vc_column_inner width=&#8221;1\/2&#8243;]<div  class=\"jeg_postblock_20 jeg_postblock jeg_module_hook jeg_pagination_disable jeg_col_3o3 jnews_module__9_69ef94538a7e4   \" data-unique=\"jnews_module__9_69ef94538a7e4\">\n\t\t\t\t\t<div class=\"jeg_block_heading jeg_block_heading_6 jeg_subcat_right\">\n                     <h3 class=\"jeg_block_title\"><a href='\/en\/politics\/'><span>Politics<\/span><\/a><\/h3>\n                     \n                 <\/div>\n\t\t\t\t\t<div class=\"jeg_block_container\">\n                    \n                    <div class=\"jeg_postsmall jeg_load_more_flag\">\n                            <article class=\"jeg_post jeg_pl_sm format-standard\">\n                    <div class=\"jeg_thumb\">\n                        \n                        <a href=\"https:\/\/www.eunews.it\/en\/2026\/04\/24\/the-european-council-faces-an-uphill-battle-over-the-budget-meloni-extremely-difficult-negotiations\/\" aria-label=\"Read article: The European Council faces an uphill battle over the budget. Meloni: &#8220;Extremely difficult negotiations&#8221;\"><div class=\"thumbnail-container  size-715 \"><img decoding=\"async\" width=\"120\" height=\"86\" src=\"https:\/\/www.eunews.it\/wp-content\/uploads\/2026\/04\/bilancio-ue-120x86.png\" class=\"attachment-jnews-120x86 size-jnews-120x86 wp-post-image\" alt=\"\" srcset=\"https:\/\/www.eunews.it\/wp-content\/uploads\/2026\/04\/bilancio-ue-120x86.png 120w, https:\/\/www.eunews.it\/wp-content\/uploads\/2026\/04\/bilancio-ue-350x250.png 350w, https:\/\/www.eunews.it\/wp-content\/uploads\/2026\/04\/bilancio-ue-750x536.png 750w\" sizes=\"(max-width: 120px) 100vw, 120px\" \/><\/div><\/a>\n                    <\/div>\n                    <div class=\"jeg_postblock_content\">\n                                    <h3 class=\"jeg_post_title\">\n                                        <a href=\"https:\/\/www.eunews.it\/en\/2026\/04\/24\/the-european-council-faces-an-uphill-battle-over-the-budget-meloni-extremely-difficult-negotiations\/\">The European Council faces an uphill battle over the budget. Meloni: &#8220;Extremely difficult negotiations&#8221;<\/a>\n                                    <\/h3>\n                                    <div class=\"jeg_post_meta\"><div class=\"jeg_meta_date\"><a href=\"https:\/\/www.eunews.it\/en\/2026\/04\/24\/the-european-council-faces-an-uphill-battle-over-the-budget-meloni-extremely-difficult-negotiations\/\"><i class=\"fa fa-clock-o\"><\/i> 24 April 2026<\/a><\/div><\/div>\n                                <\/div>\n                <\/article><article class=\"jeg_post jeg_pl_sm format-standard\">\n                    <div class=\"jeg_thumb\">\n                        \n                        <a href=\"https:\/\/www.eunews.it\/en\/2026\/04\/24\/the-eu-budget-the-energy-crisis-and-ukraine-the-topics-on-the-agenda-at-the-eu-parliaments-plenary-session\/\" aria-label=\"Read article: The EU budget, the energy crisis and Ukraine: the topics on the agenda at the EU Parliament\u2019s plenary session\"><div class=\"thumbnail-container  size-715 \"><img decoding=\"async\" width=\"120\" height=\"86\" src=\"https:\/\/www.eunews.it\/wp-content\/uploads\/2026\/04\/1648376622310_20210607_EP-115681A_CU2_1609-120x86.jpg\" class=\"attachment-jnews-120x86 size-jnews-120x86 wp-post-image\" alt=\"L&#039;aula del Parlamento europeo nella sede di Strasburgo. Fonte:\" srcset=\"https:\/\/www.eunews.it\/wp-content\/uploads\/2026\/04\/1648376622310_20210607_EP-115681A_CU2_1609-120x86.jpg 120w, https:\/\/www.eunews.it\/wp-content\/uploads\/2026\/04\/1648376622310_20210607_EP-115681A_CU2_1609-350x250.jpg 350w, https:\/\/www.eunews.it\/wp-content\/uploads\/2026\/04\/1648376622310_20210607_EP-115681A_CU2_1609-750x536.jpg 750w, https:\/\/www.eunews.it\/wp-content\/uploads\/2026\/04\/1648376622310_20210607_EP-115681A_CU2_1609-1140x815.jpg 1140w\" sizes=\"(max-width: 120px) 100vw, 120px\" \/><\/div><\/a>\n                    <\/div>\n                    <div class=\"jeg_postblock_content\">\n                                    <h3 class=\"jeg_post_title\">\n                                        <a href=\"https:\/\/www.eunews.it\/en\/2026\/04\/24\/the-eu-budget-the-energy-crisis-and-ukraine-the-topics-on-the-agenda-at-the-eu-parliaments-plenary-session\/\">The EU budget, the energy crisis and Ukraine: the topics on the agenda at the EU Parliament\u2019s plenary session<\/a>\n                                    <\/h3>\n                                    <div class=\"jeg_post_meta\"><div class=\"jeg_meta_date\"><a href=\"https:\/\/www.eunews.it\/en\/2026\/04\/24\/the-eu-budget-the-energy-crisis-and-ukraine-the-topics-on-the-agenda-at-the-eu-parliaments-plenary-session\/\"><i class=\"fa fa-clock-o\"><\/i> 24 April 2026<\/a><\/div><\/div>\n                                <\/div>\n                <\/article><article class=\"jeg_post jeg_pl_sm format-standard\">\n                    <div class=\"jeg_thumb\">\n                        \n                        <a href=\"https:\/\/www.eunews.it\/en\/2026\/04\/23\/enlargement-eu-leaders-attempt-to-launch-ukraines-accession-process\/\" aria-label=\"Read article: Enlargement: EU leaders attempt to launch Ukraine\u2019s accession process\"><div class=\"thumbnail-container  size-715 \"><img decoding=\"async\" width=\"120\" height=\"86\" src=\"https:\/\/www.eunews.it\/wp-content\/uploads\/2023\/12\/iStock-653865526-120x86.jpg\" class=\"attachment-jnews-120x86 size-jnews-120x86 wp-post-image\" alt=\"Ucraina Allargamento Ue\" srcset=\"https:\/\/www.eunews.it\/wp-content\/uploads\/2023\/12\/iStock-653865526-120x86.jpg 120w, https:\/\/www.eunews.it\/wp-content\/uploads\/2023\/12\/iStock-653865526-350x250.jpg 350w, https:\/\/www.eunews.it\/wp-content\/uploads\/2023\/12\/iStock-653865526-750x536.jpg 750w, https:\/\/www.eunews.it\/wp-content\/uploads\/2023\/12\/iStock-653865526-1140x815.jpg 1140w\" sizes=\"(max-width: 120px) 100vw, 120px\" \/><\/div><\/a>\n                    <\/div>\n                    <div class=\"jeg_postblock_content\">\n                                    <h3 class=\"jeg_post_title\">\n                                        <a href=\"https:\/\/www.eunews.it\/en\/2026\/04\/23\/enlargement-eu-leaders-attempt-to-launch-ukraines-accession-process\/\">Enlargement: EU leaders attempt to launch Ukraine\u2019s accession process<\/a>\n                                    <\/h3>\n                                    <div class=\"jeg_post_meta\"><div class=\"jeg_meta_date\"><a href=\"https:\/\/www.eunews.it\/en\/2026\/04\/23\/enlargement-eu-leaders-attempt-to-launch-ukraines-accession-process\/\"><i class=\"fa fa-clock-o\"><\/i> 23 April 2026<\/a><\/div><\/div>\n                                <\/div>\n                <\/article><article class=\"jeg_post jeg_pl_xs format-standard\">\n                    <div class=\"jeg_postblock_content\">\n                                    <h3 class=\"jeg_post_title\">\n                                        <a href=\"https:\/\/www.eunews.it\/en\/2026\/04\/22\/the-eu-must-protect-journalism-from-ai-m5s-event-with-cancellato-at-the-eu-parliament\/\">&#8220;The EU must protect journalism from AI&#8221;: M5S event with Cancellato at the EU Parliament<\/a>\n                                    <\/h3>\n                                    <div class=\"jeg_post_meta\"><div class=\"jeg_meta_date\"><a href=\"https:\/\/www.eunews.it\/en\/2026\/04\/22\/the-eu-must-protect-journalism-from-ai-m5s-event-with-cancellato-at-the-eu-parliament\/\"><i class=\"fa fa-clock-o\"><\/i> 22 April 2026<\/a><\/div><\/div>\n                                <\/div>\n                <\/article><article class=\"jeg_post jeg_pl_xs format-standard\">\n                    <div class=\"jeg_postblock_content\">\n                                    <h3 class=\"jeg_post_title\">\n                                        <a href=\"https:\/\/www.eunews.it\/en\/2026\/04\/22\/beyond-unforeseeable-crises-the-eesc-charts-a-course-for-europes-future\/\">Beyond unforeseeable crises: the EESC charts a course for Europe&#8217;s future<\/a>\n                                    <\/h3>\n                                    <div class=\"jeg_post_meta\"><div class=\"jeg_meta_date\"><a href=\"https:\/\/www.eunews.it\/en\/2026\/04\/22\/beyond-unforeseeable-crises-the-eesc-charts-a-course-for-europes-future\/\"><i class=\"fa fa-clock-o\"><\/i> 22 April 2026<\/a><\/div><\/div>\n                                <\/div>\n                <\/article><article class=\"jeg_post jeg_pl_xs format-standard\">\n                    <div class=\"jeg_postblock_content\">\n                                    <h3 class=\"jeg_post_title\">\n                                        <a href=\"https:\/\/www.eunews.it\/en\/2026\/04\/20\/elections-in-bulgaria-the-eu-welcomes-radev-but-doubts-remain-about-his-stance-towards-kyiv\/\">Elections in Bulgaria: the EU welcomes Radev\u2014but doubts remain about his stance towards Kyiv<\/a>\n                                    <\/h3>\n                                    <div class=\"jeg_post_meta\"><div class=\"jeg_meta_date\"><a href=\"https:\/\/www.eunews.it\/en\/2026\/04\/20\/elections-in-bulgaria-the-eu-welcomes-radev-but-doubts-remain-about-his-stance-towards-kyiv\/\"><i class=\"fa fa-clock-o\"><\/i> 20 April 2026<\/a><\/div><\/div>\n                                <\/div>\n                <\/article>\n                        <\/div>\n                    <div class='module-overlay'>\n\t\t\t\t    <div class='preloader_type preloader_dot'>\n\t\t\t\t        <div class=\"module-preloader jeg_preloader dot\">\n\t\t\t\t            <span><\/span><span><\/span><span><\/span>\n\t\t\t\t        <\/div>\n\t\t\t\t        <div class=\"module-preloader jeg_preloader circle\">\n\t\t\t\t            <div class=\"jnews_preloader_circle_outer\">\n\t\t\t\t                <div class=\"jnews_preloader_circle_inner\"><\/div>\n\t\t\t\t            <\/div>\n\t\t\t\t        <\/div>\n\t\t\t\t        <div class=\"module-preloader jeg_preloader square\">\n\t\t\t\t            <div class=\"jeg_square\">\n\t\t\t\t                <div class=\"jeg_square_inner\"><\/div>\n\t\t\t\t            <\/div>\n\t\t\t\t        <\/div>\n\t\t\t\t    <\/div>\n\t\t\t\t<\/div>\n                <\/div>\n                <div class=\"jeg_block_navigation\">\n                    <div class='navigation_overlay'><div class='module-preloader jeg_preloader'><span><\/span><span><\/span><span><\/span><\/div><\/div>\n                    \n                    \n                <\/div>\n\t\t\t\t\t\n\t\t\t\t\t<script>var jnews_module__9_69ef94538a7e4 = {\"header_icon\":\"\",\"first_title\":\"Politics\",\"second_title\":\"\",\"url\":\"\\\/en\\\/politics\\\/\",\"header_type\":\"heading_6\",\"header_background\":\"\",\"header_secondary_background\":\"\",\"header_text_color\":\"\",\"header_line_color\":\"\",\"header_accent_color\":\"\",\"header_filter_category\":\"\",\"header_filter_author\":\"\",\"header_filter_tag\":\"\",\"header_filter_cpt_categorie_true\":\"\",\"header_filter_cpt_categorie_eventi\":\"\",\"header_filter_cpt_post_tag\":\"\",\"header_filter_cpt_series\":\"\",\"header_filter_text\":\"All\",\"sticky_post\":false,\"sticky_post_filter\":false,\"post_type\":\"post\",\"content_type\":\"all\",\"sponsor\":\"\",\"number_post\":\"6\",\"post_offset\":\"0\",\"unique_content\":\"unique1\",\"include_post\":\"\",\"included_only\":\"\",\"exclude_post\":\"414792,415017,415144,415163,415328,415369,415387,415393,415404,415416,415448,415473,415540,415552,415695,415893,415976,451529,451485,451324,451272,451172\",\"include_category\":\"606\",\"exclude_category\":\"\",\"include_author\":\"\",\"include_tag\":\"\",\"exclude_tag\":\"\",\"exclude_visited_post\":false,\"categorie_true\":\"\",\"categorie_eventi\":\"\",\"post_tag\":\"\",\"series\":\"\",\"sort_by\":\"latest\",\"date_format\":\"default\",\"date_format_custom\":\"Y\\\/m\\\/d\",\"force_normal_image_load\":\"\",\"main_custom_image_size\":\"default\",\"pagination_mode\":\"disable\",\"pagination_nextprev_showtext\":\"\",\"pagination_number_post\":6,\"pagination_scroll_limit\":0,\"boxed\":\"\",\"boxed_shadow\":\"\",\"el_id\":\"\",\"el_class\":\"\",\"scheme\":\"\",\"column_width\":\"auto\",\"title_color\":\"\",\"accent_color\":\"\",\"alt_color\":\"\",\"excerpt_color\":\"\",\"css\":\"\",\"compatible_column_notice\":\"\",\"paged\":1,\"column_class\":\"jeg_col_3o3\",\"class\":\"jnews_block_20\"};<\/script>\n\t\t\t\t<\/div>[\/vc_column_inner][vc_column_inner width=&#8221;1\/2&#8243;]<div  class=\"jeg_postblock_20 jeg_postblock jeg_module_hook jeg_pagination_disable jeg_col_3o3 jnews_module__10_69ef9453cd7d1   \" data-unique=\"jnews_module__10_69ef9453cd7d1\">\n\t\t\t\t\t<div class=\"jeg_block_heading jeg_block_heading_6 jeg_subcat_right\">\n                     <h3 class=\"jeg_block_title\"><a href='\/en\/world-politics\/'><span>World<\/span><\/a><\/h3>\n                     \n                 <\/div>\n\t\t\t\t\t<div class=\"jeg_block_container\">\n                    \n                    <div class=\"jeg_postsmall jeg_load_more_flag\">\n                            <article class=\"jeg_post jeg_pl_sm format-standard\">\n                    <div class=\"jeg_thumb\">\n                        \n                        <a href=\"https:\/\/www.eunews.it\/en\/2026\/04\/27\/the-eu-advises-the-flotilla-not-to-sail-to-gaza-peoples-safety-is-at-risk\/\" aria-label=\"Read article: The EU advises the Flotilla not to sail to Gaza: &#8220;People&#8217;s safety is at risk&#8221;\"><div class=\"thumbnail-container  size-715 \"><img decoding=\"async\" width=\"120\" height=\"86\" src=\"https:\/\/www.eunews.it\/wp-content\/uploads\/2026\/04\/Imagoeconomica_2691607-120x86.jpg\" class=\"attachment-jnews-120x86 size-jnews-120x86 wp-post-image\" alt=\"LUNGOMARE  STARITA     SALPA DA BARI LA NAVE UMANITARIA GLOBAL SUMUD FLOTILLA PER LA MISSIONE SPRINGS 2026 BANDIERA PALESTINA\" srcset=\"https:\/\/www.eunews.it\/wp-content\/uploads\/2026\/04\/Imagoeconomica_2691607-120x86.jpg 120w, https:\/\/www.eunews.it\/wp-content\/uploads\/2026\/04\/Imagoeconomica_2691607-350x250.jpg 350w, https:\/\/www.eunews.it\/wp-content\/uploads\/2026\/04\/Imagoeconomica_2691607-750x536.jpg 750w, https:\/\/www.eunews.it\/wp-content\/uploads\/2026\/04\/Imagoeconomica_2691607-1140x815.jpg 1140w\" sizes=\"(max-width: 120px) 100vw, 120px\" \/><\/div><\/a>\n                    <\/div>\n                    <div class=\"jeg_postblock_content\">\n                                    <h3 class=\"jeg_post_title\">\n                                        <a href=\"https:\/\/www.eunews.it\/en\/2026\/04\/27\/the-eu-advises-the-flotilla-not-to-sail-to-gaza-peoples-safety-is-at-risk\/\">The EU advises the Flotilla not to sail to Gaza: &#8220;People&#8217;s safety is at risk&#8221;<\/a>\n                                    <\/h3>\n                                    <div class=\"jeg_post_meta\"><div class=\"jeg_meta_date\"><a href=\"https:\/\/www.eunews.it\/en\/2026\/04\/27\/the-eu-advises-the-flotilla-not-to-sail-to-gaza-peoples-safety-is-at-risk\/\"><i class=\"fa fa-clock-o\"><\/i> 27 April 2026<\/a><\/div><\/div>\n                                <\/div>\n                <\/article><article class=\"jeg_post jeg_pl_sm format-standard\">\n                    <div class=\"jeg_thumb\">\n                        \n                        <a href=\"https:\/\/www.eunews.it\/en\/2026\/04\/27\/hormuz-cables-europe\/\" aria-label=\"Read article: Hormuz, the digital cables and a naked Europe\"><div class=\"thumbnail-container  size-715 \"><img decoding=\"async\" width=\"120\" height=\"86\" src=\"https:\/\/www.eunews.it\/wp-content\/uploads\/2026\/04\/Cavo-sottomarino-120x86.jpg\" class=\"attachment-jnews-120x86 size-jnews-120x86 wp-post-image\" alt=\"TYRRHENIAN LINK CAVO CAVI SOTTOMARINO SOTTOMARINI POSA  SUB TERNA\" srcset=\"https:\/\/www.eunews.it\/wp-content\/uploads\/2026\/04\/Cavo-sottomarino-120x86.jpg 120w, https:\/\/www.eunews.it\/wp-content\/uploads\/2026\/04\/Cavo-sottomarino-350x250.jpg 350w, https:\/\/www.eunews.it\/wp-content\/uploads\/2026\/04\/Cavo-sottomarino-750x536.jpg 750w, https:\/\/www.eunews.it\/wp-content\/uploads\/2026\/04\/Cavo-sottomarino-1140x815.jpg 1140w\" sizes=\"(max-width: 120px) 100vw, 120px\" \/><\/div><\/a>\n                    <\/div>\n                    <div class=\"jeg_postblock_content\">\n                                    <h3 class=\"jeg_post_title\">\n                                        <a href=\"https:\/\/www.eunews.it\/en\/2026\/04\/27\/hormuz-cables-europe\/\">Hormuz, the digital cables and a naked Europe<\/a>\n                                    <\/h3>\n                                    <div class=\"jeg_post_meta\"><div class=\"jeg_meta_date\"><a href=\"https:\/\/www.eunews.it\/en\/2026\/04\/27\/hormuz-cables-europe\/\"><i class=\"fa fa-clock-o\"><\/i> 27 April 2026<\/a><\/div><\/div>\n                                <\/div>\n                <\/article><article class=\"jeg_post jeg_pl_sm format-standard\">\n                    <div class=\"jeg_thumb\">\n                        \n                        <a href=\"https:\/\/www.eunews.it\/en\/2026\/04\/27\/eu-accuses-israel-of-obstructing-humanitarian-ngos-in-gaza\/\" aria-label=\"Read article: EU accuses Israel of &#8220;obstructing humanitarian NGOs in Gaza&#8221;\"><div class=\"thumbnail-container  size-715 \"><img decoding=\"async\" width=\"120\" height=\"86\" src=\"https:\/\/www.eunews.it\/wp-content\/uploads\/2025\/10\/AFP__20251020__79D3864__v2__HighRes__PalestinianIsraelConflictGaza-120x86.jpg\" class=\"attachment-jnews-120x86 size-jnews-120x86 wp-post-image\" alt=\"gaza\" srcset=\"https:\/\/www.eunews.it\/wp-content\/uploads\/2025\/10\/AFP__20251020__79D3864__v2__HighRes__PalestinianIsraelConflictGaza-120x86.jpg 120w, https:\/\/www.eunews.it\/wp-content\/uploads\/2025\/10\/AFP__20251020__79D3864__v2__HighRes__PalestinianIsraelConflictGaza-350x250.jpg 350w, https:\/\/www.eunews.it\/wp-content\/uploads\/2025\/10\/AFP__20251020__79D3864__v2__HighRes__PalestinianIsraelConflictGaza-750x536.jpg 750w, https:\/\/www.eunews.it\/wp-content\/uploads\/2025\/10\/AFP__20251020__79D3864__v2__HighRes__PalestinianIsraelConflictGaza-1140x815.jpg 1140w\" sizes=\"(max-width: 120px) 100vw, 120px\" \/><\/div><\/a>\n                    <\/div>\n                    <div class=\"jeg_postblock_content\">\n                                    <h3 class=\"jeg_post_title\">\n                                        <a href=\"https:\/\/www.eunews.it\/en\/2026\/04\/27\/eu-accuses-israel-of-obstructing-humanitarian-ngos-in-gaza\/\">EU accuses Israel of &#8220;obstructing humanitarian NGOs in Gaza&#8221;<\/a>\n                                    <\/h3>\n                                    <div class=\"jeg_post_meta\"><div class=\"jeg_meta_date\"><a href=\"https:\/\/www.eunews.it\/en\/2026\/04\/27\/eu-accuses-israel-of-obstructing-humanitarian-ngos-in-gaza\/\"><i class=\"fa fa-clock-o\"><\/i> 27 April 2026<\/a><\/div><\/div>\n                                <\/div>\n                <\/article><article class=\"jeg_post jeg_pl_xs format-standard\">\n                    <div class=\"jeg_postblock_content\">\n                                    <h3 class=\"jeg_post_title\">\n                                        <a href=\"https:\/\/www.eunews.it\/en\/2026\/04\/24\/von-der-leyen-to-middle-eastern-leaders-in-times-of-crisis-bonds-grow-stronger\/\">Von der Leyen to Middle Eastern leaders: &#8220;In times of crisis, bonds grow stronger&#8221;<\/a>\n                                    <\/h3>\n                                    <div class=\"jeg_post_meta\"><div class=\"jeg_meta_date\"><a href=\"https:\/\/www.eunews.it\/en\/2026\/04\/24\/von-der-leyen-to-middle-eastern-leaders-in-times-of-crisis-bonds-grow-stronger\/\"><i class=\"fa fa-clock-o\"><\/i> 24 April 2026<\/a><\/div><\/div>\n                                <\/div>\n                <\/article><article class=\"jeg_post jeg_pl_xs format-standard\">\n                    <div class=\"jeg_postblock_content\">\n                                    <h3 class=\"jeg_post_title\">\n                                        <a href=\"https:\/\/www.eunews.it\/en\/2026\/04\/24\/ukraines-eu-accession-gains-momentum-as-kos-says-integration-is-increasingly-essential\/\">Ukraine\u2019s EU accession gains momentum as Kos says \u201cintegration is increasingly essential\u201d<\/a>\n                                    <\/h3>\n                                    <div class=\"jeg_post_meta\"><div class=\"jeg_meta_date\"><a href=\"https:\/\/www.eunews.it\/en\/2026\/04\/24\/ukraines-eu-accession-gains-momentum-as-kos-says-integration-is-increasingly-essential\/\"><i class=\"fa fa-clock-o\"><\/i> 24 April 2026<\/a><\/div><\/div>\n                                <\/div>\n                <\/article><article class=\"jeg_post jeg_pl_xs format-standard\">\n                    <div class=\"jeg_postblock_content\">\n                                    <h3 class=\"jeg_post_title\">\n                                        <a href=\"https:\/\/www.eunews.it\/en\/2026\/04\/23\/eu-gives-final-green-light-to-aid-for-kyiv-and-sanctions-against-moscow-zelenskyy-an-important-day\/\">EU gives final green light to aid for Kyiv and sanctions against Moscow. Zelenskyy: &#8220;An important day&#8221;<\/a>\n                                    <\/h3>\n                                    <div class=\"jeg_post_meta\"><div class=\"jeg_meta_date\"><a href=\"https:\/\/www.eunews.it\/en\/2026\/04\/23\/eu-gives-final-green-light-to-aid-for-kyiv-and-sanctions-against-moscow-zelenskyy-an-important-day\/\"><i class=\"fa fa-clock-o\"><\/i> 23 April 2026<\/a><\/div><\/div>\n                                <\/div>\n                <\/article>\n                        <\/div>\n                    <div class='module-overlay'>\n\t\t\t\t    <div class='preloader_type preloader_dot'>\n\t\t\t\t        <div class=\"module-preloader jeg_preloader dot\">\n\t\t\t\t            <span><\/span><span><\/span><span><\/span>\n\t\t\t\t        <\/div>\n\t\t\t\t        <div class=\"module-preloader jeg_preloader circle\">\n\t\t\t\t            <div class=\"jnews_preloader_circle_outer\">\n\t\t\t\t                <div class=\"jnews_preloader_circle_inner\"><\/div>\n\t\t\t\t            <\/div>\n\t\t\t\t        <\/div>\n\t\t\t\t        <div class=\"module-preloader jeg_preloader square\">\n\t\t\t\t            <div class=\"jeg_square\">\n\t\t\t\t                <div class=\"jeg_square_inner\"><\/div>\n\t\t\t\t            <\/div>\n\t\t\t\t        <\/div>\n\t\t\t\t    <\/div>\n\t\t\t\t<\/div>\n                <\/div>\n                <div class=\"jeg_block_navigation\">\n                    <div class='navigation_overlay'><div class='module-preloader jeg_preloader'><span><\/span><span><\/span><span><\/span><\/div><\/div>\n                    \n                    \n                <\/div>\n\t\t\t\t\t\n\t\t\t\t\t<script>var jnews_module__10_69ef9453cd7d1 = {\"header_icon\":\"\",\"first_title\":\"World\",\"second_title\":\"\",\"url\":\"\\\/en\\\/world-politics\\\/\",\"header_type\":\"heading_6\",\"header_background\":\"\",\"header_secondary_background\":\"\",\"header_text_color\":\"\",\"header_line_color\":\"\",\"header_accent_color\":\"\",\"header_filter_category\":\"\",\"header_filter_author\":\"\",\"header_filter_tag\":\"\",\"header_filter_cpt_categorie_true\":\"\",\"header_filter_cpt_categorie_eventi\":\"\",\"header_filter_cpt_post_tag\":\"\",\"header_filter_cpt_series\":\"\",\"header_filter_text\":\"All\",\"sticky_post\":false,\"sticky_post_filter\":false,\"post_type\":\"post\",\"content_type\":\"all\",\"sponsor\":\"\",\"number_post\":\"6\",\"post_offset\":\"0\",\"unique_content\":\"unique1\",\"include_post\":\"\",\"included_only\":\"\",\"exclude_post\":\"414792,415017,415144,415163,415328,415369,415387,415393,415404,415416,415448,415473,415540,415552,415695,415893,415976,451529,451485,451324,451272,451172,451426,451424,451328,451139,451137,450832\",\"include_category\":\"483\",\"exclude_category\":\"\",\"include_author\":\"\",\"include_tag\":\"\",\"exclude_tag\":\"\",\"exclude_visited_post\":false,\"categorie_true\":\"\",\"categorie_eventi\":\"\",\"post_tag\":\"\",\"series\":\"\",\"sort_by\":\"latest\",\"date_format\":\"default\",\"date_format_custom\":\"Y\\\/m\\\/d\",\"force_normal_image_load\":\"\",\"main_custom_image_size\":\"default\",\"pagination_mode\":\"disable\",\"pagination_nextprev_showtext\":\"\",\"pagination_number_post\":6,\"pagination_scroll_limit\":0,\"boxed\":\"\",\"boxed_shadow\":\"\",\"el_id\":\"\",\"el_class\":\"\",\"scheme\":\"\",\"column_width\":\"auto\",\"title_color\":\"\",\"accent_color\":\"\",\"alt_color\":\"\",\"excerpt_color\":\"\",\"css\":\"\",\"compatible_column_notice\":\"\",\"paged\":1,\"column_class\":\"jeg_col_3o3\",\"class\":\"jnews_block_20\"};<\/script>\n\t\t\t\t<\/div>[\/vc_column_inner][\/vc_row_inner][vc_row_inner][vc_column_inner width=&#8221;1\/2&#8243;]<div  class=\"jeg_postblock_20 jeg_postblock jeg_module_hook jeg_pagination_disable jeg_col_3o3 jnews_module__11_69ef94540faf4   \" data-unique=\"jnews_module__11_69ef94540faf4\">\n\t\t\t\t\t<div class=\"jeg_block_heading jeg_block_heading_6 jeg_subcat_right\">\n                     <h3 class=\"jeg_block_title\"><a href='\/en\/business\/'><span>Business<\/span><\/a><\/h3>\n                     \n                 <\/div>\n\t\t\t\t\t<div class=\"jeg_block_container\">\n                    \n                    <div class=\"jeg_postsmall jeg_load_more_flag\">\n                            <article class=\"jeg_post jeg_pl_sm format-standard\">\n                    <div class=\"jeg_thumb\">\n                        \n                        <a href=\"https:\/\/www.eunews.it\/en\/2026\/04\/24\/eu-signs-inter-institutional-deal-in-cyprus-to-implement-competitiveness-agenda\/\" aria-label=\"Read article: EU signs inter\u2011institutional deal in Cyprus to implement competitiveness agenda\"><div class=\"thumbnail-container  size-715 \"><img decoding=\"async\" width=\"120\" height=\"86\" src=\"https:\/\/www.eunews.it\/wp-content\/uploads\/2026\/04\/euco-nicosia-2nd-day-120x86.jpg\" class=\"attachment-jnews-120x86 size-jnews-120x86 wp-post-image\" alt=\"Informal Meeting of Heads of State or Government of the EU\" srcset=\"https:\/\/www.eunews.it\/wp-content\/uploads\/2026\/04\/euco-nicosia-2nd-day-120x86.jpg 120w, https:\/\/www.eunews.it\/wp-content\/uploads\/2026\/04\/euco-nicosia-2nd-day-350x250.jpg 350w, https:\/\/www.eunews.it\/wp-content\/uploads\/2026\/04\/euco-nicosia-2nd-day-750x533.jpg 750w\" sizes=\"(max-width: 120px) 100vw, 120px\" \/><\/div><\/a>\n                    <\/div>\n                    <div class=\"jeg_postblock_content\">\n                                    <h3 class=\"jeg_post_title\">\n                                        <a href=\"https:\/\/www.eunews.it\/en\/2026\/04\/24\/eu-signs-inter-institutional-deal-in-cyprus-to-implement-competitiveness-agenda\/\">EU signs inter\u2011institutional deal in Cyprus to implement competitiveness agenda<\/a>\n                                    <\/h3>\n                                    <div class=\"jeg_post_meta\"><div class=\"jeg_meta_date\"><a href=\"https:\/\/www.eunews.it\/en\/2026\/04\/24\/eu-signs-inter-institutional-deal-in-cyprus-to-implement-competitiveness-agenda\/\"><i class=\"fa fa-clock-o\"><\/i> 24 April 2026<\/a><\/div><\/div>\n                                <\/div>\n                <\/article><article class=\"jeg_post jeg_pl_sm format-standard\">\n                    <div class=\"jeg_thumb\">\n                        \n                        <a href=\"https:\/\/www.eunews.it\/en\/2026\/04\/23\/public-finance-document-giorgetti-budgetary-margins-have-narrowed-meloni-the-accounts-are-in-order\/\" aria-label=\"Read article: Public Finance Document, Giorgetti: Budgetary margins have narrowed. Meloni: The accounts are in order\"><div class=\"thumbnail-container  size-715 \"><img decoding=\"async\" width=\"120\" height=\"86\" src=\"https:\/\/www.eunews.it\/wp-content\/uploads\/2026\/03\/giorgetti-dombrovskis-120x86.jpg\" class=\"attachment-jnews-120x86 size-jnews-120x86 wp-post-image\" alt=\"Il ministro dell&#039;Economia, Giancarlo Giorgetti (destra), con il commissario per l&#039;Econonia, Valdis Dombrovskis [Bruxelles, 9 marzo 2026. Foto: European Council]\" srcset=\"https:\/\/www.eunews.it\/wp-content\/uploads\/2026\/03\/giorgetti-dombrovskis-120x86.jpg 120w, https:\/\/www.eunews.it\/wp-content\/uploads\/2026\/03\/giorgetti-dombrovskis-350x250.jpg 350w, https:\/\/www.eunews.it\/wp-content\/uploads\/2026\/03\/giorgetti-dombrovskis-750x533.jpg 750w\" sizes=\"(max-width: 120px) 100vw, 120px\" \/><\/div><\/a>\n                    <\/div>\n                    <div class=\"jeg_postblock_content\">\n                                    <h3 class=\"jeg_post_title\">\n                                        <a href=\"https:\/\/www.eunews.it\/en\/2026\/04\/23\/public-finance-document-giorgetti-budgetary-margins-have-narrowed-meloni-the-accounts-are-in-order\/\">Public Finance Document, Giorgetti: Budgetary margins have narrowed. Meloni: The accounts are in order<\/a>\n                                    <\/h3>\n                                    <div class=\"jeg_post_meta\"><div class=\"jeg_meta_date\"><a href=\"https:\/\/www.eunews.it\/en\/2026\/04\/23\/public-finance-document-giorgetti-budgetary-margins-have-narrowed-meloni-the-accounts-are-in-order\/\"><i class=\"fa fa-clock-o\"><\/i> 23 April 2026<\/a><\/div><\/div>\n                                <\/div>\n                <\/article><article class=\"jeg_post jeg_pl_sm format-standard\">\n                    <div class=\"jeg_thumb\">\n                        \n                        <a href=\"https:\/\/www.eunews.it\/en\/2026\/04\/23\/the-oecd-to-italy-press-ahead-with-reforms-on-energy-more-renewables-better-than-lower-excise-duties\/\" aria-label=\"Read article: The OECD to Italy: &#8220;Press ahead with reforms&#8221;. On energy: more renewables better than lower excise duties\"><div class=\"thumbnail-container  size-715 \"><img decoding=\"async\" width=\"120\" height=\"70\" src=\"https:\/\/www.eunews.it\/wp-content\/uploads\/2023\/05\/italia-riforme.png\" class=\"attachment-jnews-120x86 size-jnews-120x86 wp-post-image\" alt=\"Pnrr, debito e P.A. L&#039;italia sa gi\u00e0 cosa attendersi dalle raccomandazioni specifiche della Commissione Ue\" srcset=\"https:\/\/www.eunews.it\/wp-content\/uploads\/2023\/05\/italia-riforme.png 1019w, https:\/\/www.eunews.it\/wp-content\/uploads\/2023\/05\/italia-riforme-300x174.png 300w, https:\/\/www.eunews.it\/wp-content\/uploads\/2023\/05\/italia-riforme-768x445.png 768w\" sizes=\"(max-width: 120px) 100vw, 120px\" \/><\/div><\/a>\n                    <\/div>\n                    <div class=\"jeg_postblock_content\">\n                                    <h3 class=\"jeg_post_title\">\n                                        <a href=\"https:\/\/www.eunews.it\/en\/2026\/04\/23\/the-oecd-to-italy-press-ahead-with-reforms-on-energy-more-renewables-better-than-lower-excise-duties\/\">The OECD to Italy: &#8220;Press ahead with reforms&#8221;. On energy: more renewables better than lower excise duties<\/a>\n                                    <\/h3>\n                                    <div class=\"jeg_post_meta\"><div class=\"jeg_meta_date\"><a href=\"https:\/\/www.eunews.it\/en\/2026\/04\/23\/the-oecd-to-italy-press-ahead-with-reforms-on-energy-more-renewables-better-than-lower-excise-duties\/\"><i class=\"fa fa-clock-o\"><\/i> 23 April 2026<\/a><\/div><\/div>\n                                <\/div>\n                <\/article><article class=\"jeg_post jeg_pl_xs format-standard\">\n                    <div class=\"jeg_postblock_content\">\n                                    <h3 class=\"jeg_post_title\">\n                                        <a href=\"https:\/\/www.eunews.it\/en\/2026\/04\/23\/dombrovskis-says-reforms-are-the-answer-to-the-crisis-in-the-middle-east\/\">Dombrovskis says reforms are the answer to the crisis in the Middle East<\/a>\n                                    <\/h3>\n                                    <div class=\"jeg_post_meta\"><div class=\"jeg_meta_date\"><a href=\"https:\/\/www.eunews.it\/en\/2026\/04\/23\/dombrovskis-says-reforms-are-the-answer-to-the-crisis-in-the-middle-east\/\"><i class=\"fa fa-clock-o\"><\/i> 23 April 2026<\/a><\/div><\/div>\n                                <\/div>\n                <\/article><article class=\"jeg_post jeg_pl_xs format-standard\">\n                    <div class=\"jeg_postblock_content\">\n                                    <h3 class=\"jeg_post_title\">\n                                        <a href=\"https:\/\/www.eunews.it\/en\/2026\/04\/23\/eu-court-of-justice-rejects-germanys-6-billion-euro-state-aid-package-for-lufthansa\/\">EU Court of Justice rejects Germany&#8217;s 6 billion euro state-aid package for Lufthansa<\/a>\n                                    <\/h3>\n                                    <div class=\"jeg_post_meta\"><div class=\"jeg_meta_date\"><a href=\"https:\/\/www.eunews.it\/en\/2026\/04\/23\/eu-court-of-justice-rejects-germanys-6-billion-euro-state-aid-package-for-lufthansa\/\"><i class=\"fa fa-clock-o\"><\/i> 23 April 2026<\/a><\/div><\/div>\n                                <\/div>\n                <\/article><article class=\"jeg_post jeg_pl_xs format-standard\">\n                    <div class=\"jeg_postblock_content\">\n                                    <h3 class=\"jeg_post_title\">\n                                        <a href=\"https:\/\/www.eunews.it\/en\/2026\/04\/22\/the-italian-notarial-association-arrives-in-brussels-and-opens-its-representative-office\/\">The Italian Notarial Association arrives in Brussels and opens its representative office<\/a>\n                                    <\/h3>\n                                    <div class=\"jeg_post_meta\"><div class=\"jeg_meta_date\"><a href=\"https:\/\/www.eunews.it\/en\/2026\/04\/22\/the-italian-notarial-association-arrives-in-brussels-and-opens-its-representative-office\/\"><i class=\"fa fa-clock-o\"><\/i> 22 April 2026<\/a><\/div><\/div>\n                                <\/div>\n                <\/article>\n                        <\/div>\n                    <div class='module-overlay'>\n\t\t\t\t    <div class='preloader_type preloader_dot'>\n\t\t\t\t        <div class=\"module-preloader jeg_preloader dot\">\n\t\t\t\t            <span><\/span><span><\/span><span><\/span>\n\t\t\t\t        <\/div>\n\t\t\t\t        <div class=\"module-preloader jeg_preloader circle\">\n\t\t\t\t            <div class=\"jnews_preloader_circle_outer\">\n\t\t\t\t                <div class=\"jnews_preloader_circle_inner\"><\/div>\n\t\t\t\t            <\/div>\n\t\t\t\t        <\/div>\n\t\t\t\t        <div class=\"module-preloader jeg_preloader square\">\n\t\t\t\t            <div class=\"jeg_square\">\n\t\t\t\t                <div class=\"jeg_square_inner\"><\/div>\n\t\t\t\t            <\/div>\n\t\t\t\t        <\/div>\n\t\t\t\t    <\/div>\n\t\t\t\t<\/div>\n                <\/div>\n                <div class=\"jeg_block_navigation\">\n                    <div class='navigation_overlay'><div class='module-preloader jeg_preloader'><span><\/span><span><\/span><span><\/span><\/div><\/div>\n                    \n                    \n                <\/div>\n\t\t\t\t\t\n\t\t\t\t\t<script>var jnews_module__11_69ef94540faf4 = {\"header_icon\":\"\",\"first_title\":\"Business\",\"second_title\":\"\",\"url\":\"\\\/en\\\/business\\\/\",\"header_type\":\"heading_6\",\"header_background\":\"\",\"header_secondary_background\":\"\",\"header_text_color\":\"\",\"header_line_color\":\"\",\"header_accent_color\":\"\",\"header_filter_category\":\"\",\"header_filter_author\":\"\",\"header_filter_tag\":\"\",\"header_filter_cpt_categorie_true\":\"\",\"header_filter_cpt_categorie_eventi\":\"\",\"header_filter_cpt_post_tag\":\"\",\"header_filter_cpt_series\":\"\",\"header_filter_text\":\"All\",\"sticky_post\":false,\"sticky_post_filter\":false,\"post_type\":\"post\",\"content_type\":\"all\",\"sponsor\":\"\",\"number_post\":\"6\",\"post_offset\":\"0\",\"unique_content\":\"unique1\",\"include_post\":\"\",\"included_only\":\"\",\"exclude_post\":\"414792,415017,415144,415163,415328,415369,415387,415393,415404,415416,415448,415473,415540,415552,415695,415893,415976,451529,451485,451324,451272,451172,451426,451424,451328,451139,451137,450832,451531,451456,451454,451434,451361,451314\",\"include_category\":\"482\",\"exclude_category\":\"\",\"include_author\":\"\",\"include_tag\":\"\",\"exclude_tag\":\"\",\"exclude_visited_post\":false,\"categorie_true\":\"\",\"categorie_eventi\":\"\",\"post_tag\":\"\",\"series\":\"\",\"sort_by\":\"latest\",\"date_format\":\"default\",\"date_format_custom\":\"Y\\\/m\\\/d\",\"force_normal_image_load\":\"\",\"main_custom_image_size\":\"default\",\"pagination_mode\":\"disable\",\"pagination_nextprev_showtext\":\"\",\"pagination_number_post\":6,\"pagination_scroll_limit\":0,\"boxed\":\"\",\"boxed_shadow\":\"\",\"el_id\":\"\",\"el_class\":\"\",\"scheme\":\"\",\"column_width\":\"auto\",\"title_color\":\"\",\"accent_color\":\"\",\"alt_color\":\"\",\"excerpt_color\":\"\",\"css\":\"\",\"compatible_column_notice\":\"\",\"paged\":1,\"column_class\":\"jeg_col_3o3\",\"class\":\"jnews_block_20\"};<\/script>\n\t\t\t\t<\/div>[\/vc_column_inner][vc_column_inner width=&#8221;1\/2&#8243;]<div  class=\"jeg_postblock_20 jeg_postblock jeg_module_hook jeg_pagination_disable jeg_col_3o3 jnews_module__12_69ef94544413b   \" data-unique=\"jnews_module__12_69ef94544413b\">\n\t\t\t\t\t<div class=\"jeg_block_heading jeg_block_heading_6 jeg_subcat_right\">\n                     <h3 class=\"jeg_block_title\"><a href='\/en\/general-news\/'><span>General news<\/span><\/a><\/h3>\n                     \n                 <\/div>\n\t\t\t\t\t<div class=\"jeg_block_container\">\n                    \n                    <div class=\"jeg_postsmall jeg_load_more_flag\">\n                            <article class=\"jeg_post jeg_pl_sm format-standard\">\n                    <div class=\"jeg_thumb\">\n                        \n                        <a href=\"https:\/\/www.eunews.it\/en\/2026\/04\/27\/reckless-driving-in-italy-with-road-accidents-rising-again-in-2024\/\" aria-label=\"Read article: Reckless driving in Italy, with road accidents rising again in 2024\"><div class=\"thumbnail-container  size-715 \"><img decoding=\"async\" width=\"120\" height=\"86\" src=\"https:\/\/www.eunews.it\/wp-content\/uploads\/2026\/04\/Imagoeconomica_1477916-120x86.jpg\" class=\"attachment-jnews-120x86 size-jnews-120x86 wp-post-image\" alt=\"INFORTUNISTICA STRADALE INCIDENTE INCIDENTI STRADALI SINISTRO SINISTRI VEICOLO VEICOLI INFORTUNIO INFORTUNI DANNO DANNI INDENNIZZO DIRETTO RISARCIMENTO RISARCIMENTI\" srcset=\"https:\/\/www.eunews.it\/wp-content\/uploads\/2026\/04\/Imagoeconomica_1477916-120x86.jpg 120w, https:\/\/www.eunews.it\/wp-content\/uploads\/2026\/04\/Imagoeconomica_1477916-300x215.jpg 300w, https:\/\/www.eunews.it\/wp-content\/uploads\/2026\/04\/Imagoeconomica_1477916-1024x735.jpg 1024w, https:\/\/www.eunews.it\/wp-content\/uploads\/2026\/04\/Imagoeconomica_1477916-768x551.jpg 768w, https:\/\/www.eunews.it\/wp-content\/uploads\/2026\/04\/Imagoeconomica_1477916-1536x1102.jpg 1536w, https:\/\/www.eunews.it\/wp-content\/uploads\/2026\/04\/Imagoeconomica_1477916-2048x1469.jpg 2048w, https:\/\/www.eunews.it\/wp-content\/uploads\/2026\/04\/Imagoeconomica_1477916-350x250.jpg 350w, https:\/\/www.eunews.it\/wp-content\/uploads\/2026\/04\/Imagoeconomica_1477916-750x538.jpg 750w, https:\/\/www.eunews.it\/wp-content\/uploads\/2026\/04\/Imagoeconomica_1477916-1140x818.jpg 1140w\" sizes=\"(max-width: 120px) 100vw, 120px\" \/><\/div><\/a>\n                    <\/div>\n                    <div class=\"jeg_postblock_content\">\n                                    <h3 class=\"jeg_post_title\">\n                                        <a href=\"https:\/\/www.eunews.it\/en\/2026\/04\/27\/reckless-driving-in-italy-with-road-accidents-rising-again-in-2024\/\">Reckless driving in Italy, with road accidents rising again in 2024<\/a>\n                                    <\/h3>\n                                    <div class=\"jeg_post_meta\"><div class=\"jeg_meta_date\"><a href=\"https:\/\/www.eunews.it\/en\/2026\/04\/27\/reckless-driving-in-italy-with-road-accidents-rising-again-in-2024\/\"><i class=\"fa fa-clock-o\"><\/i> 27 April 2026<\/a><\/div><\/div>\n                                <\/div>\n                <\/article><article class=\"jeg_post jeg_pl_sm format-standard\">\n                    <div class=\"jeg_thumb\">\n                        \n                        <a href=\"https:\/\/www.eunews.it\/en\/2026\/04\/21\/eu-court-of-justice-rules-against-orbans-legacy-his-anti%e2%80%91lgbtq-law-breaches-eu-law\/\" aria-label=\"Read article: EU Court of Justice rules against Orb\u00e1n\u2019s legacy: his anti\u2011LGBTQ+ law breaches EU law\"><div class=\"thumbnail-container  size-715 \"><img decoding=\"async\" width=\"120\" height=\"86\" src=\"https:\/\/www.eunews.it\/wp-content\/uploads\/2026\/02\/IPA_Agency_IPA59725095-120x86.jpg\" class=\"attachment-jnews-120x86 size-jnews-120x86 wp-post-image\" alt=\"\u00a9Nicolas Liponne\/MAXPPP - Budapest 28\/06\/2025 Des personnes de la communaut\u00e9 LGBTQIA+ participent \u00e0 la gay pride, intitul\u00e9 Pride for Freedom, \u00e0 Budapest le 28 juin 2025. Plus de deux cent mille personnes ont d\u00e9fil\u00e9 malgr\u00e9 l&#039;interdiction de la manifestation par Viktor Orban, premier ministre \u00e0 la t\u00eate du gouvernement hongrois, justifi\u00e9 par la loi de protection de l&#039;enfance qui interdit les livres, films ou produits culturels qui &quot;encouragent ou repr\u00e9sentent une identit\u00e9 diff\u00e9rente de celle du sexe de naissance, un changement de genre ou l&#039;homosexualit\u00e9&quot;. La manifestation s&#039;est d\u00e9roul\u00e9e sans incidents malgr\u00e9 les menaces de contre-manifestation de l&#039;extr\u00eame droite.\nPeople from the LGBTQIA+ community take part in the gay pride event, entitled Pride for Freedom, in Budapest on June 28, 2025. Over two hundred thousand people marched despite a ban on the event by Viktor Orban, Hungary&#039;s prime minister, justified by a child protection law that bans books, films or cultural products that \u0093promote or represent an identity different from that of one&#039;s birth sex, a change of gender or homosexuality\u0094. The demonstration went off without a hitch, despite threats of counter-demonstrations from the far right.\" srcset=\"https:\/\/www.eunews.it\/wp-content\/uploads\/2026\/02\/IPA_Agency_IPA59725095-120x86.jpg 120w, https:\/\/www.eunews.it\/wp-content\/uploads\/2026\/02\/IPA_Agency_IPA59725095-350x250.jpg 350w, https:\/\/www.eunews.it\/wp-content\/uploads\/2026\/02\/IPA_Agency_IPA59725095-750x536.jpg 750w, https:\/\/www.eunews.it\/wp-content\/uploads\/2026\/02\/IPA_Agency_IPA59725095-1140x815.jpg 1140w\" sizes=\"(max-width: 120px) 100vw, 120px\" \/><\/div><\/a>\n                    <\/div>\n                    <div class=\"jeg_postblock_content\">\n                                    <h3 class=\"jeg_post_title\">\n                                        <a href=\"https:\/\/www.eunews.it\/en\/2026\/04\/21\/eu-court-of-justice-rules-against-orbans-legacy-his-anti%e2%80%91lgbtq-law-breaches-eu-law\/\">EU Court of Justice rules against Orb\u00e1n\u2019s legacy: his anti\u2011LGBTQ+ law breaches EU law<\/a>\n                                    <\/h3>\n                                    <div class=\"jeg_post_meta\"><div class=\"jeg_meta_date\"><a href=\"https:\/\/www.eunews.it\/en\/2026\/04\/21\/eu-court-of-justice-rules-against-orbans-legacy-his-anti%e2%80%91lgbtq-law-breaches-eu-law\/\"><i class=\"fa fa-clock-o\"><\/i> 21 April 2026<\/a><\/div><\/div>\n                                <\/div>\n                <\/article><article class=\"jeg_post jeg_pl_sm format-standard\">\n                    <div class=\"jeg_thumb\">\n                        \n                        <a href=\"https:\/\/www.eunews.it\/en\/2026\/04\/16\/clash-in-the-european-parliament-over-the-illicit-tobacco-market-a-real-problem-or-an-overreaction\/\" aria-label=\"Read article: Clash in the European Parliament over the illicit tobacco market: a real problem or an overreaction?\"><div class=\"thumbnail-container  size-715 \"><img decoding=\"async\" width=\"120\" height=\"86\" src=\"https:\/\/www.eunews.it\/wp-content\/uploads\/2026\/04\/WhatsApp-Image-2026-04-16-at-17.42.35-120x86.jpeg\" class=\"attachment-jnews-120x86 size-jnews-120x86 wp-post-image\" alt=\"Tabacco, mercato illecito, Parlamento europeo\" srcset=\"https:\/\/www.eunews.it\/wp-content\/uploads\/2026\/04\/WhatsApp-Image-2026-04-16-at-17.42.35-120x86.jpeg 120w, https:\/\/www.eunews.it\/wp-content\/uploads\/2026\/04\/WhatsApp-Image-2026-04-16-at-17.42.35-350x250.jpeg 350w, https:\/\/www.eunews.it\/wp-content\/uploads\/2026\/04\/WhatsApp-Image-2026-04-16-at-17.42.35-750x536.jpeg 750w, https:\/\/www.eunews.it\/wp-content\/uploads\/2026\/04\/WhatsApp-Image-2026-04-16-at-17.42.35-1140x815.jpeg 1140w\" sizes=\"(max-width: 120px) 100vw, 120px\" \/><\/div><\/a>\n                    <\/div>\n                    <div class=\"jeg_postblock_content\">\n                                    <h3 class=\"jeg_post_title\">\n                                        <a href=\"https:\/\/www.eunews.it\/en\/2026\/04\/16\/clash-in-the-european-parliament-over-the-illicit-tobacco-market-a-real-problem-or-an-overreaction\/\">Clash in the European Parliament over the illicit tobacco market: a real problem or an overreaction?<\/a>\n                                    <\/h3>\n                                    <div class=\"jeg_post_meta\"><div class=\"jeg_meta_date\"><a href=\"https:\/\/www.eunews.it\/en\/2026\/04\/16\/clash-in-the-european-parliament-over-the-illicit-tobacco-market-a-real-problem-or-an-overreaction\/\"><i class=\"fa fa-clock-o\"><\/i> 16 April 2026<\/a><\/div><\/div>\n                                <\/div>\n                <\/article><article class=\"jeg_post jeg_pl_xs format-standard\">\n                    <div class=\"jeg_postblock_content\">\n                                    <h3 class=\"jeg_post_title\">\n                                        <a href=\"https:\/\/www.eunews.it\/en\/2026\/04\/16\/queues-of-over-3-hours-and-missed-flights-problems-with-the-eus-new-customs%e2%80%91control-system\/\">Queues of over 3 hours and missed flights: problems with the EU\u2019s new customs\u2011control system<\/a>\n                                    <\/h3>\n                                    <div class=\"jeg_post_meta\"><div class=\"jeg_meta_date\"><a href=\"https:\/\/www.eunews.it\/en\/2026\/04\/16\/queues-of-over-3-hours-and-missed-flights-problems-with-the-eus-new-customs%e2%80%91control-system\/\"><i class=\"fa fa-clock-o\"><\/i> 16 April 2026<\/a><\/div><\/div>\n                                <\/div>\n                <\/article><article class=\"jeg_post jeg_pl_xs format-standard\">\n                    <div class=\"jeg_postblock_content\">\n                                    <h3 class=\"jeg_post_title\">\n                                        <a href=\"https:\/\/www.eunews.it\/en\/2026\/04\/16\/online-gambling-players-may-recover-losses-from-games-banned-in-their-country\/\">Online gambling: players may recover losses from games banned in their country<\/a>\n                                    <\/h3>\n                                    <div class=\"jeg_post_meta\"><div class=\"jeg_meta_date\"><a href=\"https:\/\/www.eunews.it\/en\/2026\/04\/16\/online-gambling-players-may-recover-losses-from-games-banned-in-their-country\/\"><i class=\"fa fa-clock-o\"><\/i> 16 April 2026<\/a><\/div><\/div>\n                                <\/div>\n                <\/article><article class=\"jeg_post jeg_pl_xs format-standard\">\n                    <div class=\"jeg_postblock_content\">\n                                    <h3 class=\"jeg_post_title\">\n                                        <a href=\"https:\/\/www.eunews.it\/en\/2026\/04\/15\/eu-january-asylum-applications-down-23-percent-as-venezuela-leads-flows-1-22-million%e2%80%91case-backlog-weighs-on-system\/\">EU January asylum applications down 23 percent as Venezuela leads flows; 1.22 million\u2011case backlog weighs on system<\/a>\n                                    <\/h3>\n                                    <div class=\"jeg_post_meta\"><div class=\"jeg_meta_date\"><a href=\"https:\/\/www.eunews.it\/en\/2026\/04\/15\/eu-january-asylum-applications-down-23-percent-as-venezuela-leads-flows-1-22-million%e2%80%91case-backlog-weighs-on-system\/\"><i class=\"fa fa-clock-o\"><\/i> 15 April 2026<\/a><\/div><\/div>\n                                <\/div>\n                <\/article>\n                        <\/div>\n                    <div class='module-overlay'>\n\t\t\t\t    <div class='preloader_type preloader_dot'>\n\t\t\t\t        <div class=\"module-preloader jeg_preloader dot\">\n\t\t\t\t            <span><\/span><span><\/span><span><\/span>\n\t\t\t\t        <\/div>\n\t\t\t\t        <div class=\"module-preloader jeg_preloader circle\">\n\t\t\t\t            <div class=\"jnews_preloader_circle_outer\">\n\t\t\t\t                <div class=\"jnews_preloader_circle_inner\"><\/div>\n\t\t\t\t            <\/div>\n\t\t\t\t        <\/div>\n\t\t\t\t        <div class=\"module-preloader jeg_preloader square\">\n\t\t\t\t            <div class=\"jeg_square\">\n\t\t\t\t                <div class=\"jeg_square_inner\"><\/div>\n\t\t\t\t            <\/div>\n\t\t\t\t        <\/div>\n\t\t\t\t    <\/div>\n\t\t\t\t<\/div>\n                <\/div>\n                <div class=\"jeg_block_navigation\">\n                    <div class='navigation_overlay'><div class='module-preloader jeg_preloader'><span><\/span><span><\/span><span><\/span><\/div><\/div>\n                    \n                    \n                <\/div>\n\t\t\t\t\t\n\t\t\t\t\t<script>var jnews_module__12_69ef94544413b = {\"header_icon\":\"\",\"first_title\":\"General news\",\"second_title\":\"\",\"url\":\"\\\/en\\\/general-news\\\/\",\"header_type\":\"heading_6\",\"header_background\":\"\",\"header_secondary_background\":\"\",\"header_text_color\":\"\",\"header_line_color\":\"\",\"header_accent_color\":\"\",\"header_filter_category\":\"\",\"header_filter_author\":\"\",\"header_filter_tag\":\"\",\"header_filter_cpt_categorie_true\":\"\",\"header_filter_cpt_categorie_eventi\":\"\",\"header_filter_cpt_post_tag\":\"\",\"header_filter_cpt_series\":\"\",\"header_filter_text\":\"All\",\"sticky_post\":false,\"sticky_post_filter\":false,\"post_type\":\"post\",\"content_type\":\"all\",\"sponsor\":\"\",\"number_post\":\"6\",\"post_offset\":\"0\",\"unique_content\":\"unique1\",\"include_post\":\"\",\"included_only\":\"\",\"exclude_post\":\"414792,415017,415144,415163,415328,415369,415387,415393,415404,415416,415448,415473,415540,415552,415695,415893,415976,451529,451485,451324,451272,451172,451426,451424,451328,451139,451137,450832,451531,451456,451454,451434,451361,451314,451352,451326,451274,451238,451213,451156\",\"include_category\":\"485\",\"exclude_category\":\"\",\"include_author\":\"\",\"include_tag\":\"\",\"exclude_tag\":\"\",\"exclude_visited_post\":false,\"categorie_true\":\"\",\"categorie_eventi\":\"\",\"post_tag\":\"\",\"series\":\"\",\"sort_by\":\"latest\",\"date_format\":\"default\",\"date_format_custom\":\"Y\\\/m\\\/d\",\"force_normal_image_load\":\"\",\"main_custom_image_size\":\"default\",\"pagination_mode\":\"disable\",\"pagination_nextprev_showtext\":\"\",\"pagination_number_post\":6,\"pagination_scroll_limit\":0,\"boxed\":\"\",\"boxed_shadow\":\"\",\"el_id\":\"\",\"el_class\":\"\",\"scheme\":\"\",\"column_width\":\"auto\",\"title_color\":\"\",\"accent_color\":\"\",\"alt_color\":\"\",\"excerpt_color\":\"\",\"css\":\"\",\"compatible_column_notice\":\"\",\"paged\":1,\"column_class\":\"jeg_col_3o3\",\"class\":\"jnews_block_20\"};<\/script>\n\t\t\t\t<\/div>[\/vc_column_inner][\/vc_row_inner][vc_row_inner][vc_column_inner width=&#8221;1\/2&#8243;]<div  class=\"jeg_postblock_20 jeg_postblock jeg_module_hook jeg_pagination_disable jeg_col_3o3 jnews_module__13_69ef94545e604   \" data-unique=\"jnews_module__13_69ef94545e604\">\n\t\t\t\t\t<div class=\"jeg_block_heading jeg_block_heading_6 jeg_subcat_right\">\n                     <h3 class=\"jeg_block_title\"><a href='\/en\/green-economy-en\/'><span>Green<\/span><\/a><\/h3>\n                     \n                 <\/div>\n\t\t\t\t\t<div class=\"jeg_block_container\">\n                    \n                    <div class=\"jeg_postsmall jeg_load_more_flag\">\n                            <article class=\"jeg_post jeg_pl_sm format-standard\">\n                    <div class=\"jeg_thumb\">\n                        \n                        <a href=\"https:\/\/www.eunews.it\/en\/2026\/04\/24\/the-eu-and-partner-institutions-sign-the-green-bond-fund-up-to-e20-billion-for-sustainable-infrastructure\/\" aria-label=\"Read article: The EU and partner institutions sign the Green Bond Fund: up to \u20ac20 billion for sustainable infrastructure\"><div class=\"thumbnail-container  size-715 \"><img decoding=\"async\" width=\"120\" height=\"80\" src=\"https:\/\/www.eunews.it\/wp-content\/uploads\/2023\/06\/Imagoeconomica_1917246-scaled.jpg\" class=\"attachment-jnews-120x86 size-jnews-120x86 wp-post-image\" alt=\"ue soldi regole spesa\" srcset=\"https:\/\/www.eunews.it\/wp-content\/uploads\/2023\/06\/Imagoeconomica_1917246-scaled.jpg 2560w, https:\/\/www.eunews.it\/wp-content\/uploads\/2023\/06\/Imagoeconomica_1917246-300x200.jpg 300w, https:\/\/www.eunews.it\/wp-content\/uploads\/2023\/06\/Imagoeconomica_1917246-1024x681.jpg 1024w, https:\/\/www.eunews.it\/wp-content\/uploads\/2023\/06\/Imagoeconomica_1917246-768x511.jpg 768w, https:\/\/www.eunews.it\/wp-content\/uploads\/2023\/06\/Imagoeconomica_1917246-1536x1022.jpg 1536w, https:\/\/www.eunews.it\/wp-content\/uploads\/2023\/06\/Imagoeconomica_1917246-2048x1363.jpg 2048w\" sizes=\"(max-width: 120px) 100vw, 120px\" \/><\/div><\/a>\n                    <\/div>\n                    <div class=\"jeg_postblock_content\">\n                                    <h3 class=\"jeg_post_title\">\n                                        <a href=\"https:\/\/www.eunews.it\/en\/2026\/04\/24\/the-eu-and-partner-institutions-sign-the-green-bond-fund-up-to-e20-billion-for-sustainable-infrastructure\/\">The EU and partner institutions sign the Green Bond Fund: up to \u20ac20 billion for sustainable infrastructure<\/a>\n                                    <\/h3>\n                                    <div class=\"jeg_post_meta\"><div class=\"jeg_meta_date\"><a href=\"https:\/\/www.eunews.it\/en\/2026\/04\/24\/the-eu-and-partner-institutions-sign-the-green-bond-fund-up-to-e20-billion-for-sustainable-infrastructure\/\"><i class=\"fa fa-clock-o\"><\/i> 24 April 2026<\/a><\/div><\/div>\n                                <\/div>\n                <\/article><article class=\"jeg_post jeg_pl_sm format-standard\">\n                    <div class=\"jeg_thumb\">\n                        \n                        <a href=\"https:\/\/www.eunews.it\/en\/2026\/04\/22\/the-eus-plan-to-tackle-the-energy-crisis-sparks-a-political-row-in-brussels\/\" aria-label=\"Read article: The EU\u2019s plan to tackle the energy crisis sparks a political row in Brussels\"><div class=\"thumbnail-container  size-715 \"><img decoding=\"async\" width=\"120\" height=\"86\" src=\"https:\/\/www.eunews.it\/wp-content\/uploads\/2026\/03\/Imagoeconomica_2217500-Idrogeno-Verde-120x86.jpg\" class=\"attachment-jnews-120x86 size-jnews-120x86 wp-post-image\" alt=\"IMAGOECONOMICA VIA YOUTUBE\" srcset=\"https:\/\/www.eunews.it\/wp-content\/uploads\/2026\/03\/Imagoeconomica_2217500-Idrogeno-Verde-120x86.jpg 120w, https:\/\/www.eunews.it\/wp-content\/uploads\/2026\/03\/Imagoeconomica_2217500-Idrogeno-Verde-350x250.jpg 350w, https:\/\/www.eunews.it\/wp-content\/uploads\/2026\/03\/Imagoeconomica_2217500-Idrogeno-Verde-750x536.jpg 750w, https:\/\/www.eunews.it\/wp-content\/uploads\/2026\/03\/Imagoeconomica_2217500-Idrogeno-Verde-1140x815.jpg 1140w\" sizes=\"(max-width: 120px) 100vw, 120px\" \/><\/div><\/a>\n                    <\/div>\n                    <div class=\"jeg_postblock_content\">\n                                    <h3 class=\"jeg_post_title\">\n                                        <a href=\"https:\/\/www.eunews.it\/en\/2026\/04\/22\/the-eus-plan-to-tackle-the-energy-crisis-sparks-a-political-row-in-brussels\/\">The EU\u2019s plan to tackle the energy crisis sparks a political row in Brussels<\/a>\n                                    <\/h3>\n                                    <div class=\"jeg_post_meta\"><div class=\"jeg_meta_date\"><a href=\"https:\/\/www.eunews.it\/en\/2026\/04\/22\/the-eus-plan-to-tackle-the-energy-crisis-sparks-a-political-row-in-brussels\/\"><i class=\"fa fa-clock-o\"><\/i> 22 April 2026<\/a><\/div><\/div>\n                                <\/div>\n                <\/article><article class=\"jeg_post jeg_pl_sm format-standard\">\n                    <div class=\"jeg_thumb\">\n                        \n                        <a href=\"https:\/\/www.eunews.it\/en\/2026\/04\/22\/in-2024-drought-affected-almost-157000-square-kilometres-of-eu-territory\/\" aria-label=\"Read article: In 2024, drought affected almost 157,000 square kilometres of EU territory\"><div class=\"thumbnail-container  size-715 \"><img decoding=\"async\" width=\"120\" height=\"80\" src=\"https:\/\/www.eunews.it\/wp-content\/uploads\/2022\/08\/Siccita-Ue.jpg\" class=\"attachment-jnews-120x86 size-jnews-120x86 wp-post-image\" alt=\"\" srcset=\"https:\/\/www.eunews.it\/wp-content\/uploads\/2022\/08\/Siccita-Ue.jpg 1984w, https:\/\/www.eunews.it\/wp-content\/uploads\/2022\/08\/Siccita-Ue-300x200.jpg 300w, https:\/\/www.eunews.it\/wp-content\/uploads\/2022\/08\/Siccita-Ue-1024x683.jpg 1024w, https:\/\/www.eunews.it\/wp-content\/uploads\/2022\/08\/Siccita-Ue-768x512.jpg 768w, https:\/\/www.eunews.it\/wp-content\/uploads\/2022\/08\/Siccita-Ue-1536x1024.jpg 1536w\" sizes=\"(max-width: 120px) 100vw, 120px\" \/><\/div><\/a>\n                    <\/div>\n                    <div class=\"jeg_postblock_content\">\n                                    <h3 class=\"jeg_post_title\">\n                                        <a href=\"https:\/\/www.eunews.it\/en\/2026\/04\/22\/in-2024-drought-affected-almost-157000-square-kilometres-of-eu-territory\/\">In 2024, drought affected almost 157,000 square kilometres of EU territory<\/a>\n                                    <\/h3>\n                                    <div class=\"jeg_post_meta\"><div class=\"jeg_meta_date\"><a href=\"https:\/\/www.eunews.it\/en\/2026\/04\/22\/in-2024-drought-affected-almost-157000-square-kilometres-of-eu-territory\/\"><i class=\"fa fa-clock-o\"><\/i> 22 April 2026<\/a><\/div><\/div>\n                                <\/div>\n                <\/article><article class=\"jeg_post jeg_pl_xs format-standard\">\n                    <div class=\"jeg_postblock_content\">\n                                    <h3 class=\"jeg_post_title\">\n                                        <a href=\"https:\/\/www.eunews.it\/en\/2026\/04\/21\/official-cars-and-pollution-by-2025-only-14-per-cent-of-newly-registered-vehicles-will-meet-the-minimum-environmental-criteria\/\">Official cars and pollution: by 2025, only 14 per cent of newly registered vehicles will meet the Minimum Environmental Criteria<\/a>\n                                    <\/h3>\n                                    <div class=\"jeg_post_meta\"><div class=\"jeg_meta_date\"><a href=\"https:\/\/www.eunews.it\/en\/2026\/04\/21\/official-cars-and-pollution-by-2025-only-14-per-cent-of-newly-registered-vehicles-will-meet-the-minimum-environmental-criteria\/\"><i class=\"fa fa-clock-o\"><\/i> 21 April 2026<\/a><\/div><\/div>\n                                <\/div>\n                <\/article><article class=\"jeg_post jeg_pl_xs format-standard\">\n                    <div class=\"jeg_postblock_content\">\n                                    <h3 class=\"jeg_post_title\">\n                                        <a href=\"https:\/\/www.eunews.it\/en\/2026\/04\/17\/eu-2024-greenhouse-gas-emissions-down-40-percent-since-1990\/\">EU 2024 greenhouse gas emissions down 40 percent since 1990<\/a>\n                                    <\/h3>\n                                    <div class=\"jeg_post_meta\"><div class=\"jeg_meta_date\"><a href=\"https:\/\/www.eunews.it\/en\/2026\/04\/17\/eu-2024-greenhouse-gas-emissions-down-40-percent-since-1990\/\"><i class=\"fa fa-clock-o\"><\/i> 17 April 2026<\/a><\/div><\/div>\n                                <\/div>\n                <\/article><article class=\"jeg_post jeg_pl_xs format-standard\">\n                    <div class=\"jeg_postblock_content\">\n                                    <h3 class=\"jeg_post_title\">\n                                        <a href=\"https:\/\/www.eunews.it\/en\/2026\/04\/17\/single-use-plastics-eu-improves-collection-rates-in-2022-with-ten-countries-already-ahead-of-2025-targets\/\">Single-use plastics: EU improves collection rates in 2022, with ten countries already ahead of 2025 targets<\/a>\n                                    <\/h3>\n                                    <div class=\"jeg_post_meta\"><div class=\"jeg_meta_date\"><a href=\"https:\/\/www.eunews.it\/en\/2026\/04\/17\/single-use-plastics-eu-improves-collection-rates-in-2022-with-ten-countries-already-ahead-of-2025-targets\/\"><i class=\"fa fa-clock-o\"><\/i> 17 April 2026<\/a><\/div><\/div>\n                                <\/div>\n                <\/article>\n                        <\/div>\n                    <div class='module-overlay'>\n\t\t\t\t    <div class='preloader_type preloader_dot'>\n\t\t\t\t        <div class=\"module-preloader jeg_preloader dot\">\n\t\t\t\t            <span><\/span><span><\/span><span><\/span>\n\t\t\t\t        <\/div>\n\t\t\t\t        <div class=\"module-preloader jeg_preloader circle\">\n\t\t\t\t            <div class=\"jnews_preloader_circle_outer\">\n\t\t\t\t                <div class=\"jnews_preloader_circle_inner\"><\/div>\n\t\t\t\t            <\/div>\n\t\t\t\t        <\/div>\n\t\t\t\t        <div class=\"module-preloader jeg_preloader square\">\n\t\t\t\t            <div class=\"jeg_square\">\n\t\t\t\t                <div class=\"jeg_square_inner\"><\/div>\n\t\t\t\t            <\/div>\n\t\t\t\t        <\/div>\n\t\t\t\t    <\/div>\n\t\t\t\t<\/div>\n                <\/div>\n                <div class=\"jeg_block_navigation\">\n                    <div class='navigation_overlay'><div class='module-preloader jeg_preloader'><span><\/span><span><\/span><span><\/span><\/div><\/div>\n                    \n                    \n                <\/div>\n\t\t\t\t\t\n\t\t\t\t\t<script>var jnews_module__13_69ef94545e604 = {\"header_icon\":\"\",\"first_title\":\"Green\",\"second_title\":\"\",\"url\":\"\\\/en\\\/green-economy-en\\\/\",\"header_type\":\"heading_6\",\"header_background\":\"\",\"header_secondary_background\":\"\",\"header_text_color\":\"\",\"header_line_color\":\"\",\"header_accent_color\":\"\",\"header_filter_category\":\"\",\"header_filter_author\":\"\",\"header_filter_tag\":\"\",\"header_filter_cpt_categorie_true\":\"\",\"header_filter_cpt_categorie_eventi\":\"\",\"header_filter_cpt_post_tag\":\"\",\"header_filter_cpt_series\":\"\",\"header_filter_text\":\"All\",\"sticky_post\":false,\"sticky_post_filter\":false,\"post_type\":\"post\",\"content_type\":\"all\",\"sponsor\":\"\",\"number_post\":\"6\",\"post_offset\":\"0\",\"unique_content\":\"unique1\",\"include_post\":\"\",\"included_only\":\"\",\"exclude_post\":\"414792,415017,415144,415163,415328,415369,415387,415393,415404,415416,415448,415473,415540,415552,415695,415893,415976,451529,451485,451324,451272,451172,451426,451424,451328,451139,451137,450832,451531,451456,451454,451434,451361,451314,451352,451326,451274,451238,451213,451156,451483,450959,450641,450591,450545,450432\",\"include_category\":\"21314\",\"exclude_category\":\"\",\"include_author\":\"\",\"include_tag\":\"\",\"exclude_tag\":\"\",\"exclude_visited_post\":false,\"categorie_true\":\"\",\"categorie_eventi\":\"\",\"post_tag\":\"\",\"series\":\"\",\"sort_by\":\"latest\",\"date_format\":\"default\",\"date_format_custom\":\"Y\\\/m\\\/d\",\"force_normal_image_load\":\"\",\"main_custom_image_size\":\"default\",\"pagination_mode\":\"disable\",\"pagination_nextprev_showtext\":\"\",\"pagination_number_post\":6,\"pagination_scroll_limit\":0,\"boxed\":\"\",\"boxed_shadow\":\"\",\"el_id\":\"\",\"el_class\":\"\",\"scheme\":\"\",\"column_width\":\"auto\",\"title_color\":\"\",\"accent_color\":\"\",\"alt_color\":\"\",\"excerpt_color\":\"\",\"css\":\"\",\"compatible_column_notice\":\"\",\"paged\":1,\"column_class\":\"jeg_col_3o3\",\"class\":\"jnews_block_20\"};<\/script>\n\t\t\t\t<\/div>[\/vc_column_inner][vc_column_inner width=&#8221;1\/2&#8243;]<div  class=\"jeg_postblock_20 jeg_postblock jeg_module_hook jeg_pagination_disable jeg_col_3o3 jnews_module__14_69ef94546ceaa   \" data-unique=\"jnews_module__14_69ef94546ceaa\">\n\t\t\t\t\t<div class=\"jeg_block_heading jeg_block_heading_6 jeg_subcat_right\">\n                     <h3 class=\"jeg_block_title\"><a href='\/en\/agriculture\/'><span>Agriculture<\/span><\/a><\/h3>\n                     \n                 <\/div>\n\t\t\t\t\t<div class=\"jeg_block_container\">\n                    \n                    <div class=\"jeg_postsmall jeg_load_more_flag\">\n                            <article class=\"jeg_post jeg_pl_sm format-standard\">\n                    <div class=\"jeg_thumb\">\n                        \n                        <a href=\"https:\/\/www.eunews.it\/en\/2026\/04\/27\/italy-and-germany-deem-eu-agricultural-policy-inadequate-call-for-flexibility-and-oppose-overly-strict-rules\/\" aria-label=\"Read article: Italy and Germany deem EU agricultural policy inadequate, call for flexibility and oppose overly strict rules\"><div class=\"thumbnail-container  size-715 \"><img decoding=\"async\" width=\"120\" height=\"86\" src=\"https:\/\/www.eunews.it\/wp-content\/uploads\/2026\/04\/c06a0de5-b7c1-4fdf-bba6-e75017713caf-120x86.jpg\" class=\"attachment-jnews-120x86 size-jnews-120x86 wp-post-image\" alt=\"La riunione del Consiglio Agrifish a Lussemburgo, 27 aprile 2026. Fonte: Consiglio UE\" srcset=\"https:\/\/www.eunews.it\/wp-content\/uploads\/2026\/04\/c06a0de5-b7c1-4fdf-bba6-e75017713caf-120x86.jpg 120w, https:\/\/www.eunews.it\/wp-content\/uploads\/2026\/04\/c06a0de5-b7c1-4fdf-bba6-e75017713caf-350x250.jpg 350w, https:\/\/www.eunews.it\/wp-content\/uploads\/2026\/04\/c06a0de5-b7c1-4fdf-bba6-e75017713caf-750x536.jpg 750w, https:\/\/www.eunews.it\/wp-content\/uploads\/2026\/04\/c06a0de5-b7c1-4fdf-bba6-e75017713caf-1140x815.jpg 1140w\" sizes=\"(max-width: 120px) 100vw, 120px\" \/><\/div><\/a>\n                    <\/div>\n                    <div class=\"jeg_postblock_content\">\n                                    <h3 class=\"jeg_post_title\">\n                                        <a href=\"https:\/\/www.eunews.it\/en\/2026\/04\/27\/italy-and-germany-deem-eu-agricultural-policy-inadequate-call-for-flexibility-and-oppose-overly-strict-rules\/\">Italy and Germany deem EU agricultural policy inadequate, call for flexibility and oppose overly strict rules<\/a>\n                                    <\/h3>\n                                    <div class=\"jeg_post_meta\"><div class=\"jeg_meta_date\"><a href=\"https:\/\/www.eunews.it\/en\/2026\/04\/27\/italy-and-germany-deem-eu-agricultural-policy-inadequate-call-for-flexibility-and-oppose-overly-strict-rules\/\"><i class=\"fa fa-clock-o\"><\/i> 27 April 2026<\/a><\/div><\/div>\n                                <\/div>\n                <\/article><article class=\"jeg_post jeg_pl_sm format-standard\">\n                    <div class=\"jeg_thumb\">\n                        \n                        <a href=\"https:\/\/www.eunews.it\/en\/2026\/04\/22\/gmos-parliament-pushes-back-calls-on-commission-to-withdraw-mon-94637-soybean-authorization\/\" aria-label=\"Read article: GMOs: Parliament pushes back, calls on Commission to withdraw MON 94637 soybean authorization\"><div class=\"thumbnail-container  size-715 \"><img decoding=\"async\" width=\"120\" height=\"86\" src=\"https:\/\/www.eunews.it\/wp-content\/uploads\/2026\/04\/Imagoeconomica_2429977-120x86.jpg\" class=\"attachment-jnews-120x86 size-jnews-120x86 wp-post-image\" alt=\"OGM ORGANISMI GENETICAMENTE MODIFICATI LABORATORIO RICERCA GENERATE AI IA\" srcset=\"https:\/\/www.eunews.it\/wp-content\/uploads\/2026\/04\/Imagoeconomica_2429977-120x86.jpg 120w, https:\/\/www.eunews.it\/wp-content\/uploads\/2026\/04\/Imagoeconomica_2429977-350x250.jpg 350w, https:\/\/www.eunews.it\/wp-content\/uploads\/2026\/04\/Imagoeconomica_2429977-750x536.jpg 750w, https:\/\/www.eunews.it\/wp-content\/uploads\/2026\/04\/Imagoeconomica_2429977-1140x815.jpg 1140w\" sizes=\"(max-width: 120px) 100vw, 120px\" \/><\/div><\/a>\n                    <\/div>\n                    <div class=\"jeg_postblock_content\">\n                                    <h3 class=\"jeg_post_title\">\n                                        <a href=\"https:\/\/www.eunews.it\/en\/2026\/04\/22\/gmos-parliament-pushes-back-calls-on-commission-to-withdraw-mon-94637-soybean-authorization\/\">GMOs: Parliament pushes back, calls on Commission to withdraw MON 94637 soybean authorization<\/a>\n                                    <\/h3>\n                                    <div class=\"jeg_post_meta\"><div class=\"jeg_meta_date\"><a href=\"https:\/\/www.eunews.it\/en\/2026\/04\/22\/gmos-parliament-pushes-back-calls-on-commission-to-withdraw-mon-94637-soybean-authorization\/\"><i class=\"fa fa-clock-o\"><\/i> 22 April 2026<\/a><\/div><\/div>\n                                <\/div>\n                <\/article><article class=\"jeg_post jeg_pl_sm format-standard\">\n                    <div class=\"jeg_thumb\">\n                        \n                        <a href=\"https:\/\/www.eunews.it\/en\/2026\/04\/08\/agriculture-guarda-greens-efa-the-cmo-text-betrays-producers-the-right-wing-prefers-slogans-to-contracts\/\" aria-label=\"Read article: Agriculture, Guarda (Greens\/EFA): &#8220;The CMO text betrays producers; the right wing prefers slogans to contracts&#8221;\"><div class=\"thumbnail-container  size-715 \"><img decoding=\"async\" width=\"120\" height=\"86\" src=\"https:\/\/www.eunews.it\/wp-content\/uploads\/2026\/04\/Cristina-Guarda-120x86.jpg\" class=\"attachment-jnews-120x86 size-jnews-120x86 wp-post-image\" alt=\"L&#039;eurodeputata Greens\/EFA, Cristina Guarda. Fonte:\" srcset=\"https:\/\/www.eunews.it\/wp-content\/uploads\/2026\/04\/Cristina-Guarda-120x86.jpg 120w, https:\/\/www.eunews.it\/wp-content\/uploads\/2026\/04\/Cristina-Guarda-350x250.jpg 350w, https:\/\/www.eunews.it\/wp-content\/uploads\/2026\/04\/Cristina-Guarda-750x536.jpg 750w, https:\/\/www.eunews.it\/wp-content\/uploads\/2026\/04\/Cristina-Guarda-1140x815.jpg 1140w\" sizes=\"(max-width: 120px) 100vw, 120px\" \/><\/div><\/a>\n                    <\/div>\n                    <div class=\"jeg_postblock_content\">\n                                    <h3 class=\"jeg_post_title\">\n                                        <a href=\"https:\/\/www.eunews.it\/en\/2026\/04\/08\/agriculture-guarda-greens-efa-the-cmo-text-betrays-producers-the-right-wing-prefers-slogans-to-contracts\/\">Agriculture, Guarda (Greens\/EFA): &#8220;The CMO text betrays producers; the right wing prefers slogans to contracts&#8221;<\/a>\n                                    <\/h3>\n                                    <div class=\"jeg_post_meta\"><div class=\"jeg_meta_date\"><a href=\"https:\/\/www.eunews.it\/en\/2026\/04\/08\/agriculture-guarda-greens-efa-the-cmo-text-betrays-producers-the-right-wing-prefers-slogans-to-contracts\/\"><i class=\"fa fa-clock-o\"><\/i> 8 April 2026<\/a><\/div><\/div>\n                                <\/div>\n                <\/article><article class=\"jeg_post jeg_pl_xs format-standard\">\n                    <div class=\"jeg_postblock_content\">\n                                    <h3 class=\"jeg_post_title\">\n                                        <a href=\"https:\/\/www.eunews.it\/en\/2026\/04\/08\/restarting-from-lucy-to-understand-the-role-of-meat-in-human-evolution\/\">Restarting from Lucy to understand the role of meat in human evolution<\/a>\n                                    <\/h3>\n                                    <div class=\"jeg_post_meta\"><div class=\"jeg_meta_date\"><a href=\"https:\/\/www.eunews.it\/en\/2026\/04\/08\/restarting-from-lucy-to-understand-the-role-of-meat-in-human-evolution\/\"><i class=\"fa fa-clock-o\"><\/i> 8 April 2026<\/a><\/div><\/div>\n                                <\/div>\n                <\/article><article class=\"jeg_post jeg_pl_xs format-standard\">\n                    <div class=\"jeg_postblock_content\">\n                                    <h3 class=\"jeg_post_title\">\n                                        <a href=\"https:\/\/www.eunews.it\/en\/2026\/04\/07\/belgians-fed-up-with-french-fries-demand-collapses-and-prices-fall-to-zero\/\">Belgians fed up with French fries: demand collapses and prices fall to zero<\/a>\n                                    <\/h3>\n                                    <div class=\"jeg_post_meta\"><div class=\"jeg_meta_date\"><a href=\"https:\/\/www.eunews.it\/en\/2026\/04\/07\/belgians-fed-up-with-french-fries-demand-collapses-and-prices-fall-to-zero\/\"><i class=\"fa fa-clock-o\"><\/i> 7 April 2026<\/a><\/div><\/div>\n                                <\/div>\n                <\/article><article class=\"jeg_post jeg_pl_xs format-standard\">\n                    <div class=\"jeg_postblock_content\">\n                                    <h3 class=\"jeg_post_title\">\n                                        <a href=\"https:\/\/www.eunews.it\/en\/2026\/03\/30\/italy-and-france-urge-suspension-of-carbon-tax-to-ease-fertilizer-price-hike\/\">Italy and France urge suspension of carbon tax to ease fertilizer price hike<\/a>\n                                    <\/h3>\n                                    <div class=\"jeg_post_meta\"><div class=\"jeg_meta_date\"><a href=\"https:\/\/www.eunews.it\/en\/2026\/03\/30\/italy-and-france-urge-suspension-of-carbon-tax-to-ease-fertilizer-price-hike\/\"><i class=\"fa fa-clock-o\"><\/i> 30 March 2026<\/a><\/div><\/div>\n                                <\/div>\n                <\/article>\n                        <\/div>\n                    <div class='module-overlay'>\n\t\t\t\t    <div class='preloader_type preloader_dot'>\n\t\t\t\t        <div class=\"module-preloader jeg_preloader dot\">\n\t\t\t\t            <span><\/span><span><\/span><span><\/span>\n\t\t\t\t        <\/div>\n\t\t\t\t        <div class=\"module-preloader jeg_preloader circle\">\n\t\t\t\t            <div class=\"jnews_preloader_circle_outer\">\n\t\t\t\t                <div class=\"jnews_preloader_circle_inner\"><\/div>\n\t\t\t\t            <\/div>\n\t\t\t\t        <\/div>\n\t\t\t\t        <div class=\"module-preloader jeg_preloader square\">\n\t\t\t\t            <div class=\"jeg_square\">\n\t\t\t\t                <div class=\"jeg_square_inner\"><\/div>\n\t\t\t\t            <\/div>\n\t\t\t\t        <\/div>\n\t\t\t\t    <\/div>\n\t\t\t\t<\/div>\n                <\/div>\n                <div class=\"jeg_block_navigation\">\n                    <div class='navigation_overlay'><div class='module-preloader jeg_preloader'><span><\/span><span><\/span><span><\/span><\/div><\/div>\n                    \n                    \n                <\/div>\n\t\t\t\t\t\n\t\t\t\t\t<script>var jnews_module__14_69ef94546ceaa = {\"header_icon\":\"\",\"first_title\":\"Agriculture\",\"second_title\":\"\",\"url\":\"\\\/en\\\/agriculture\\\/\",\"header_type\":\"heading_6\",\"header_background\":\"\",\"header_secondary_background\":\"\",\"header_text_color\":\"\",\"header_line_color\":\"\",\"header_accent_color\":\"\",\"header_filter_category\":\"\",\"header_filter_author\":\"\",\"header_filter_tag\":\"\",\"header_filter_cpt_categorie_true\":\"\",\"header_filter_cpt_categorie_eventi\":\"\",\"header_filter_cpt_post_tag\":\"\",\"header_filter_cpt_series\":\"\",\"header_filter_text\":\"All\",\"sticky_post\":false,\"sticky_post_filter\":false,\"post_type\":\"post\",\"content_type\":\"all\",\"sponsor\":\"\",\"number_post\":\"6\",\"post_offset\":\"0\",\"unique_content\":\"unique1\",\"include_post\":\"\",\"included_only\":\"\",\"exclude_post\":\"414792,415017,415144,415163,415328,415369,415387,415393,415404,415416,415448,415473,415540,415552,415695,415893,415976,451529,451485,451324,451272,451172,451426,451424,451328,451139,451137,450832,451531,451456,451454,451434,451361,451314,451352,451326,451274,451238,451213,451156,451483,450959,450641,450591,450545,450432,451387,451198,451184,451048,450708,450706\",\"include_category\":\"25709\",\"exclude_category\":\"\",\"include_author\":\"\",\"include_tag\":\"\",\"exclude_tag\":\"\",\"exclude_visited_post\":false,\"categorie_true\":\"\",\"categorie_eventi\":\"\",\"post_tag\":\"\",\"series\":\"\",\"sort_by\":\"latest\",\"date_format\":\"default\",\"date_format_custom\":\"Y\\\/m\\\/d\",\"force_normal_image_load\":\"\",\"main_custom_image_size\":\"default\",\"pagination_mode\":\"disable\",\"pagination_nextprev_showtext\":\"\",\"pagination_number_post\":6,\"pagination_scroll_limit\":0,\"boxed\":\"\",\"boxed_shadow\":\"\",\"el_id\":\"\",\"el_class\":\"\",\"scheme\":\"\",\"column_width\":\"auto\",\"title_color\":\"\",\"accent_color\":\"\",\"alt_color\":\"\",\"excerpt_color\":\"\",\"css\":\"\",\"compatible_column_notice\":\"\",\"paged\":1,\"column_class\":\"jeg_col_3o3\",\"class\":\"jnews_block_20\"};<\/script>\n\t\t\t\t<\/div>[\/vc_column_inner][\/vc_row_inner][\/vc_column][vc_column width=&#8221;1\/3&#8243; sticky_sidebar=&#8221;yes&#8221; set_as_sidebar=&#8221;yes&#8221;][vc_row_inner][vc_column_inner offset=&#8221;vc_hidden-lg vc_hidden-md vc_hidden-sm vc_hidden-xs&#8221;][\/vc_column_inner][\/vc_row_inner]<div  class=\"jeg_postblock_3 jeg_postblock jeg_module_hook jeg_pagination_disable jeg_col_3o3 jnews_module__15_69ef945478a8d   \" data-unique=\"jnews_module__15_69ef945478a8d\">\n\t\t\t\t\t<div class=\"jeg_block_heading jeg_block_heading_2 jeg_subcat_right\">\n                     <h3 class=\"jeg_block_title\"><span>Weekly top<\/span><\/h3>\n                     \n                 <\/div>\n\t\t\t\t\t<div class=\"jeg_posts jeg_block_container\">\n                \n                <div class=\"jeg_posts jeg_load_more_flag\">\n                <article class=\"jeg_post jeg_pl_md_2 format-standard\">\n                <div class=\"jeg_thumb\">\n                    \n                    <a href=\"https:\/\/www.eunews.it\/en\/2026\/04\/07\/the-eus-crackdown-on-tobacco-is-dividing-opinion-encouraging-for-some-but-a-risk-to-the-economy-for-others\/\" aria-label=\"Read article: The EU\u2019s crackdown on tobacco is dividing opinion: encouraging for some, but a risk to the economy for others\"><div class=\"thumbnail-container  size-715 \"><img decoding=\"async\" width=\"350\" height=\"250\" src=\"https:\/\/www.eunews.it\/wp-content\/uploads\/2026\/04\/sigaretta-350x250.jpg\" class=\"attachment-jnews-350x250 size-jnews-350x250 wp-post-image\" alt=\"Cigarette. Source: Imagoeconomica, Marco Cremonesi\" srcset=\"https:\/\/www.eunews.it\/wp-content\/uploads\/2026\/04\/sigaretta-350x250.jpg 350w, https:\/\/www.eunews.it\/wp-content\/uploads\/2026\/04\/sigaretta-120x86.jpg 120w, https:\/\/www.eunews.it\/wp-content\/uploads\/2026\/04\/sigaretta-750x536.jpg 750w, https:\/\/www.eunews.it\/wp-content\/uploads\/2026\/04\/sigaretta-1140x815.jpg 1140w\" sizes=\"(max-width: 350px) 100vw, 350px\" \/><\/div><\/a>\n                <\/div>\n                <div class=\"jeg_postblock_content\">\n                    <h3 class=\"jeg_post_title\">\n                        <a href=\"https:\/\/www.eunews.it\/en\/2026\/04\/07\/the-eus-crackdown-on-tobacco-is-dividing-opinion-encouraging-for-some-but-a-risk-to-the-economy-for-others\/\">The EU\u2019s crackdown on tobacco is dividing opinion: encouraging for some, but a risk to the economy for others<\/a>\n                    <\/h3>\n                    <div class=\"jeg_post_meta\"><div class=\"jeg_meta_author\"><span class=\"by\">by<\/span> <a href=\"https:\/\/www.eunews.it\/en\/author\/annachiara-magenta\/\">Annachiara Magenta<\/a> <a class=\"social twitter\" href=\"https:\/\/twitter.com\/annacmag\" target=\"_blank\" rel=\"noopener\">annacmag<\/a><\/a><\/div><div class=\"jeg_meta_date\"><a href=\"https:\/\/www.eunews.it\/en\/2026\/04\/07\/the-eus-crackdown-on-tobacco-is-dividing-opinion-encouraging-for-some-but-a-risk-to-the-economy-for-others\/\"><i class=\"fa fa-clock-o\"><\/i> 7 April 2026<\/a><\/div><\/div>\n                    <div class=\"jeg_post_excerpt\">\n                        <p>The European Commission\u2019s assessment of the European tobacco control framework has sparked debate among stakeholders: while everyone acknowledges that the...<\/p>\n                    <\/div>\n                <\/div>\n            <\/article><article class=\"jeg_post jeg_pl_md_2 format-standard\">\n                <div class=\"jeg_thumb\">\n                    \n                    <a href=\"https:\/\/www.eunews.it\/en\/2026\/04\/21\/no-eu-sanctions-against-israel-the-association-agreement-will-not-be-suspended-italy-stands-by-netanyahu\/\" aria-label=\"Read article: No EU sanctions against Israel; the Association Agreement will not be suspended. Italy stands by Netanyahu\"><div class=\"thumbnail-container  size-715 \"><img decoding=\"async\" width=\"350\" height=\"250\" src=\"https:\/\/www.eunews.it\/wp-content\/uploads\/2026\/04\/fac-260421-350x250.jpg\" class=\"attachment-jnews-350x250 size-jnews-350x250 wp-post-image\" alt=\"Un momento del consiglio Affari esteri [Lussemburgo, 21 aprile 2026. Foto: European Council]\" srcset=\"https:\/\/www.eunews.it\/wp-content\/uploads\/2026\/04\/fac-260421-350x250.jpg 350w, https:\/\/www.eunews.it\/wp-content\/uploads\/2026\/04\/fac-260421-120x86.jpg 120w, https:\/\/www.eunews.it\/wp-content\/uploads\/2026\/04\/fac-260421-750x533.jpg 750w\" sizes=\"(max-width: 350px) 100vw, 350px\" \/><\/div><\/a>\n                <\/div>\n                <div class=\"jeg_postblock_content\">\n                    <h3 class=\"jeg_post_title\">\n                        <a href=\"https:\/\/www.eunews.it\/en\/2026\/04\/21\/no-eu-sanctions-against-israel-the-association-agreement-will-not-be-suspended-italy-stands-by-netanyahu\/\">No EU sanctions against Israel; the Association Agreement will not be suspended. Italy stands by Netanyahu<\/a>\n                    <\/h3>\n                    <div class=\"jeg_post_meta\"><div class=\"jeg_meta_author\"><span class=\"by\">by<\/span> <a href=\"https:\/\/www.eunews.it\/en\/author\/emanuele-bonini\/\">Emanuele Bonini<\/a> <a class=\"social twitter\" href=\"https:\/\/twitter.com\/emanuelebonini\" target=\"_blank\" rel=\"noopener\">emanuelebonini<\/a><\/a><\/div><div class=\"jeg_meta_date\"><a href=\"https:\/\/www.eunews.it\/en\/2026\/04\/21\/no-eu-sanctions-against-israel-the-association-agreement-will-not-be-suspended-italy-stands-by-netanyahu\/\"><i class=\"fa fa-clock-o\"><\/i> 21 April 2026<\/a><\/div><\/div>\n                    <div class=\"jeg_post_excerpt\">\n                        <p>The Foreign Affairs Council has not taken any action against Israel over its actions in the Palestinian territories. Tajani: \"Suspending...<\/p>\n                    <\/div>\n                <\/div>\n            <\/article><article class=\"jeg_post jeg_pl_md_2 format-standard\">\n                <div class=\"jeg_thumb\">\n                    \n                    <a href=\"https:\/\/www.eunews.it\/en\/2026\/04\/22\/italys-2025-public-debt-exceeds-expectations-deficit-deteriorates\/\" aria-label=\"Read article: Italy\u2019s 2025 public debt exceeds expectations; deficit deteriorates\"><div class=\"thumbnail-container  size-715 \"><img decoding=\"async\" width=\"350\" height=\"233\" src=\"https:\/\/www.eunews.it\/wp-content\/uploads\/2023\/02\/Imagoeconomica_1556290-scaled.jpg\" class=\"attachment-jnews-350x250 size-jnews-350x250 wp-post-image\" alt=\"I partner dell&#039;Ue chiedono meno debito. Posizioni che riaccendono il dibattito sulla riforma del patto di stabilit\u00e0 [foto: imagoeconomica]\" srcset=\"https:\/\/www.eunews.it\/wp-content\/uploads\/2023\/02\/Imagoeconomica_1556290-scaled.jpg 2560w, https:\/\/www.eunews.it\/wp-content\/uploads\/2023\/02\/Imagoeconomica_1556290-300x200.jpg 300w, https:\/\/www.eunews.it\/wp-content\/uploads\/2023\/02\/Imagoeconomica_1556290-1024x683.jpg 1024w, https:\/\/www.eunews.it\/wp-content\/uploads\/2023\/02\/Imagoeconomica_1556290-768x512.jpg 768w, https:\/\/www.eunews.it\/wp-content\/uploads\/2023\/02\/Imagoeconomica_1556290-1536x1024.jpg 1536w, https:\/\/www.eunews.it\/wp-content\/uploads\/2023\/02\/Imagoeconomica_1556290-2048x1365.jpg 2048w\" sizes=\"(max-width: 350px) 100vw, 350px\" \/><\/div><\/a>\n                <\/div>\n                <div class=\"jeg_postblock_content\">\n                    <h3 class=\"jeg_post_title\">\n                        <a href=\"https:\/\/www.eunews.it\/en\/2026\/04\/22\/italys-2025-public-debt-exceeds-expectations-deficit-deteriorates\/\">Italy\u2019s 2025 public debt exceeds expectations; deficit deteriorates<\/a>\n                    <\/h3>\n                    <div class=\"jeg_post_meta\"><div class=\"jeg_meta_author\"><span class=\"by\">by<\/span> <a href=\"https:\/\/www.eunews.it\/en\/author\/emanuele-bonini\/\">Emanuele Bonini<\/a> <a class=\"social twitter\" href=\"https:\/\/twitter.com\/emanuelebonini\" target=\"_blank\" rel=\"noopener\">emanuelebonini<\/a><\/a><\/div><div class=\"jeg_meta_date\"><a href=\"https:\/\/www.eunews.it\/en\/2026\/04\/22\/italys-2025-public-debt-exceeds-expectations-deficit-deteriorates\/\"><i class=\"fa fa-clock-o\"><\/i> 22 April 2026<\/a><\/div><\/div>\n                    <div class=\"jeg_post_excerpt\">\n                        <p>Eurostat data on public finances give Italy a failing grade: 137.1 percent, 0.7 percentage points higher than the Commission\u2019s forecasts....<\/p>\n                    <\/div>\n                <\/div>\n            <\/article><article class=\"jeg_post jeg_pl_md_2 format-standard\">\n                <div class=\"jeg_thumb\">\n                    \n                    <a href=\"https:\/\/www.eunews.it\/en\/2026\/04\/23\/eu-court-of-justice-rejects-germanys-6-billion-euro-state-aid-package-for-lufthansa\/\" aria-label=\"Read article: EU Court of Justice rejects Germany&#8217;s 6 billion euro state-aid package for Lufthansa\"><div class=\"thumbnail-container  size-715 \"><img decoding=\"async\" width=\"350\" height=\"233\" src=\"https:\/\/www.eunews.it\/wp-content\/uploads\/2023\/05\/Lufthansa_Airbus_A380-800_D-AIMG.jpg\" class=\"attachment-jnews-350x250 size-jnews-350x250 wp-post-image\" alt=\"Un aereo Lufthansa. La compagnia dovr\u00e0 restituire sei miliardi di euro [foto: Wikimedia Commons]\" srcset=\"https:\/\/www.eunews.it\/wp-content\/uploads\/2023\/05\/Lufthansa_Airbus_A380-800_D-AIMG.jpg 800w, https:\/\/www.eunews.it\/wp-content\/uploads\/2023\/05\/Lufthansa_Airbus_A380-800_D-AIMG-300x200.jpg 300w, https:\/\/www.eunews.it\/wp-content\/uploads\/2023\/05\/Lufthansa_Airbus_A380-800_D-AIMG-768x512.jpg 768w\" sizes=\"(max-width: 350px) 100vw, 350px\" \/><\/div><\/a>\n                <\/div>\n                <div class=\"jeg_postblock_content\">\n                    <h3 class=\"jeg_post_title\">\n                        <a href=\"https:\/\/www.eunews.it\/en\/2026\/04\/23\/eu-court-of-justice-rejects-germanys-6-billion-euro-state-aid-package-for-lufthansa\/\">EU Court of Justice rejects Germany&#8217;s 6 billion euro state-aid package for Lufthansa<\/a>\n                    <\/h3>\n                    <div class=\"jeg_post_meta\"><div class=\"jeg_meta_author\"><span class=\"by\">by<\/span> <a href=\"https:\/\/www.eunews.it\/en\/author\/ezio-baldari\/\">Ezio Baldari<\/a> <a class=\"social twitter\" href=\"https:\/\/twitter.com\/@eziobaldari\" target=\"_blank\" rel=\"noopener\">@eziobaldari<\/a><\/a><\/div><div class=\"jeg_meta_date\"><a href=\"https:\/\/www.eunews.it\/en\/2026\/04\/23\/eu-court-of-justice-rejects-germanys-6-billion-euro-state-aid-package-for-lufthansa\/\"><i class=\"fa fa-clock-o\"><\/i> 23 April 2026<\/a><\/div><\/div>\n                    <div class=\"jeg_post_excerpt\">\n                        <p>It had been granted during the COVID-19 pandemic and approved by the European Commission. The government will have to recoup...<\/p>\n                    <\/div>\n                <\/div>\n            <\/article><article class=\"jeg_post jeg_pl_md_2 format-standard\">\n                <div class=\"jeg_thumb\">\n                    \n                    <a href=\"https:\/\/www.eunews.it\/en\/2026\/04\/21\/bringing-home-ukrainian-children-abducted-by-moscow-the-international-coalition-meeting-on-11-may\/\" aria-label=\"Read article: Bringing home Ukrainian children abducted by Moscow: the International Coalition meeting on 11 May\"><div class=\"thumbnail-container  size-715 \"><img decoding=\"async\" width=\"350\" height=\"250\" src=\"https:\/\/www.eunews.it\/wp-content\/uploads\/2026\/04\/IPA_Agency_IPA43581741-350x250.jpg\" class=\"attachment-jnews-350x250 size-jnews-350x250 wp-post-image\" alt=\"RUSSIA, MOSCA - 19 FEBBRAIO 2024: Un bambino ucraino \u00e8 sdraiato su un divano presso l&#039;ambasciata del Qatar a Mosca. Il Qatar aiuta i bambini ucraini a tornare dalle loro famiglie in Ucraina. Mikhail Metzel\/TASS\/Sipa USA. Fonte: IPA Agency\" srcset=\"https:\/\/www.eunews.it\/wp-content\/uploads\/2026\/04\/IPA_Agency_IPA43581741-350x250.jpg 350w, https:\/\/www.eunews.it\/wp-content\/uploads\/2026\/04\/IPA_Agency_IPA43581741-120x86.jpg 120w, https:\/\/www.eunews.it\/wp-content\/uploads\/2026\/04\/IPA_Agency_IPA43581741-750x536.jpg 750w, https:\/\/www.eunews.it\/wp-content\/uploads\/2026\/04\/IPA_Agency_IPA43581741-1140x815.jpg 1140w\" sizes=\"(max-width: 350px) 100vw, 350px\" \/><\/div><\/a>\n                <\/div>\n                <div class=\"jeg_postblock_content\">\n                    <h3 class=\"jeg_post_title\">\n                        <a href=\"https:\/\/www.eunews.it\/en\/2026\/04\/21\/bringing-home-ukrainian-children-abducted-by-moscow-the-international-coalition-meeting-on-11-may\/\">Bringing home Ukrainian children abducted by Moscow: the International Coalition meeting on 11 May<\/a>\n                    <\/h3>\n                    <div class=\"jeg_post_meta\"><div class=\"jeg_meta_author\"><span class=\"by\">by<\/span> <a href=\"https:\/\/www.eunews.it\/en\/author\/iolanda-cuomowithub-it\/\">Iolanda Cuomo<\/a><\/div><div class=\"jeg_meta_date\"><a href=\"https:\/\/www.eunews.it\/en\/2026\/04\/21\/bringing-home-ukrainian-children-abducted-by-moscow-the-international-coalition-meeting-on-11-may\/\"><i class=\"fa fa-clock-o\"><\/i> 21 April 2026<\/a><\/div><\/div>\n                    <div class=\"jeg_post_excerpt\">\n                        <p>The EU, Canada and Ukraine will chair the meeting. Von der Leyen: \"Russia\u2019s war of aggression against Ukraine has not...<\/p>\n                    <\/div>\n                <\/div>\n            <\/article>\n            <\/div>\n                <div class='module-overlay'>\n\t\t\t\t    <div class='preloader_type preloader_dot'>\n\t\t\t\t        <div class=\"module-preloader jeg_preloader dot\">\n\t\t\t\t            <span><\/span><span><\/span><span><\/span>\n\t\t\t\t        <\/div>\n\t\t\t\t        <div class=\"module-preloader jeg_preloader circle\">\n\t\t\t\t            <div class=\"jnews_preloader_circle_outer\">\n\t\t\t\t                <div class=\"jnews_preloader_circle_inner\"><\/div>\n\t\t\t\t            <\/div>\n\t\t\t\t        <\/div>\n\t\t\t\t        <div class=\"module-preloader jeg_preloader square\">\n\t\t\t\t            <div class=\"jeg_square\">\n\t\t\t\t                <div class=\"jeg_square_inner\"><\/div>\n\t\t\t\t            <\/div>\n\t\t\t\t        <\/div>\n\t\t\t\t    <\/div>\n\t\t\t\t<\/div>\n            <\/div>\n            <div class=\"jeg_block_navigation\">\n                <div class='navigation_overlay'><div class='module-preloader jeg_preloader'><span><\/span><span><\/span><span><\/span><\/div><\/div>\n                \n                \n            <\/div>\n\t\t\t\t\t\n\t\t\t\t\t<script>var jnews_module__15_69ef945478a8d = {\"header_icon\":\"\",\"first_title\":\"Weekly top\",\"second_title\":\"\",\"url\":\"\",\"header_type\":\"heading_2\",\"header_background\":\"\",\"header_secondary_background\":\"\",\"header_text_color\":\"\",\"header_line_color\":\"\",\"header_accent_color\":\"\",\"header_filter_category\":\"\",\"header_filter_author\":\"\",\"header_filter_tag\":\"\",\"header_filter_cpt_categorie_true\":\"\",\"header_filter_cpt_categorie_eventi\":\"\",\"header_filter_cpt_post_tag\":\"\",\"header_filter_cpt_series\":\"\",\"header_filter_text\":\"All\",\"sticky_post\":false,\"sticky_post_filter\":false,\"post_type\":\"post\",\"content_type\":\"all\",\"sponsor\":\"\",\"number_post\":\"5\",\"post_offset\":\"0\",\"unique_content\":\"disable\",\"include_post\":\"\",\"included_only\":\"\",\"exclude_post\":\"210042\",\"include_category\":\"\",\"exclude_category\":\"\",\"include_author\":\"\",\"include_tag\":\"\",\"exclude_tag\":\"\",\"exclude_visited_post\":false,\"categorie_true\":\"\",\"categorie_eventi\":\"\",\"post_tag\":\"\",\"series\":\"\",\"sort_by\":\"popular_post_week\",\"date_format\":\"default\",\"date_format_custom\":\"Y\\\/m\\\/d\",\"excerpt_length\":\"20\",\"excerpt_ellipsis\":\"...\",\"force_normal_image_load\":\"\",\"main_custom_image_size\":\"default\",\"pagination_mode\":\"disable\",\"pagination_nextprev_showtext\":\"\",\"pagination_number_post\":4,\"pagination_scroll_limit\":0,\"ads_type\":\"disable\",\"ads_position\":1,\"ads_random\":\"\",\"ads_image\":\"\",\"ads_image_tablet\":\"\",\"ads_image_phone\":\"\",\"ads_image_link\":\"\",\"ads_image_alt\":\"\",\"ads_image_new_tab\":\"\",\"google_publisher_id\":\"\",\"google_slot_id\":\"\",\"google_desktop\":\"auto\",\"google_tab\":\"auto\",\"google_phone\":\"auto\",\"content\":\"\",\"ads_bottom_text\":\"\",\"boxed\":\"\",\"boxed_shadow\":\"\",\"el_id\":\"\",\"el_class\":\"\",\"scheme\":\"\",\"column_width\":\"auto\",\"title_color\":\"\",\"accent_color\":\"\",\"alt_color\":\"\",\"excerpt_color\":\"\",\"css\":\"\",\"compatible_column_notice\":\"\",\"paged\":1,\"column_class\":\"jeg_col_3o3\",\"class\":\"jnews_block_3\"};<\/script>\n\t\t\t\t<\/div>[vc_single_image image=&#8221;206644&#8243; img_size=&#8221;full&#8221; alignment=&#8221;center&#8221; onclick=&#8221;custom_link&#8221; img_link_target=&#8221;_blank&#8221; link=&#8221;https:\/\/barbalcani.substack.com\/&#8221;][\/vc_column][\/vc_row][vc_row][vc_column]<div  class=\"jeg_postblock_22 jeg_postblock jeg_module_hook jeg_pagination_disable jeg_col_3o3 jnews_module__16_69ef94576392e   \" data-unique=\"jnews_module__16_69ef94576392e\">\n\t\t\t\t\t<div class=\"jeg_block_heading jeg_block_heading_6 jeg_subcat_right\">\n                     <h3 class=\"jeg_block_title\"><span>Latest posts<\/span><\/h3>\n                     \n                 <\/div>\n\t\t\t\t\t<div class=\"jeg_block_container\">\n                    \n                    <div class=\"jeg_posts_wrap\">\n                    <div class=\"jeg_posts jeg_load_more_flag\"> \n                        <article class=\"jeg_post jeg_pl_md_5 format-standard\">\n                    <div class=\"jeg_thumb\">\n                        \n                        <a href=\"https:\/\/www.eunews.it\/en\/2026\/04\/27\/iran-metsola-we-call-for-the-immediate-release-of-mohammadi-and-sotoudeh\/\" aria-label=\"Read article: Iran, Metsola: &#8220;We call for the immediate release of Mohammadi and Sotoudeh&#8221;\"><div class=\"thumbnail-container  size-715 \"><img decoding=\"async\" width=\"350\" height=\"250\" src=\"https:\/\/www.eunews.it\/wp-content\/uploads\/2026\/04\/IPA_Agency_IPA42142173-350x250.jpg\" class=\"attachment-jnews-350x250 size-jnews-350x250 wp-post-image\" alt=\"Oslo, premio Nobel per la pace all&#039;attivista Narges Mohammadi, imprigionata in Iran per aver condotto una campagna per i diritti delle donne e la democrazia. Ritirano il premio i figli.\" srcset=\"https:\/\/www.eunews.it\/wp-content\/uploads\/2026\/04\/IPA_Agency_IPA42142173-350x250.jpg 350w, https:\/\/www.eunews.it\/wp-content\/uploads\/2026\/04\/IPA_Agency_IPA42142173-120x86.jpg 120w, https:\/\/www.eunews.it\/wp-content\/uploads\/2026\/04\/IPA_Agency_IPA42142173-750x536.jpg 750w, https:\/\/www.eunews.it\/wp-content\/uploads\/2026\/04\/IPA_Agency_IPA42142173-1140x815.jpg 1140w\" sizes=\"(max-width: 350px) 100vw, 350px\" \/><\/div><\/a>\n                        <div class=\"jeg_post_category\">\n                            <span><a href=\"https:\/\/www.eunews.it\/en\/briefs\/\" class=\"category-briefs\">Briefs<\/a><\/span>\n                        <\/div>\n                    <\/div>\n                    <div class=\"jeg_postblock_content\">\n                        <h3 class=\"jeg_post_title\">\n                            <a href=\"https:\/\/www.eunews.it\/en\/2026\/04\/27\/iran-metsola-we-call-for-the-immediate-release-of-mohammadi-and-sotoudeh\/\">Iran, Metsola: &#8220;We call for the immediate release of Mohammadi and Sotoudeh&#8221;<\/a>\n                        <\/h3>\n                        <div class=\"jeg_post_meta\"><div class=\"jeg_meta_date\"><a href=\"https:\/\/www.eunews.it\/en\/2026\/04\/27\/iran-metsola-we-call-for-the-immediate-release-of-mohammadi-and-sotoudeh\/\"><i class=\"fa fa-clock-o\"><\/i> 27 April 2026<\/a><\/div><\/div>\n                    <\/div>\n                <\/article><article class=\"jeg_post jeg_pl_md_5 format-standard\">\n                    <div class=\"jeg_thumb\">\n                        \n                        <a href=\"https:\/\/www.eunews.it\/en\/2026\/04\/27\/italy-and-germany-deem-eu-agricultural-policy-inadequate-call-for-flexibility-and-oppose-overly-strict-rules\/\" aria-label=\"Read article: Italy and Germany deem EU agricultural policy inadequate, call for flexibility and oppose overly strict rules\"><div class=\"thumbnail-container  size-715 \"><img decoding=\"async\" width=\"350\" height=\"250\" src=\"https:\/\/www.eunews.it\/wp-content\/uploads\/2026\/04\/c06a0de5-b7c1-4fdf-bba6-e75017713caf-350x250.jpg\" class=\"attachment-jnews-350x250 size-jnews-350x250 wp-post-image\" alt=\"La riunione del Consiglio Agrifish a Lussemburgo, 27 aprile 2026. Fonte: Consiglio UE\" srcset=\"https:\/\/www.eunews.it\/wp-content\/uploads\/2026\/04\/c06a0de5-b7c1-4fdf-bba6-e75017713caf-350x250.jpg 350w, https:\/\/www.eunews.it\/wp-content\/uploads\/2026\/04\/c06a0de5-b7c1-4fdf-bba6-e75017713caf-120x86.jpg 120w, https:\/\/www.eunews.it\/wp-content\/uploads\/2026\/04\/c06a0de5-b7c1-4fdf-bba6-e75017713caf-750x536.jpg 750w, https:\/\/www.eunews.it\/wp-content\/uploads\/2026\/04\/c06a0de5-b7c1-4fdf-bba6-e75017713caf-1140x815.jpg 1140w\" sizes=\"(max-width: 350px) 100vw, 350px\" \/><\/div><\/a>\n                        <div class=\"jeg_post_category\">\n                            <span><a href=\"https:\/\/www.eunews.it\/en\/agrifood-en\/\" class=\"category-agrifood-en\">Agrifood<\/a><\/span>\n                        <\/div>\n                    <\/div>\n                    <div class=\"jeg_postblock_content\">\n                        <h3 class=\"jeg_post_title\">\n                            <a href=\"https:\/\/www.eunews.it\/en\/2026\/04\/27\/italy-and-germany-deem-eu-agricultural-policy-inadequate-call-for-flexibility-and-oppose-overly-strict-rules\/\">Italy and Germany deem EU agricultural policy inadequate, call for flexibility and oppose overly strict rules<\/a>\n                        <\/h3>\n                        <div class=\"jeg_post_meta\"><div class=\"jeg_meta_date\"><a href=\"https:\/\/www.eunews.it\/en\/2026\/04\/27\/italy-and-germany-deem-eu-agricultural-policy-inadequate-call-for-flexibility-and-oppose-overly-strict-rules\/\"><i class=\"fa fa-clock-o\"><\/i> 27 April 2026<\/a><\/div><\/div>\n                    <\/div>\n                <\/article><article class=\"jeg_post jeg_pl_md_5 format-standard\">\n                    <div class=\"jeg_thumb\">\n                        \n                        <a href=\"https:\/\/www.eunews.it\/en\/2026\/04\/27\/the-eu-advises-the-flotilla-not-to-sail-to-gaza-peoples-safety-is-at-risk\/\" aria-label=\"Read article: The EU advises the Flotilla not to sail to Gaza: &#8220;People&#8217;s safety is at risk&#8221;\"><div class=\"thumbnail-container  size-715 \"><img decoding=\"async\" width=\"350\" height=\"250\" src=\"https:\/\/www.eunews.it\/wp-content\/uploads\/2026\/04\/Imagoeconomica_2691607-350x250.jpg\" class=\"attachment-jnews-350x250 size-jnews-350x250 wp-post-image\" alt=\"LUNGOMARE  STARITA     SALPA DA BARI LA NAVE UMANITARIA GLOBAL SUMUD FLOTILLA PER LA MISSIONE SPRINGS 2026 BANDIERA PALESTINA\" srcset=\"https:\/\/www.eunews.it\/wp-content\/uploads\/2026\/04\/Imagoeconomica_2691607-350x250.jpg 350w, https:\/\/www.eunews.it\/wp-content\/uploads\/2026\/04\/Imagoeconomica_2691607-120x86.jpg 120w, https:\/\/www.eunews.it\/wp-content\/uploads\/2026\/04\/Imagoeconomica_2691607-750x536.jpg 750w, https:\/\/www.eunews.it\/wp-content\/uploads\/2026\/04\/Imagoeconomica_2691607-1140x815.jpg 1140w\" sizes=\"(max-width: 350px) 100vw, 350px\" \/><\/div><\/a>\n                        <div class=\"jeg_post_category\">\n                            <span><a href=\"https:\/\/www.eunews.it\/en\/world-politics\/\" class=\"category-world-politics\">World politics<\/a><\/span>\n                        <\/div>\n                    <\/div>\n                    <div class=\"jeg_postblock_content\">\n                        <h3 class=\"jeg_post_title\">\n                            <a href=\"https:\/\/www.eunews.it\/en\/2026\/04\/27\/the-eu-advises-the-flotilla-not-to-sail-to-gaza-peoples-safety-is-at-risk\/\">The EU advises the Flotilla not to sail to Gaza: &#8220;People&#8217;s safety is at risk&#8221;<\/a>\n                        <\/h3>\n                        <div class=\"jeg_post_meta\"><div class=\"jeg_meta_date\"><a href=\"https:\/\/www.eunews.it\/en\/2026\/04\/27\/the-eu-advises-the-flotilla-not-to-sail-to-gaza-peoples-safety-is-at-risk\/\"><i class=\"fa fa-clock-o\"><\/i> 27 April 2026<\/a><\/div><\/div>\n                    <\/div>\n                <\/article><article class=\"jeg_post jeg_pl_md_5 format-standard\">\n                    <div class=\"jeg_thumb\">\n                        \n                        <a href=\"https:\/\/www.eunews.it\/en\/2026\/04\/27\/eu-and-nato-military-leaders-on-a-solidarity-visit-to-ukraine\/\" aria-label=\"Read article: EU and NATO military leaders on a solidarity visit to Ukraine\"><div class=\"thumbnail-container  size-715 \"><img decoding=\"async\" width=\"350\" height=\"250\" src=\"https:\/\/www.eunews.it\/wp-content\/uploads\/2026\/04\/Cavo-Dragone-350x250.jpg\" class=\"attachment-jnews-350x250 size-jnews-350x250 wp-post-image\" alt=\"GIUSEPPE CAVO DRAGONE PRESIDENTE COMITATO MILITARE NATO\" srcset=\"https:\/\/www.eunews.it\/wp-content\/uploads\/2026\/04\/Cavo-Dragone-350x250.jpg 350w, https:\/\/www.eunews.it\/wp-content\/uploads\/2026\/04\/Cavo-Dragone-120x86.jpg 120w, https:\/\/www.eunews.it\/wp-content\/uploads\/2026\/04\/Cavo-Dragone-750x536.jpg 750w, https:\/\/www.eunews.it\/wp-content\/uploads\/2026\/04\/Cavo-Dragone-1140x815.jpg 1140w\" sizes=\"(max-width: 350px) 100vw, 350px\" \/><\/div><\/a>\n                        <div class=\"jeg_post_category\">\n                            <span><a href=\"https:\/\/www.eunews.it\/en\/defence-security\/\" class=\"category-defence-security\">Defence &amp; Security<\/a><\/span>\n                        <\/div>\n                    <\/div>\n                    <div class=\"jeg_postblock_content\">\n                        <h3 class=\"jeg_post_title\">\n                            <a href=\"https:\/\/www.eunews.it\/en\/2026\/04\/27\/eu-and-nato-military-leaders-on-a-solidarity-visit-to-ukraine\/\">EU and NATO military leaders on a solidarity visit to Ukraine<\/a>\n                        <\/h3>\n                        <div class=\"jeg_post_meta\"><div class=\"jeg_meta_date\"><a href=\"https:\/\/www.eunews.it\/en\/2026\/04\/27\/eu-and-nato-military-leaders-on-a-solidarity-visit-to-ukraine\/\"><i class=\"fa fa-clock-o\"><\/i> 27 April 2026<\/a><\/div><\/div>\n                    <\/div>\n                <\/article><article class=\"jeg_post jeg_pl_md_5 format-standard\">\n                    <div class=\"jeg_thumb\">\n                        \n                        <a href=\"https:\/\/www.eunews.it\/en\/2026\/04\/27\/suicide-on-the-tracks-delays-the-eu-officials-train-to-strasbourg-by-two-hours\/\" aria-label=\"Read article: Suicide on the tracks delays the EU officials\u2019 train to Strasbourg by two hours\"><div class=\"thumbnail-container  size-715 \"><img decoding=\"async\" width=\"350\" height=\"250\" src=\"https:\/\/www.eunews.it\/wp-content\/uploads\/2026\/04\/SNCF-350x250.jpg\" class=\"attachment-jnews-350x250 size-jnews-350x250 wp-post-image\" alt=\"RIPRESA DEL COLLEGAMENTO FERROVIARIO  DEL TRENO MILANO PARIGI DI SNCF ALTA VELOCITA&#039; ITALIA FRANCIA MILANO TORINO LIONE PARIGI TGV INOUI STAZIONE BINARI PASSEGGERI PARTENZA PARTENZE\" srcset=\"https:\/\/www.eunews.it\/wp-content\/uploads\/2026\/04\/SNCF-350x250.jpg 350w, https:\/\/www.eunews.it\/wp-content\/uploads\/2026\/04\/SNCF-120x86.jpg 120w, https:\/\/www.eunews.it\/wp-content\/uploads\/2026\/04\/SNCF-750x536.jpg 750w, https:\/\/www.eunews.it\/wp-content\/uploads\/2026\/04\/SNCF-1140x815.jpg 1140w\" sizes=\"(max-width: 350px) 100vw, 350px\" \/><\/div><\/a>\n                        <div class=\"jeg_post_category\">\n                            <span><a href=\"https:\/\/www.eunews.it\/en\/briefs\/\" class=\"category-briefs\">Briefs<\/a><\/span>\n                        <\/div>\n                    <\/div>\n                    <div class=\"jeg_postblock_content\">\n                        <h3 class=\"jeg_post_title\">\n                            <a href=\"https:\/\/www.eunews.it\/en\/2026\/04\/27\/suicide-on-the-tracks-delays-the-eu-officials-train-to-strasbourg-by-two-hours\/\">Suicide on the tracks delays the EU officials\u2019 train to Strasbourg by two hours<\/a>\n                        <\/h3>\n                        <div class=\"jeg_post_meta\"><div class=\"jeg_meta_date\"><a href=\"https:\/\/www.eunews.it\/en\/2026\/04\/27\/suicide-on-the-tracks-delays-the-eu-officials-train-to-strasbourg-by-two-hours\/\"><i class=\"fa fa-clock-o\"><\/i> 27 April 2026<\/a><\/div><\/div>\n                    <\/div>\n                <\/article><article class=\"jeg_post jeg_pl_md_5 format-standard\">\n                    <div class=\"jeg_thumb\">\n                        \n                        <a href=\"https:\/\/www.eunews.it\/en\/2026\/04\/27\/reckless-driving-in-italy-with-road-accidents-rising-again-in-2024\/\" aria-label=\"Read article: Reckless driving in Italy, with road accidents rising again in 2024\"><div class=\"thumbnail-container  size-715 \"><img decoding=\"async\" width=\"350\" height=\"250\" src=\"https:\/\/www.eunews.it\/wp-content\/uploads\/2026\/04\/Imagoeconomica_1477916-350x250.jpg\" class=\"attachment-jnews-350x250 size-jnews-350x250 wp-post-image\" alt=\"INFORTUNISTICA STRADALE INCIDENTE INCIDENTI STRADALI SINISTRO SINISTRI VEICOLO VEICOLI INFORTUNIO INFORTUNI DANNO DANNI INDENNIZZO DIRETTO RISARCIMENTO RISARCIMENTI\" srcset=\"https:\/\/www.eunews.it\/wp-content\/uploads\/2026\/04\/Imagoeconomica_1477916-350x250.jpg 350w, https:\/\/www.eunews.it\/wp-content\/uploads\/2026\/04\/Imagoeconomica_1477916-300x215.jpg 300w, https:\/\/www.eunews.it\/wp-content\/uploads\/2026\/04\/Imagoeconomica_1477916-1024x735.jpg 1024w, https:\/\/www.eunews.it\/wp-content\/uploads\/2026\/04\/Imagoeconomica_1477916-768x551.jpg 768w, https:\/\/www.eunews.it\/wp-content\/uploads\/2026\/04\/Imagoeconomica_1477916-1536x1102.jpg 1536w, https:\/\/www.eunews.it\/wp-content\/uploads\/2026\/04\/Imagoeconomica_1477916-2048x1469.jpg 2048w, https:\/\/www.eunews.it\/wp-content\/uploads\/2026\/04\/Imagoeconomica_1477916-120x86.jpg 120w, https:\/\/www.eunews.it\/wp-content\/uploads\/2026\/04\/Imagoeconomica_1477916-750x538.jpg 750w, https:\/\/www.eunews.it\/wp-content\/uploads\/2026\/04\/Imagoeconomica_1477916-1140x818.jpg 1140w\" sizes=\"(max-width: 350px) 100vw, 350px\" \/><\/div><\/a>\n                        <div class=\"jeg_post_category\">\n                            <span><a href=\"https:\/\/www.eunews.it\/en\/general-news\/\" class=\"category-general-news\">General News<\/a><\/span>\n                        <\/div>\n                    <\/div>\n                    <div class=\"jeg_postblock_content\">\n                        <h3 class=\"jeg_post_title\">\n                            <a href=\"https:\/\/www.eunews.it\/en\/2026\/04\/27\/reckless-driving-in-italy-with-road-accidents-rising-again-in-2024\/\">Reckless driving in Italy, with road accidents rising again in 2024<\/a>\n                        <\/h3>\n                        <div class=\"jeg_post_meta\"><div class=\"jeg_meta_date\"><a href=\"https:\/\/www.eunews.it\/en\/2026\/04\/27\/reckless-driving-in-italy-with-road-accidents-rising-again-in-2024\/\"><i class=\"fa fa-clock-o\"><\/i> 27 April 2026<\/a><\/div><\/div>\n                    <\/div>\n                <\/article><article class=\"jeg_post jeg_pl_md_5 format-standard\">\n                    <div class=\"jeg_thumb\">\n                        \n                        <a href=\"https:\/\/www.eunews.it\/en\/2026\/04\/27\/tobacco-philipmorris-commonsense\/\" aria-label=\"Read article: Tobacco: Philip Morris accepts EU regulations but urges &#8220;common sense&#8221;\"><div class=\"thumbnail-container  size-715 \"><img decoding=\"async\" width=\"350\" height=\"250\" src=\"https:\/\/www.eunews.it\/wp-content\/uploads\/2026\/04\/az_Delphi_Forum_01464-350x250.jpg\" class=\"attachment-jnews-350x250 size-jnews-350x250 wp-post-image\" alt=\"Christos Harpantidis - Delphi Economic Forum - tabacco - Philip Morris International\" srcset=\"https:\/\/www.eunews.it\/wp-content\/uploads\/2026\/04\/az_Delphi_Forum_01464-350x250.jpg 350w, https:\/\/www.eunews.it\/wp-content\/uploads\/2026\/04\/az_Delphi_Forum_01464-120x86.jpg 120w, https:\/\/www.eunews.it\/wp-content\/uploads\/2026\/04\/az_Delphi_Forum_01464-750x536.jpg 750w, https:\/\/www.eunews.it\/wp-content\/uploads\/2026\/04\/az_Delphi_Forum_01464-1140x815.jpg 1140w\" sizes=\"(max-width: 350px) 100vw, 350px\" \/><\/div><\/a>\n                        <div class=\"jeg_post_category\">\n                            <span><a href=\"https:\/\/www.eunews.it\/en\/salute-en\/\" class=\"category-salute-en\">Health<\/a><\/span>\n                        <\/div>\n                    <\/div>\n                    <div class=\"jeg_postblock_content\">\n                        <h3 class=\"jeg_post_title\">\n                            <a href=\"https:\/\/www.eunews.it\/en\/2026\/04\/27\/tobacco-philipmorris-commonsense\/\">Tobacco: Philip Morris accepts EU regulations but urges &#8220;common sense&#8221;<\/a>\n                        <\/h3>\n                        <div class=\"jeg_post_meta\"><div class=\"jeg_meta_date\"><a href=\"https:\/\/www.eunews.it\/en\/2026\/04\/27\/tobacco-philipmorris-commonsense\/\"><i class=\"fa fa-clock-o\"><\/i> 27 April 2026<\/a><\/div><\/div>\n                    <\/div>\n                <\/article><article class=\"jeg_post jeg_pl_md_5 format-standard\">\n                    <div class=\"jeg_thumb\">\n                        \n                        <a href=\"https:\/\/www.eunews.it\/en\/2026\/04\/27\/hormuz-cables-europe\/\" aria-label=\"Read article: Hormuz, the digital cables and a naked Europe\"><div class=\"thumbnail-container  size-715 \"><img decoding=\"async\" width=\"350\" height=\"250\" src=\"https:\/\/www.eunews.it\/wp-content\/uploads\/2026\/04\/Cavo-sottomarino-350x250.jpg\" class=\"attachment-jnews-350x250 size-jnews-350x250 wp-post-image\" alt=\"TYRRHENIAN LINK CAVO CAVI SOTTOMARINO SOTTOMARINI POSA  SUB TERNA\" srcset=\"https:\/\/www.eunews.it\/wp-content\/uploads\/2026\/04\/Cavo-sottomarino-350x250.jpg 350w, https:\/\/www.eunews.it\/wp-content\/uploads\/2026\/04\/Cavo-sottomarino-120x86.jpg 120w, https:\/\/www.eunews.it\/wp-content\/uploads\/2026\/04\/Cavo-sottomarino-750x536.jpg 750w, https:\/\/www.eunews.it\/wp-content\/uploads\/2026\/04\/Cavo-sottomarino-1140x815.jpg 1140w\" sizes=\"(max-width: 350px) 100vw, 350px\" \/><\/div><\/a>\n                        <div class=\"jeg_post_category\">\n                            <span><a href=\"https:\/\/www.eunews.it\/en\/opinions\/\" class=\"category-opinions\">Opinions<\/a><\/span>\n                        <\/div>\n                    <\/div>\n                    <div class=\"jeg_postblock_content\">\n                        <h3 class=\"jeg_post_title\">\n                            <a href=\"https:\/\/www.eunews.it\/en\/2026\/04\/27\/hormuz-cables-europe\/\">Hormuz, the digital cables and a naked Europe<\/a>\n                        <\/h3>\n                        <div class=\"jeg_post_meta\"><div class=\"jeg_meta_date\"><a href=\"https:\/\/www.eunews.it\/en\/2026\/04\/27\/hormuz-cables-europe\/\"><i class=\"fa fa-clock-o\"><\/i> 27 April 2026<\/a><\/div><\/div>\n                    <\/div>\n                <\/article>\n                    <\/div>\n                <\/div>\n                    <div class='module-overlay'>\n\t\t\t\t    <div class='preloader_type preloader_dot'>\n\t\t\t\t        <div class=\"module-preloader jeg_preloader dot\">\n\t\t\t\t            <span><\/span><span><\/span><span><\/span>\n\t\t\t\t        <\/div>\n\t\t\t\t        <div class=\"module-preloader jeg_preloader circle\">\n\t\t\t\t            <div class=\"jnews_preloader_circle_outer\">\n\t\t\t\t                <div class=\"jnews_preloader_circle_inner\"><\/div>\n\t\t\t\t            <\/div>\n\t\t\t\t        <\/div>\n\t\t\t\t        <div class=\"module-preloader jeg_preloader square\">\n\t\t\t\t            <div class=\"jeg_square\">\n\t\t\t\t                <div class=\"jeg_square_inner\"><\/div>\n\t\t\t\t            <\/div>\n\t\t\t\t        <\/div>\n\t\t\t\t    <\/div>\n\t\t\t\t<\/div>\n                <\/div>\n                <div class=\"jeg_block_navigation\">\n                    <div class='navigation_overlay'><div class='module-preloader jeg_preloader'><span><\/span><span><\/span><span><\/span><\/div><\/div>\n                    \n                    \n                <\/div>\n\t\t\t\t\t\n\t\t\t\t\t<script>var jnews_module__16_69ef94576392e = {\"header_icon\":\"\",\"first_title\":\"Latest posts\",\"second_title\":\"\",\"url\":\"\",\"header_type\":\"heading_6\",\"header_background\":\"\",\"header_secondary_background\":\"\",\"header_text_color\":\"\",\"header_line_color\":\"\",\"header_accent_color\":\"\",\"header_filter_category\":\"\",\"header_filter_author\":\"\",\"header_filter_tag\":\"\",\"header_filter_cpt_categorie_true\":\"\",\"header_filter_cpt_categorie_eventi\":\"\",\"header_filter_cpt_post_tag\":\"\",\"header_filter_cpt_series\":\"\",\"header_filter_text\":\"All\",\"sticky_post\":false,\"sticky_post_filter\":false,\"post_type\":\"post\",\"content_type\":\"all\",\"sponsor\":\"\",\"number_post\":\"8\",\"post_offset\":\"0\",\"unique_content\":\"disable\",\"include_post\":\"\",\"included_only\":\"\",\"exclude_post\":\"\",\"include_category\":\"\",\"exclude_category\":\"\",\"include_author\":\"\",\"include_tag\":\"\",\"exclude_tag\":\"\",\"exclude_visited_post\":false,\"categorie_true\":\"\",\"categorie_eventi\":\"\",\"post_tag\":\"\",\"series\":\"\",\"sort_by\":\"latest\",\"date_format\":\"default\",\"date_format_custom\":\"Y\\\/m\\\/d\",\"force_normal_image_load\":\"\",\"main_custom_image_size\":\"default\",\"pagination_mode\":\"disable\",\"pagination_nextprev_showtext\":\"\",\"pagination_number_post\":3,\"pagination_scroll_limit\":0,\"boxed\":\"\",\"boxed_shadow\":\"\",\"el_id\":\"\",\"el_class\":\"\",\"scheme\":\"\",\"column_width\":\"auto\",\"title_color\":\"\",\"accent_color\":\"\",\"alt_color\":\"\",\"excerpt_color\":\"\",\"css\":\"\",\"compatible_column_notice\":\"\",\"paged\":1,\"column_class\":\"jeg_col_3o3\",\"class\":\"jnews_block_22\"};<\/script>\n\t\t\t\t<\/div>[\/vc_column][\/vc_row][vc_row][vc_column][vc_empty_space height=&#8221;64px&#8221;][\/vc_column][\/vc_row]<\/p>\n<\/div>","protected":false},"excerpt":{"rendered":"<p>[vc_row][vc_column width=&#8221;2\/3&#8243;][vc_separator color=&#8221;custom&#8221; accent_color=&#8221;#eeeeee&#8221;][vc_separator color=&#8221;custom&#8221; css=&#8221;.vc_custom_1497953286225{margin-top: -10px !important;}&#8221; accent_color=&#8221;#eeeeee&#8221;][vc_empty_space height=&#8221;15px&#8221;][\/vc_column][vc_column width=&#8221;1\/3&#8243; sticky_sidebar=&#8221;yes&#8221; set_as_sidebar=&#8221;yes&#8221;][vc_single_image image=&#8221;395069&#8243; img_size=&#8221;full&#8221; alignment=&#8221;center&#8221; onclick=&#8221;custom_link&#8221; css_animation=&#8221;fadeIn&#8221; css=&#8221;&#8221; link=&#8221;https:\/\/www.eunews.it\/en\/cairo-sustainable-energy-week-en\/&#8221;][vc_single_image image=&#8221;287154&#8243; img_size=&#8221;full&#8221; alignment=&#8221;center&#8221; onclick=&#8221;custom_link&#8221; img_link_target=&#8221;_blank&#8221; link=&#8221;https:\/\/geagency.it\/&#8221;][vc_row_inner css=&#8221;.vc_custom_1701179844754{margin-right: 0px !important;margin-left: 0px !important;background-color: #efefef !important;}&#8221;][vc_column_inner el_class=&#8221;home-timeline&#8221; offset=&#8221;vc_hidden-lg vc_hidden-md vc_hidden-sm vc_hidden-xs&#8221;][vc_custom_heading text=&#8221;AGENDA OF THE EUROPEAN INSTITUTIONS&#8221; font_container=&#8221;tag:h2|text_align:left|color:%23000000&#8243; google_fonts=&#8221;font_family:Montserrat%3Aregular%2C700|font_style:700%20bold%20regular%3A700%3Anormal&#8221; el_class=&#8221;header-timeline&#8221;][\/vc_column_inner][\/vc_row_inner][vc_empty_space][vc_raw_html css=&#8221;&#8221;]JTNDaWZyYW1lJTIwc3JjJTNEJTI3aHR0cHMlM0ElMkYlMkZmbG8udXJpLnNoJTJGdmlzdWFsaXNhdGlvbiUyRjE5MjYxNzY0JTJGZW1iZWQlMjclMjB0aXRsZSUzRCUyN0ludGVyYWN0aXZlJTIwb3IlMjB2aXN1YWwlMjBjb250ZW50JTI3JTIwY2xhc3MlM0QlMjdmbG91cmlzaC1lbWJlZC1pZnJhbWUlMjclMjBmcmFtZWJvcmRlciUzRCUyNzAlMjclMjBzY3JvbGxpbmclM0QlMjdubyUyNyUyMHN0eWxlJTNEJTI3d2lkdGglM0ExMDAlMjUlM0JoZWlnaHQlM0E0MDBweCUzQiUyNyUyMHNhbmRib3glM0QlMjdhbGxvdy1zYW1lLW9yaWdpbiUyMGFsbG93LWZvcm1zJTIwYWxsb3ctc2NyaXB0cyUyMGFsbG93LWRvd25sb2FkcyUyMGFsbG93LXBvcHVwcyUyMGFsbG93LXBvcHVwcy10by1lc2NhcGUtc2FuZGJveCUyMGFsbG93LXRvcC1uYXZpZ2F0aW9uLWJ5LXVzZXItYWN0aXZhdGlvbiUyNyUzRSUzQyUyRmlmcmFtZSUzRSUzQ2RpdiUyMHN0eWxlJTNEJTI3d2lkdGglM0ExMDAlMjUlMjElM0JtYXJnaW4tdG9wJTNBNHB4JTIxaW1wb3J0YW50JTNCdGV4dC1hbGlnbiUzQXJpZ2h0JTIxaW1wb3J0YW50JTNCJTI3JTNFJTNDYSUyMGNsYXNzJTNEJTI3ZmxvdXJpc2gtY3JlZGl0JTI3JTIwaHJlZiUzRCUyN2h0dHBzJTNBJTJGJTJGcHVibGljLmZsb3VyaXNoLnN0dWRpbyUyRnZpc3VhbGlzYXRpb24lMkYxOTI2MTc2NCUyRiUzRnV0bV9zb3VyY2UlM0RlbWJlZCUyNnV0bV9jYW1wYWlnbiUzRHZpc3VhbGlzYXRpb24lMkYxOTI2MTc2NCUyNyUyMHRhcmdldCUzRCUyN190b3AlMjclMjBzdHlsZSUzRCUyN3RleHQtZGVjb3JhdGlvbiUzQW5vbmUlMjFpbXBvcnRhbnQlMjclM0UlM0NpbWclMjBhbHQlM0QlMjdNYWRlJTIwd2l0aCUyMEZsb3VyaXNoJTI3JTIwc3JjJTNEJTI3aHR0cHMlM0ElMkYlMkZwdWJsaWMuZmxvdXJpc2guc3R1ZGlvJTJGcmVzb3VyY2VzJTJGbWFkZV93aXRoX2Zsb3VyaXNoLnN2ZyUyNyUyMHN0eWxlJTNEJTI3d2lkdGglM0ExMDVweCUyMWltcG9ydGFudCUzQmhlaWdodCUzQTE2cHglMjFpbXBvcnRhbnQlM0Jib3JkZXIlM0Fub25lJTIxaW1wb3J0YW50JTNCbWFyZ2luJTNBMCUyMWltcG9ydGFudCUzQiUyNyUzRSUyMCUzQyUyRmElM0UlM0MlMkZkaXYlM0U=[\/vc_raw_html][\/vc_column][\/vc_row][vc_row][vc_column][\/vc_column][\/vc_row][vc_row full_width=&#8221;stretch_row&#8221; vc_row_background=&#8221;&#8221; css=&#8221;.vc_custom_1701102762277{background: #e62a44 url(https:\/\/eunews.withub.it\/wp-content\/uploads\/2023\/11\/en.svg?id=250415) !important;background-position: center !important;background-repeat: [&hellip;]<\/p>\n","protected":false},"author":1,"featured_media":0,"parent":0,"menu_order":0,"comment_status":"closed","ping_status":"closed","template":"template-builder.php","meta":{"_acf_changed":false,"episode_type":"","audio_file":"","podmotor_file_id":"","podmotor_episode_id":"","cover_image":"","cover_image_id":"","duration":"","filesize":"","filesize_raw":"","date_recorded":"","explicit":"","block":"","jnews_page_loop":{"enable_page_loop":"0","first_title":"Latest Post","second_title":"","header_type":"heading_6","header_background":"","header_text_color":"","layout":"right-sidebar","sidebar":"default-sidebar","second_sidebar":"default-sidebar","sticky_sidebar":"1","module":"3","boxed":"0","boxed_shadow":"0","box_shadow":"0","excerpt_length":"20","content_date":"default","date_custom":"Y\/m\/d","content_pagination":"nav_1","pagination_align":"center","show_navtext":"0","show_pageinfo":"0","post_sticky":"0","post_offset":"0","posts_per_page":"5","include_post":"","exclude_post":"","include_category":"","exclude_category":"","include_author":"","include_tag":"","exclude_tag":"","sort_by":"latest"},"jnews_single_page":{"layout":"no-sidebar","sidebar":"default-sidebar","second_sidebar":"default-sidebar","sticky_sidebar":"1","show_post_featured":"1","show_post_meta":"0","share_position":"top","share_color":"share-monocrhome"},"footnotes":""},"class_list":["post-279896","page","type-page","status-publish","hentry"],"acf":[],"_links":{"self":[{"href":"https:\/\/www.eunews.it\/en\/wp-json\/wp\/v2\/pages\/279896","targetHints":{"allow":["GET"]}}],"collection":[{"href":"https:\/\/www.eunews.it\/en\/wp-json\/wp\/v2\/pages"}],"about":[{"href":"https:\/\/www.eunews.it\/en\/wp-json\/wp\/v2\/types\/page"}],"author":[{"embeddable":true,"href":"https:\/\/www.eunews.it\/en\/wp-json\/wp\/v2\/users\/1"}],"replies":[{"embeddable":true,"href":"https:\/\/www.eunews.it\/en\/wp-json\/wp\/v2\/comments?post=279896"}],"version-history":[{"count":49,"href":"https:\/\/www.eunews.it\/en\/wp-json\/wp\/v2\/pages\/279896\/revisions"}],"predecessor-version":[{"id":425488,"href":"https:\/\/www.eunews.it\/en\/wp-json\/wp\/v2\/pages\/279896\/revisions\/425488"}],"wp:attachment":[{"href":"https:\/\/www.eunews.it\/en\/wp-json\/wp\/v2\/media?parent=279896"}],"curies":[{"name":"wp","href":"https:\/\/api.w.org\/{rel}","templated":true}]}}